{"id":513,"date":"2025-12-08T18:18:39","date_gmt":"2025-12-08T16:18:39","guid":{"rendered":"https:\/\/dev.bizas.gr\/accommodation-item\/studio-avec-terrasse\/"},"modified":"2025-12-13T17:43:11","modified_gmt":"2025-12-13T15:43:11","slug":"studio-avec-terrasse","status":"publish","type":"portfolio","link":"https:\/\/www.bizas.gr\/fr\/accommodation-item\/studio-avec-terrasse\/","title":{"rendered":"Studio pour Deux avec Terrasse"},"content":{"rendered":"\n<style type=\"text\/css\" data-created_by=\"avia_inline_auto\" id=\"style-css-av-mic5ukla-e84d17eb2224408dd5a1939ca083599a\">\n#top .av-special-heading.av-mic5ukla-e84d17eb2224408dd5a1939ca083599a{\nmargin:0 0 0 0;\npadding-bottom:10px;\n}\nbody .av-special-heading.av-mic5ukla-e84d17eb2224408dd5a1939ca083599a .av-special-heading-tag .heading-char{\nfont-size:25px;\n}\n.av-special-heading.av-mic5ukla-e84d17eb2224408dd5a1939ca083599a .av-subheading{\nfont-size:15px;\n}\n<\/style>\n<div  class='av-special-heading av-mic5ukla-e84d17eb2224408dd5a1939ca083599a av-special-heading-h2 blockquote modern-quote modern-centered  avia-builder-el-0  el_before_av_one_fifth  avia-builder-el-first '><h2 class='av-special-heading-tag '  itemprop=\"headline\"  >Studio pour Deux avec Terrasse<\/h2><div class=\"special-heading-border\"><div class=\"special-heading-inner-border\"><\/div><\/div><\/div>\n<div class='flex_column_table av-og7a-e9247b505cfc01877c17bbe4d9c195ff sc-av_one_fifth av-equal-height-column-flextable'>\n<style type=\"text\/css\" data-created_by=\"avia_inline_auto\" id=\"style-css-av-og7a-e9247b505cfc01877c17bbe4d9c195ff\">\n#top .flex_column_table.av-equal-height-column-flextable.av-og7a-e9247b505cfc01877c17bbe4d9c195ff{\nmargin-top:0px;\nmargin-bottom:0px;\n}\n.flex_column.av-og7a-e9247b505cfc01877c17bbe4d9c195ff{\nborder-radius:0 0 0 0;\npadding:0 0 0 0;\n}\n<\/style>\n<div  class='flex_column av-og7a-e9247b505cfc01877c17bbe4d9c195ff av_one_fifth  avia-builder-el-1  el_after_av_heading  el_before_av_three_fifth  first flex_column_table_cell av-equal-height-column av-align-top av-zero-column-padding  '     ><div  class='avia-icon-list-container av-migdlz1d-6d02e3d7d50599c756e1dee7835bbd13  avia-builder-el-2  avia-builder-el-no-sibling '><ul class='avia-icon-list avia_animate_when_almost_visible avia-icon-list-left av-iconlist-small av-migdlz1d-6d02e3d7d50599c756e1dee7835bbd13 avia-iconlist-animate'>\n<li><div class='iconlist_icon av-migdfaxp-74af0cd720e757ae0fa674b23799c208 avia-font-svg_entypo-fontello avia-svg-icon avia-font-svg_entypo-fontello'><span class='av-icon-char' data-av_svg_icon='check' data-av_iconset='svg_entypo-fontello'><svg version=\"1.1\" xmlns=\"http:\/\/www.w3.org\/2000\/svg\" width=\"21\" height=\"32\" viewBox=\"0 0 21 32\" preserveAspectRatio=\"xMidYMid meet\" aria-labelledby='av-svg-title-1' aria-describedby='av-svg-desc-1' role=\"graphics-symbol\" aria-hidden=\"true\">\n<title id='av-svg-title-1'>Check<\/title>\n<desc id='av-svg-desc-1'>Check<\/desc>\n<path d=\"M7.968 27.2q-1.088 0-1.792-0.896l-5.76-7.552q-0.512-0.768-0.384-1.664t0.832-1.472 1.632-0.448 1.504 0.896l3.776 4.928 9.472-15.168q0.512-0.768 1.376-0.96t1.696 0.256q0.768 0.512 0.96 1.376t-0.256 1.696l-11.2 17.92q-0.64 1.024-1.792 1.024z\"><\/path>\n<\/svg><\/span><\/div><article class=\"article-icon-entry av-iconlist-empty\"  itemscope=\"itemscope\" itemtype=\"https:\/\/schema.org\/CreativeWork\" ><div class=\"iconlist_content_wrap\"><header class=\"entry-content-header\" aria-label=\"Ic\u00f4ne : Studio entier 17 m\u00b2\"><div class='av_iconlist_title iconlist_title_small  '  itemprop=\"headline\" >Studio entier 17 m\u00b2<\/div><\/header><div class='iconlist_content '  itemprop=\"text\" ><\/div><\/div><footer class=\"entry-footer\"><\/footer><\/article><div class=\"iconlist-timeline\"><\/div><\/li>\n<li><div class='iconlist_icon av-migdg2q2-dada9f9932ebeb5ad5de688b5fa3a92c avia-font-svg_entypo-fontello avia-svg-icon avia-font-svg_entypo-fontello'><span class='av-icon-char' data-av_svg_icon='check' data-av_iconset='svg_entypo-fontello'><svg version=\"1.1\" xmlns=\"http:\/\/www.w3.org\/2000\/svg\" width=\"21\" height=\"32\" viewBox=\"0 0 21 32\" preserveAspectRatio=\"xMidYMid meet\" aria-labelledby='av-svg-title-2' aria-describedby='av-svg-desc-2' role=\"graphics-symbol\" aria-hidden=\"true\">\n<title id='av-svg-title-2'>Check<\/title>\n<desc id='av-svg-desc-2'>Check<\/desc>\n<path d=\"M7.968 27.2q-1.088 0-1.792-0.896l-5.76-7.552q-0.512-0.768-0.384-1.664t0.832-1.472 1.632-0.448 1.504 0.896l3.776 4.928 9.472-15.168q0.512-0.768 1.376-0.96t1.696 0.256q0.768 0.512 0.96 1.376t-0.256 1.696l-11.2 17.92q-0.64 1.024-1.792 1.024z\"><\/path>\n<\/svg><\/span><\/div><article class=\"article-icon-entry av-iconlist-empty\"  itemscope=\"itemscope\" itemtype=\"https:\/\/schema.org\/CreativeWork\" ><div class=\"iconlist_content_wrap\"><header class=\"entry-content-header\" aria-label=\"Ic\u00f4ne : Un grand lit double\"><div class='av_iconlist_title iconlist_title_small  '  itemprop=\"headline\" >Un grand lit double<\/div><\/header><div class='iconlist_content '  itemprop=\"text\" ><\/div><\/div><footer class=\"entry-footer\"><\/footer><\/article><div class=\"iconlist-timeline\"><\/div><\/li>\n<li><div class='iconlist_icon av-migdjrl3-5ba29c1b7fc5f5a4e1eecb56769a3d93 avia-font-svg_entypo-fontello avia-svg-icon avia-font-svg_entypo-fontello'><span class='av-icon-char' data-av_svg_icon='check' data-av_iconset='svg_entypo-fontello'><svg version=\"1.1\" xmlns=\"http:\/\/www.w3.org\/2000\/svg\" width=\"21\" height=\"32\" viewBox=\"0 0 21 32\" preserveAspectRatio=\"xMidYMid meet\" aria-labelledby='av-svg-title-3' aria-describedby='av-svg-desc-3' role=\"graphics-symbol\" aria-hidden=\"true\">\n<title id='av-svg-title-3'>Check<\/title>\n<desc id='av-svg-desc-3'>Check<\/desc>\n<path d=\"M7.968 27.2q-1.088 0-1.792-0.896l-5.76-7.552q-0.512-0.768-0.384-1.664t0.832-1.472 1.632-0.448 1.504 0.896l3.776 4.928 9.472-15.168q0.512-0.768 1.376-0.96t1.696 0.256q0.768 0.512 0.96 1.376t-0.256 1.696l-11.2 17.92q-0.64 1.024-1.792 1.024z\"><\/path>\n<\/svg><\/span><\/div><article class=\"article-icon-entry \"  itemscope=\"itemscope\" itemtype=\"https:\/\/schema.org\/CreativeWork\" ><div class=\"iconlist_content_wrap\"><header class=\"entry-content-header\" aria-label=\"Ic\u00f4ne : Salle de bain\"><div class='av_iconlist_title iconlist_title_small  '  itemprop=\"headline\" >Salle de bain<\/div><\/header><div class='iconlist_content '  itemprop=\"text\" ><ul>\n<li>Articles de toilette gratuits<\/li>\n<li>Shower<\/li>\n<li>Serviettes<\/li>\n<li>Papier hygi\u00e9nique<\/li>\n<\/ul>\n<\/div><\/div><footer class=\"entry-footer\"><\/footer><\/article><div class=\"iconlist-timeline\"><\/div><\/li>\n<li><div class='iconlist_icon av-migdnr2s-1-1-bd5428d8a5ccfc67f212f9df7bf1d7a3 avia-font-svg_entypo-fontello avia-svg-icon avia-font-svg_entypo-fontello'><span class='av-icon-char' data-av_svg_icon='check' data-av_iconset='svg_entypo-fontello'><svg version=\"1.1\" xmlns=\"http:\/\/www.w3.org\/2000\/svg\" width=\"21\" height=\"32\" viewBox=\"0 0 21 32\" preserveAspectRatio=\"xMidYMid meet\" aria-labelledby='av-svg-title-4' aria-describedby='av-svg-desc-4' role=\"graphics-symbol\" aria-hidden=\"true\">\n<title id='av-svg-title-4'>Check<\/title>\n<desc id='av-svg-desc-4'>Check<\/desc>\n<path d=\"M7.968 27.2q-1.088 0-1.792-0.896l-5.76-7.552q-0.512-0.768-0.384-1.664t0.832-1.472 1.632-0.448 1.504 0.896l3.776 4.928 9.472-15.168q0.512-0.768 1.376-0.96t1.696 0.256q0.768 0.512 0.96 1.376t-0.256 1.696l-11.2 17.92q-0.64 1.024-1.792 1.024z\"><\/path>\n<\/svg><\/span><\/div><article class=\"article-icon-entry \"  itemscope=\"itemscope\" itemtype=\"https:\/\/schema.org\/CreativeWork\" ><div class=\"iconlist_content_wrap\"><header class=\"entry-content-header\" aria-label=\"Ic\u00f4ne : Kitchenette\"><div class='av_iconlist_title iconlist_title_small  '  itemprop=\"headline\" >Kitchenette<\/div><\/header><div class='iconlist_content '  itemprop=\"text\" ><p>R\u00e9frig\u00e9rateur<br \/>\nUstensiles de cuisine<br \/>\nBouilloire \u00e9lectrique<\/p>\n<\/div><\/div><footer class=\"entry-footer\"><\/footer><\/article><div class=\"iconlist-timeline\"><\/div><\/li>\n<li><div class='iconlist_icon av-migdjrl3-5-2e3e5368a81b9497ea00927ac0613f2e avia-font-svg_entypo-fontello avia-svg-icon avia-font-svg_entypo-fontello'><span class='av-icon-char' data-av_svg_icon='check' data-av_iconset='svg_entypo-fontello'><svg version=\"1.1\" xmlns=\"http:\/\/www.w3.org\/2000\/svg\" width=\"21\" height=\"32\" viewBox=\"0 0 21 32\" preserveAspectRatio=\"xMidYMid meet\" aria-labelledby='av-svg-title-5' aria-describedby='av-svg-desc-5' role=\"graphics-symbol\" aria-hidden=\"true\">\n<title id='av-svg-title-5'>Check<\/title>\n<desc id='av-svg-desc-5'>Check<\/desc>\n<path d=\"M7.968 27.2q-1.088 0-1.792-0.896l-5.76-7.552q-0.512-0.768-0.384-1.664t0.832-1.472 1.632-0.448 1.504 0.896l3.776 4.928 9.472-15.168q0.512-0.768 1.376-0.96t1.696 0.256q0.768 0.512 0.96 1.376t-0.256 1.696l-11.2 17.92q-0.64 1.024-1.792 1.024z\"><\/path>\n<\/svg><\/span><\/div><article class=\"article-icon-entry av-iconlist-empty\"  itemscope=\"itemscope\" itemtype=\"https:\/\/schema.org\/CreativeWork\" ><div class=\"iconlist_content_wrap\"><header class=\"entry-content-header\" aria-label=\"Ic\u00f4ne : Balcon\"><div class='av_iconlist_title iconlist_title_small  '  itemprop=\"headline\" >Balcon<\/div><\/header><div class='iconlist_content '  itemprop=\"text\" ><\/div><\/div><footer class=\"entry-footer\"><\/footer><\/article><div class=\"iconlist-timeline\"><\/div><\/li>\n<li><div class='iconlist_icon av-migdnr2s-1-5fbb10b0c04c11c6ad8c2416a2125d44 avia-font-svg_entypo-fontello avia-svg-icon avia-font-svg_entypo-fontello'><span class='av-icon-char' data-av_svg_icon='check' data-av_iconset='svg_entypo-fontello'><svg version=\"1.1\" xmlns=\"http:\/\/www.w3.org\/2000\/svg\" width=\"21\" height=\"32\" viewBox=\"0 0 21 32\" preserveAspectRatio=\"xMidYMid meet\" aria-labelledby='av-svg-title-6' aria-describedby='av-svg-desc-6' role=\"graphics-symbol\" aria-hidden=\"true\">\n<title id='av-svg-title-6'>Check<\/title>\n<desc id='av-svg-desc-6'>Check<\/desc>\n<path d=\"M7.968 27.2q-1.088 0-1.792-0.896l-5.76-7.552q-0.512-0.768-0.384-1.664t0.832-1.472 1.632-0.448 1.504 0.896l3.776 4.928 9.472-15.168q0.512-0.768 1.376-0.96t1.696 0.256q0.768 0.512 0.96 1.376t-0.256 1.696l-11.2 17.92q-0.64 1.024-1.792 1.024z\"><\/path>\n<\/svg><\/span><\/div><article class=\"article-icon-entry av-iconlist-empty\"  itemscope=\"itemscope\" itemtype=\"https:\/\/schema.org\/CreativeWork\" ><div class=\"iconlist_content_wrap\"><header class=\"entry-content-header\" aria-label=\"Ic\u00f4ne : Terrasse\"><div class='av_iconlist_title iconlist_title_small  '  itemprop=\"headline\" >Terrasse<\/div><\/header><div class='iconlist_content '  itemprop=\"text\" ><\/div><\/div><footer class=\"entry-footer\"><\/footer><\/article><div class=\"iconlist-timeline\"><\/div><\/li>\n<li><div class='iconlist_icon av-migdjrl3-4-bc8c465c70efc645ae1fa7f4fd38921a avia-font-svg_entypo-fontello avia-svg-icon avia-font-svg_entypo-fontello'><span class='av-icon-char' data-av_svg_icon='check' data-av_iconset='svg_entypo-fontello'><svg version=\"1.1\" xmlns=\"http:\/\/www.w3.org\/2000\/svg\" width=\"21\" height=\"32\" viewBox=\"0 0 21 32\" preserveAspectRatio=\"xMidYMid meet\" aria-labelledby='av-svg-title-7' aria-describedby='av-svg-desc-7' role=\"graphics-symbol\" aria-hidden=\"true\">\n<title id='av-svg-title-7'>Check<\/title>\n<desc id='av-svg-desc-7'>Check<\/desc>\n<path d=\"M7.968 27.2q-1.088 0-1.792-0.896l-5.76-7.552q-0.512-0.768-0.384-1.664t0.832-1.472 1.632-0.448 1.504 0.896l3.776 4.928 9.472-15.168q0.512-0.768 1.376-0.96t1.696 0.256q0.768 0.512 0.96 1.376t-0.256 1.696l-11.2 17.92q-0.64 1.024-1.792 1.024z\"><\/path>\n<\/svg><\/span><\/div><article class=\"article-icon-entry \"  itemscope=\"itemscope\" itemtype=\"https:\/\/schema.org\/CreativeWork\" ><div class=\"iconlist_content_wrap\"><header class=\"entry-content-header\" aria-label=\"Ic\u00f4ne : Vue\"><div class='av_iconlist_title iconlist_title_small  '  itemprop=\"headline\" >Vue<\/div><\/header><div class='iconlist_content '  itemprop=\"text\" ><ul>\n<li><span class=\"beb5ef4fb4\">Vue sur le jardin<\/span><\/li>\n<\/ul>\n<\/div><\/div><footer class=\"entry-footer\"><\/footer><\/article><div class=\"iconlist-timeline\"><\/div><\/li>\n<li><div class='iconlist_icon av-migdnr2s-182f983f71f097ee2b30117ca12b763c avia-font-svg_entypo-fontello avia-svg-icon avia-font-svg_entypo-fontello'><span class='av-icon-char' data-av_svg_icon='check' data-av_iconset='svg_entypo-fontello'><svg version=\"1.1\" xmlns=\"http:\/\/www.w3.org\/2000\/svg\" width=\"21\" height=\"32\" viewBox=\"0 0 21 32\" preserveAspectRatio=\"xMidYMid meet\" aria-labelledby='av-svg-title-8' aria-describedby='av-svg-desc-8' role=\"graphics-symbol\" aria-hidden=\"true\">\n<title id='av-svg-title-8'>Check<\/title>\n<desc id='av-svg-desc-8'>Check<\/desc>\n<path d=\"M7.968 27.2q-1.088 0-1.792-0.896l-5.76-7.552q-0.512-0.768-0.384-1.664t0.832-1.472 1.632-0.448 1.504 0.896l3.776 4.928 9.472-15.168q0.512-0.768 1.376-0.96t1.696 0.256q0.768 0.512 0.96 1.376t-0.256 1.696l-11.2 17.92q-0.64 1.024-1.792 1.024z\"><\/path>\n<\/svg><\/span><\/div><article class=\"article-icon-entry av-iconlist-empty\"  itemscope=\"itemscope\" itemtype=\"https:\/\/schema.org\/CreativeWork\" ><div class=\"iconlist_content_wrap\"><header class=\"entry-content-header\" aria-label=\"Ic\u00f4ne : Climatisation\"><div class='av_iconlist_title iconlist_title_small  '  itemprop=\"headline\" >Climatisation<\/div><\/header><div class='iconlist_content '  itemprop=\"text\" ><\/div><\/div><footer class=\"entry-footer\"><\/footer><\/article><div class=\"iconlist-timeline\"><\/div><\/li>\n<li><div class='iconlist_icon av-migdnr2s-3-8043fbe872283a7bea2e8ee57fad3eed avia-font-svg_entypo-fontello avia-svg-icon avia-font-svg_entypo-fontello'><span class='av-icon-char' data-av_svg_icon='check' data-av_iconset='svg_entypo-fontello'><svg version=\"1.1\" xmlns=\"http:\/\/www.w3.org\/2000\/svg\" width=\"21\" height=\"32\" viewBox=\"0 0 21 32\" preserveAspectRatio=\"xMidYMid meet\" aria-labelledby='av-svg-title-9' aria-describedby='av-svg-desc-9' role=\"graphics-symbol\" aria-hidden=\"true\">\n<title id='av-svg-title-9'>Check<\/title>\n<desc id='av-svg-desc-9'>Check<\/desc>\n<path d=\"M7.968 27.2q-1.088 0-1.792-0.896l-5.76-7.552q-0.512-0.768-0.384-1.664t0.832-1.472 1.632-0.448 1.504 0.896l3.776 4.928 9.472-15.168q0.512-0.768 1.376-0.96t1.696 0.256q0.768 0.512 0.96 1.376t-0.256 1.696l-11.2 17.92q-0.64 1.024-1.792 1.024z\"><\/path>\n<\/svg><\/span><\/div><article class=\"article-icon-entry av-iconlist-empty\"  itemscope=\"itemscope\" itemtype=\"https:\/\/schema.org\/CreativeWork\" ><div class=\"iconlist_content_wrap\"><header class=\"entry-content-header\" aria-label=\"Ic\u00f4ne : T\u00e9l\u00e9viseur \u00e0 \u00e9cran plat\"><div class='av_iconlist_title iconlist_title_small  '  itemprop=\"headline\" >T\u00e9l\u00e9viseur \u00e0 \u00e9cran plat<\/div><\/header><div class='iconlist_content '  itemprop=\"text\" ><\/div><\/div><footer class=\"entry-footer\"><\/footer><\/article><div class=\"iconlist-timeline\"><\/div><\/li>\n<li><div class='iconlist_icon av-migdnr2s-2-9a0d65d92182bcdba1fd77fc1e5f8533 avia-font-svg_entypo-fontello avia-svg-icon avia-font-svg_entypo-fontello'><span class='av-icon-char' data-av_svg_icon='check' data-av_iconset='svg_entypo-fontello'><svg version=\"1.1\" xmlns=\"http:\/\/www.w3.org\/2000\/svg\" width=\"21\" height=\"32\" viewBox=\"0 0 21 32\" preserveAspectRatio=\"xMidYMid meet\" aria-labelledby='av-svg-title-10' aria-describedby='av-svg-desc-10' role=\"graphics-symbol\" aria-hidden=\"true\">\n<title id='av-svg-title-10'>Check<\/title>\n<desc id='av-svg-desc-10'>Check<\/desc>\n<path d=\"M7.968 27.2q-1.088 0-1.792-0.896l-5.76-7.552q-0.512-0.768-0.384-1.664t0.832-1.472 1.632-0.448 1.504 0.896l3.776 4.928 9.472-15.168q0.512-0.768 1.376-0.96t1.696 0.256q0.768 0.512 0.96 1.376t-0.256 1.696l-11.2 17.92q-0.64 1.024-1.792 1.024z\"><\/path>\n<\/svg><\/span><\/div><article class=\"article-icon-entry av-iconlist-empty\"  itemscope=\"itemscope\" itemtype=\"https:\/\/schema.org\/CreativeWork\" ><div class=\"iconlist_content_wrap\"><header class=\"entry-content-header\" aria-label=\"Ic\u00f4ne : WiFi gratuit\"><div class='av_iconlist_title iconlist_title_small  '  itemprop=\"headline\" >WiFi gratuit<\/div><\/header><div class='iconlist_content '  itemprop=\"text\" ><\/div><\/div><footer class=\"entry-footer\"><\/footer><\/article><div class=\"iconlist-timeline\"><\/div><\/li>\n<li><div class='iconlist_icon av-migdnr2s-1-1-1-782e351cdbeecd1b4e943e9c0fc07272 avia-font-svg_entypo-fontello avia-svg-icon avia-font-svg_entypo-fontello'><span class='av-icon-char' data-av_svg_icon='check' data-av_iconset='svg_entypo-fontello'><svg version=\"1.1\" xmlns=\"http:\/\/www.w3.org\/2000\/svg\" width=\"21\" height=\"32\" viewBox=\"0 0 21 32\" preserveAspectRatio=\"xMidYMid meet\" aria-labelledby='av-svg-title-11' aria-describedby='av-svg-desc-11' role=\"graphics-symbol\" aria-hidden=\"true\">\n<title id='av-svg-title-11'>Check<\/title>\n<desc id='av-svg-desc-11'>Check<\/desc>\n<path d=\"M7.968 27.2q-1.088 0-1.792-0.896l-5.76-7.552q-0.512-0.768-0.384-1.664t0.832-1.472 1.632-0.448 1.504 0.896l3.776 4.928 9.472-15.168q0.512-0.768 1.376-0.96t1.696 0.256q0.768 0.512 0.96 1.376t-0.256 1.696l-11.2 17.92q-0.64 1.024-1.792 1.024z\"><\/path>\n<\/svg><\/span><\/div><article class=\"article-icon-entry av-iconlist-empty\"  itemscope=\"itemscope\" itemtype=\"https:\/\/schema.org\/CreativeWork\" ><div class=\"iconlist_content_wrap\"><header class=\"entry-content-header\" aria-label=\"Ic\u00f4ne : Interdiction de fumer\"><div class='av_iconlist_title iconlist_title_small  '  itemprop=\"headline\" >Interdiction de fumer<\/div><\/header><div class='iconlist_content '  itemprop=\"text\" ><\/div><\/div><footer class=\"entry-footer\"><\/footer><\/article><div class=\"iconlist-timeline\"><\/div><\/li>\n<\/ul><\/div><\/div><div class='av-flex-placeholder'><\/div>\n<style type=\"text\/css\" data-created_by=\"avia_inline_auto\" id=\"style-css-av-12xkq-b5fa93a841ebff849732c381310d9edf\">\n#top .flex_column_table.av-equal-height-column-flextable.av-12xkq-b5fa93a841ebff849732c381310d9edf{\nmargin-top:0px;\nmargin-bottom:0px;\n}\n.flex_column.av-12xkq-b5fa93a841ebff849732c381310d9edf{\npadding:0 0 0 0;\n}\n<\/style>\n<div  class='flex_column av-12xkq-b5fa93a841ebff849732c381310d9edf av_three_fifth  avia-builder-el-3  el_after_av_one_fifth  el_before_av_one_fifth  flex_column_table_cell av-equal-height-column av-align-top av-zero-column-padding  '     ><p><section  class='av_textblock_section av-mibph03z-85cf3470caad1b3596e8ca3c966c0f69 '   itemscope=\"itemscope\" itemtype=\"https:\/\/schema.org\/CreativeWork\" ><div class='avia_textblock'  itemprop=\"text\" ><p>Ce studio comprend une kitchenette pratique avec un r\u00e9frig\u00e9rateur, des ustensiles de cuisine et une bouilloire \u00e9lectrique. Il dispose de la climatisation, d&rsquo;une armoire et d&rsquo;une salle de bains privative avec douche. La terrasse offre une vue apaisante sur le jardin et le logement comprend un lit pour un s\u00e9jour confortable.<\/p>\n<\/div><\/section><br \/>\n\n<style type=\"text\/css\" data-created_by=\"avia_inline_auto\" id=\"style-css-av-mibonetb-b99fb7d4a7f557a4a5f04d80bf5307b9\">\n#top .avia-gallery.av-mibonetb-b99fb7d4a7f557a4a5f04d80bf5307b9 .avia-gallery-thumb a{\nwidth:20%;\n}\n<\/style>\n<div  class='avia-gallery av-mibonetb-b99fb7d4a7f557a4a5f04d80bf5307b9 avia_animate_when_visible  avia-builder-el-5  el_after_av_textblock  avia-builder-el-last  avia_lazyload av-slideshow-ui av-loop-manual-endless av-control-hidden av-navigate-arrows hover-effect av-control-hidden avia-gallery-animate avia-gallery-1'  itemprop=\"image\" itemscope=\"itemscope\" itemtype=\"https:\/\/schema.org\/ImageObject\" ><meta itemprop=\"contentURL\" content=\"https:\/\/www.bizas.gr\/fr\/accommodation-item\/studio-avec-terrasse\/\"><div class='avia-gallery-big-wrapper'><a class='avia-gallery-big fakeLightbox lightbox avia-gallery-big-crop-thumb ' href=\"https:\/\/www.bizas.gr\/wp-content\/uploads\/2025\/12\/studio-with-terrace.jpg\" data-srcset=\"https:\/\/www.bizas.gr\/wp-content\/uploads\/2025\/12\/studio-with-terrace.jpg 1024w, https:\/\/www.bizas.gr\/wp-content\/uploads\/2025\/12\/studio-with-terrace-300x169.jpg 300w, https:\/\/www.bizas.gr\/wp-content\/uploads\/2025\/12\/studio-with-terrace-768x433.jpg 768w, https:\/\/www.bizas.gr\/wp-content\/uploads\/2025\/12\/studio-with-terrace-705x397.jpg 705w\" data-sizes=\"(max-width: 1024px) 100vw, 1024px\"  data-onclick='1' title='Studio avec Terrasse' ><span class='avia-gallery-big-inner'  itemprop=\"thumbnailUrl\" ><img decoding=\"async\" loading=\"lazy\" class=\"wp-image-506 avia-img-lazy-loading-506\"  width=\"1024\" height=\"577\" src=\"https:\/\/www.bizas.gr\/wp-content\/uploads\/2025\/12\/studio-with-terrace.jpg\" title='Studio avec Terrasse' alt='Studio avec Terrasse' srcset=\"https:\/\/www.bizas.gr\/wp-content\/uploads\/2025\/12\/studio-with-terrace.jpg 1024w, https:\/\/www.bizas.gr\/wp-content\/uploads\/2025\/12\/studio-with-terrace-300x169.jpg 300w, https:\/\/www.bizas.gr\/wp-content\/uploads\/2025\/12\/studio-with-terrace-768x433.jpg 768w, https:\/\/www.bizas.gr\/wp-content\/uploads\/2025\/12\/studio-with-terrace-705x397.jpg 705w\" sizes=\"auto, (max-width: 1024px) 100vw, 1024px\" \/><\/span><\/a><\/div><div class='avia-gallery-thumb'><a href=\"https:\/\/www.bizas.gr\/wp-content\/uploads\/2025\/12\/studio-with-terrace.jpg\" data-srcset=\"https:\/\/www.bizas.gr\/wp-content\/uploads\/2025\/12\/studio-with-terrace.jpg 1024w, https:\/\/www.bizas.gr\/wp-content\/uploads\/2025\/12\/studio-with-terrace-300x169.jpg 300w, https:\/\/www.bizas.gr\/wp-content\/uploads\/2025\/12\/studio-with-terrace-768x433.jpg 768w, https:\/\/www.bizas.gr\/wp-content\/uploads\/2025\/12\/studio-with-terrace-705x397.jpg 705w\" data-sizes=\"(max-width: 1024px) 100vw, 1024px\" data-rel='gallery-1' data-prev-img='https:\/\/www.bizas.gr\/wp-content\/uploads\/2025\/12\/studio-with-terrace.jpg' class='first_thumb lightbox ' data-onclick='1' title='Studio avec Terrasse'  itemprop=\"thumbnailUrl\"  ><img decoding=\"async\" loading=\"lazy\" class=\"wp-image-506 avia-img-lazy-loading-506\"   src=\"https:\/\/www.bizas.gr\/wp-content\/uploads\/2025\/12\/studio-with-terrace-495x400.jpg\" width=\"495\" height=\"400\"  title='Studio avec Terrasse' alt='Studio avec Terrasse' \/><div class='big-prev-fake'><img decoding=\"async\" loading=\"lazy\" class=\"wp-image-506 avia-img-lazy-loading-506\"  width=\"1024\" height=\"577\" src=\"https:\/\/www.bizas.gr\/wp-content\/uploads\/2025\/12\/studio-with-terrace.jpg\" title='Studio avec Terrasse' alt='Studio avec Terrasse' srcset=\"https:\/\/www.bizas.gr\/wp-content\/uploads\/2025\/12\/studio-with-terrace.jpg 1024w, https:\/\/www.bizas.gr\/wp-content\/uploads\/2025\/12\/studio-with-terrace-300x169.jpg 300w, https:\/\/www.bizas.gr\/wp-content\/uploads\/2025\/12\/studio-with-terrace-768x433.jpg 768w, https:\/\/www.bizas.gr\/wp-content\/uploads\/2025\/12\/studio-with-terrace-705x397.jpg 705w\" sizes=\"auto, (max-width: 1024px) 100vw, 1024px\" \/><\/div><\/a><a href=\"https:\/\/www.bizas.gr\/wp-content\/uploads\/2025\/12\/studio-with-terrace-7.jpg\" data-srcset=\"https:\/\/www.bizas.gr\/wp-content\/uploads\/2025\/12\/studio-with-terrace-7.jpg 1024w, https:\/\/www.bizas.gr\/wp-content\/uploads\/2025\/12\/studio-with-terrace-7-300x169.jpg 300w, https:\/\/www.bizas.gr\/wp-content\/uploads\/2025\/12\/studio-with-terrace-7-768x433.jpg 768w, https:\/\/www.bizas.gr\/wp-content\/uploads\/2025\/12\/studio-with-terrace-7-705x397.jpg 705w\" data-sizes=\"(max-width: 1024px) 100vw, 1024px\" data-rel='gallery-1' data-prev-img='https:\/\/www.bizas.gr\/wp-content\/uploads\/2025\/12\/studio-with-terrace-7.jpg' class='lightbox ' data-onclick='2' title='Studio avec Terrasse'  itemprop=\"thumbnailUrl\"  ><img decoding=\"async\" loading=\"lazy\" class=\"wp-image-507 avia-img-lazy-loading-507\"   src=\"https:\/\/www.bizas.gr\/wp-content\/uploads\/2025\/12\/studio-with-terrace-7-495x400.jpg\" width=\"495\" height=\"400\"  title='Studio avec Terrasse' alt='Studio avec Terrasse' \/><div class='big-prev-fake'><img decoding=\"async\" loading=\"lazy\" class=\"wp-image-507 avia-img-lazy-loading-507\"  width=\"1024\" height=\"577\" src=\"https:\/\/www.bizas.gr\/wp-content\/uploads\/2025\/12\/studio-with-terrace-7.jpg\" title='Studio avec Terrasse' alt='Studio avec Terrasse' srcset=\"https:\/\/www.bizas.gr\/wp-content\/uploads\/2025\/12\/studio-with-terrace-7.jpg 1024w, https:\/\/www.bizas.gr\/wp-content\/uploads\/2025\/12\/studio-with-terrace-7-300x169.jpg 300w, https:\/\/www.bizas.gr\/wp-content\/uploads\/2025\/12\/studio-with-terrace-7-768x433.jpg 768w, https:\/\/www.bizas.gr\/wp-content\/uploads\/2025\/12\/studio-with-terrace-7-705x397.jpg 705w\" sizes=\"auto, (max-width: 1024px) 100vw, 1024px\" \/><\/div><\/a><a href=\"https:\/\/www.bizas.gr\/wp-content\/uploads\/2025\/12\/studio-with-terrace-6.jpg\" data-srcset=\"https:\/\/www.bizas.gr\/wp-content\/uploads\/2025\/12\/studio-with-terrace-6.jpg 1024w, https:\/\/www.bizas.gr\/wp-content\/uploads\/2025\/12\/studio-with-terrace-6-300x225.jpg 300w, https:\/\/www.bizas.gr\/wp-content\/uploads\/2025\/12\/studio-with-terrace-6-768x576.jpg 768w, https:\/\/www.bizas.gr\/wp-content\/uploads\/2025\/12\/studio-with-terrace-6-705x529.jpg 705w\" data-sizes=\"(max-width: 1024px) 100vw, 1024px\" data-rel='gallery-1' data-prev-img='https:\/\/www.bizas.gr\/wp-content\/uploads\/2025\/12\/studio-with-terrace-6.jpg' class='lightbox ' data-onclick='3' title='Studio avec Terrasse'  itemprop=\"thumbnailUrl\"  ><img decoding=\"async\" loading=\"lazy\" class=\"wp-image-508 avia-img-lazy-loading-508\"   src=\"https:\/\/www.bizas.gr\/wp-content\/uploads\/2025\/12\/studio-with-terrace-6-495x400.jpg\" width=\"495\" height=\"400\"  title='Studio avec Terrasse' alt='Studio avec Terrasse' srcset=\"https:\/\/www.bizas.gr\/wp-content\/uploads\/2025\/12\/studio-with-terrace-6-495x400.jpg 495w, https:\/\/www.bizas.gr\/wp-content\/uploads\/2025\/12\/studio-with-terrace-6-845x684.jpg 845w\" sizes=\"auto, (max-width: 495px) 100vw, 495px\" \/><div class='big-prev-fake'><img decoding=\"async\" loading=\"lazy\" class=\"wp-image-508 avia-img-lazy-loading-508\"  width=\"1024\" height=\"768\" src=\"https:\/\/www.bizas.gr\/wp-content\/uploads\/2025\/12\/studio-with-terrace-6.jpg\" title='Studio avec Terrasse' alt='Studio avec Terrasse' srcset=\"https:\/\/www.bizas.gr\/wp-content\/uploads\/2025\/12\/studio-with-terrace-6.jpg 1024w, https:\/\/www.bizas.gr\/wp-content\/uploads\/2025\/12\/studio-with-terrace-6-300x225.jpg 300w, https:\/\/www.bizas.gr\/wp-content\/uploads\/2025\/12\/studio-with-terrace-6-768x576.jpg 768w, https:\/\/www.bizas.gr\/wp-content\/uploads\/2025\/12\/studio-with-terrace-6-705x529.jpg 705w\" sizes=\"auto, (max-width: 1024px) 100vw, 1024px\" \/><\/div><\/a><a href=\"https:\/\/www.bizas.gr\/wp-content\/uploads\/2025\/12\/studio-with-terrace-2.jpg\" data-srcset=\"https:\/\/www.bizas.gr\/wp-content\/uploads\/2025\/12\/studio-with-terrace-2.jpg 1024w, https:\/\/www.bizas.gr\/wp-content\/uploads\/2025\/12\/studio-with-terrace-2-300x169.jpg 300w, https:\/\/www.bizas.gr\/wp-content\/uploads\/2025\/12\/studio-with-terrace-2-768x433.jpg 768w, https:\/\/www.bizas.gr\/wp-content\/uploads\/2025\/12\/studio-with-terrace-2-705x397.jpg 705w\" data-sizes=\"(max-width: 1024px) 100vw, 1024px\" data-rel='gallery-1' data-prev-img='https:\/\/www.bizas.gr\/wp-content\/uploads\/2025\/12\/studio-with-terrace-2.jpg' class='lightbox ' data-onclick='4' title='Studio avec Terrasse'  itemprop=\"thumbnailUrl\"  ><img decoding=\"async\" loading=\"lazy\" class=\"wp-image-509 avia-img-lazy-loading-509\"   src=\"https:\/\/www.bizas.gr\/wp-content\/uploads\/2025\/12\/studio-with-terrace-2-495x400.jpg\" width=\"495\" height=\"400\"  title='Studio avec Terrasse' alt='Studio avec Terrasse' \/><div class='big-prev-fake'><img decoding=\"async\" loading=\"lazy\" class=\"wp-image-509 avia-img-lazy-loading-509\"  width=\"1024\" height=\"577\" src=\"https:\/\/www.bizas.gr\/wp-content\/uploads\/2025\/12\/studio-with-terrace-2.jpg\" title='Studio avec Terrasse' alt='Studio avec Terrasse' srcset=\"https:\/\/www.bizas.gr\/wp-content\/uploads\/2025\/12\/studio-with-terrace-2.jpg 1024w, https:\/\/www.bizas.gr\/wp-content\/uploads\/2025\/12\/studio-with-terrace-2-300x169.jpg 300w, https:\/\/www.bizas.gr\/wp-content\/uploads\/2025\/12\/studio-with-terrace-2-768x433.jpg 768w, https:\/\/www.bizas.gr\/wp-content\/uploads\/2025\/12\/studio-with-terrace-2-705x397.jpg 705w\" sizes=\"auto, (max-width: 1024px) 100vw, 1024px\" \/><\/div><\/a><a href=\"https:\/\/www.bizas.gr\/wp-content\/uploads\/2025\/12\/studio-with-terrace-5.jpg\" data-srcset=\"https:\/\/www.bizas.gr\/wp-content\/uploads\/2025\/12\/studio-with-terrace-5.jpg 1024w, https:\/\/www.bizas.gr\/wp-content\/uploads\/2025\/12\/studio-with-terrace-5-300x169.jpg 300w, https:\/\/www.bizas.gr\/wp-content\/uploads\/2025\/12\/studio-with-terrace-5-768x433.jpg 768w, https:\/\/www.bizas.gr\/wp-content\/uploads\/2025\/12\/studio-with-terrace-5-705x397.jpg 705w\" data-sizes=\"(max-width: 1024px) 100vw, 1024px\" data-rel='gallery-1' data-prev-img='https:\/\/www.bizas.gr\/wp-content\/uploads\/2025\/12\/studio-with-terrace-5.jpg' class='lightbox ' data-onclick='5' title='Studio avec Terrasse'  itemprop=\"thumbnailUrl\"  ><img decoding=\"async\" loading=\"lazy\" class=\"wp-image-510 avia-img-lazy-loading-510\"   src=\"https:\/\/www.bizas.gr\/wp-content\/uploads\/2025\/12\/studio-with-terrace-5-495x400.jpg\" width=\"495\" height=\"400\"  title='Studio avec Terrasse' alt='Studio avec Terrasse' \/><div class='big-prev-fake'><img decoding=\"async\" loading=\"lazy\" class=\"wp-image-510 avia-img-lazy-loading-510\"  width=\"1024\" height=\"577\" src=\"https:\/\/www.bizas.gr\/wp-content\/uploads\/2025\/12\/studio-with-terrace-5.jpg\" title='Studio avec Terrasse' alt='Studio avec Terrasse' srcset=\"https:\/\/www.bizas.gr\/wp-content\/uploads\/2025\/12\/studio-with-terrace-5.jpg 1024w, https:\/\/www.bizas.gr\/wp-content\/uploads\/2025\/12\/studio-with-terrace-5-300x169.jpg 300w, https:\/\/www.bizas.gr\/wp-content\/uploads\/2025\/12\/studio-with-terrace-5-768x433.jpg 768w, https:\/\/www.bizas.gr\/wp-content\/uploads\/2025\/12\/studio-with-terrace-5-705x397.jpg 705w\" sizes=\"auto, (max-width: 1024px) 100vw, 1024px\" \/><\/div><\/a><a href=\"https:\/\/www.bizas.gr\/wp-content\/uploads\/2025\/12\/studio-with-terrace-4.jpg\" data-srcset=\"https:\/\/www.bizas.gr\/wp-content\/uploads\/2025\/12\/studio-with-terrace-4.jpg 1024w, https:\/\/www.bizas.gr\/wp-content\/uploads\/2025\/12\/studio-with-terrace-4-300x169.jpg 300w, https:\/\/www.bizas.gr\/wp-content\/uploads\/2025\/12\/studio-with-terrace-4-768x432.jpg 768w, https:\/\/www.bizas.gr\/wp-content\/uploads\/2025\/12\/studio-with-terrace-4-705x397.jpg 705w\" data-sizes=\"(max-width: 1024px) 100vw, 1024px\" data-rel='gallery-1' data-prev-img='https:\/\/www.bizas.gr\/wp-content\/uploads\/2025\/12\/studio-with-terrace-4.jpg' class='first_thumb lightbox ' data-onclick='6' title='Studio avec Terrasse'  itemprop=\"thumbnailUrl\"  ><img decoding=\"async\" loading=\"lazy\" class=\"wp-image-511 avia-img-lazy-loading-511\"   src=\"https:\/\/www.bizas.gr\/wp-content\/uploads\/2025\/12\/studio-with-terrace-4-495x400.jpg\" width=\"495\" height=\"400\"  title='Studio avec Terrasse' alt='Studio avec Terrasse' \/><div class='big-prev-fake'><img decoding=\"async\" loading=\"lazy\" class=\"wp-image-511 avia-img-lazy-loading-511\"  width=\"1024\" height=\"576\" src=\"https:\/\/www.bizas.gr\/wp-content\/uploads\/2025\/12\/studio-with-terrace-4.jpg\" title='Studio avec Terrasse' alt='Studio avec Terrasse' srcset=\"https:\/\/www.bizas.gr\/wp-content\/uploads\/2025\/12\/studio-with-terrace-4.jpg 1024w, https:\/\/www.bizas.gr\/wp-content\/uploads\/2025\/12\/studio-with-terrace-4-300x169.jpg 300w, https:\/\/www.bizas.gr\/wp-content\/uploads\/2025\/12\/studio-with-terrace-4-768x432.jpg 768w, https:\/\/www.bizas.gr\/wp-content\/uploads\/2025\/12\/studio-with-terrace-4-705x397.jpg 705w\" sizes=\"auto, (max-width: 1024px) 100vw, 1024px\" \/><\/div><\/a><a href=\"https:\/\/www.bizas.gr\/wp-content\/uploads\/2025\/12\/studio-with-terrace-3.jpg\" data-srcset=\"https:\/\/www.bizas.gr\/wp-content\/uploads\/2025\/12\/studio-with-terrace-3.jpg 432w, https:\/\/www.bizas.gr\/wp-content\/uploads\/2025\/12\/studio-with-terrace-3-169x300.jpg 169w, https:\/\/www.bizas.gr\/wp-content\/uploads\/2025\/12\/studio-with-terrace-3-397x705.jpg 397w\" data-sizes=\"(max-width: 432px) 100vw, 432px\" data-rel='gallery-1' data-prev-img='https:\/\/www.bizas.gr\/wp-content\/uploads\/2025\/12\/studio-with-terrace-3.jpg' class='lightbox ' data-onclick='7' title='Studio avec Terrasse'  itemprop=\"thumbnailUrl\"  ><img decoding=\"async\" loading=\"lazy\" class=\"wp-image-512 avia-img-lazy-loading-512\"   src=\"https:\/\/www.bizas.gr\/wp-content\/uploads\/2025\/12\/studio-with-terrace-3-432x400.jpg\" width=\"432\" height=\"400\"  title='Studio avec Terrasse' alt='Studio avec Terrasse' \/><div class='big-prev-fake'><img decoding=\"async\" loading=\"lazy\" class=\"wp-image-512 avia-img-lazy-loading-512\"  width=\"432\" height=\"768\" src=\"https:\/\/www.bizas.gr\/wp-content\/uploads\/2025\/12\/studio-with-terrace-3.jpg\" title='Studio avec Terrasse' alt='Studio avec Terrasse' srcset=\"https:\/\/www.bizas.gr\/wp-content\/uploads\/2025\/12\/studio-with-terrace-3.jpg 432w, https:\/\/www.bizas.gr\/wp-content\/uploads\/2025\/12\/studio-with-terrace-3-169x300.jpg 169w, https:\/\/www.bizas.gr\/wp-content\/uploads\/2025\/12\/studio-with-terrace-3-397x705.jpg 397w\" sizes=\"auto, (max-width: 432px) 100vw, 432px\" \/><\/div><\/a><\/div><\/div><\/p><\/div><\/p>\n<div class='av-flex-placeholder'><\/div>\n<style type=\"text\/css\" data-created_by=\"avia_inline_auto\" id=\"style-css-av-pc1h6-d4331f4c65f010682eac1cbbed730aec\">\n#top .flex_column_table.av-equal-height-column-flextable.av-pc1h6-d4331f4c65f010682eac1cbbed730aec{\nmargin-top:0px;\nmargin-bottom:0px;\n}\n<\/style>\n<div  class='flex_column av-pc1h6-d4331f4c65f010682eac1cbbed730aec av_one_fifth  avia-builder-el-6  el_after_av_three_fifth  avia-builder-el-last  flex_column_table_cell av-equal-height-column av-align-top  '     ><p><div  class='avia-button-wrap av-7jo8i-c5fb5f81a1002a311a7558bf5f9d96e3-wrap avia-button-center  avia-builder-el-7  el_before_av_heading  avia-builder-el-first '>\n<style type=\"text\/css\" data-created_by=\"avia_inline_auto\" id=\"style-css-av-7jo8i-c5fb5f81a1002a311a7558bf5f9d96e3\">\n#top #wrap_all .avia-button.av-7jo8i-c5fb5f81a1002a311a7558bf5f9d96e3{\nbox-shadow:inset 0px 0px 0px 0px ;\ntransition:all 0.4s ease-in-out;\nmargin:0 0 0 0;\n}\n<\/style>\n<a href='https:\/\/www.booking.com\/hotel\/gr\/bizas-rooms.html?aid=330843'  class='avia-button av-7jo8i-c5fb5f81a1002a311a7558bf5f9d96e3 av-link-btn avia-icon_select-no avia-size-medium avia-position-center avia-color-theme-color'  target=\"_blank\"  rel=\"noopener noreferrer\"  aria-label=\"R\u00e9servez d\u00e8s maintenant via Booking.com\"><span class='avia_iconbox_title' >R\u00e9servez d\u00e8s maintenant via Booking.com<\/span><\/a><\/div><br \/>\n\n<style type=\"text\/css\" data-created_by=\"avia_inline_auto\" id=\"style-css-av-m7rt6-4214c22f3fe393629832416fe6b68aed\">\n#top .av-special-heading.av-m7rt6-4214c22f3fe393629832416fe6b68aed{\npadding-bottom:10px;\n}\nbody .av-special-heading.av-m7rt6-4214c22f3fe393629832416fe6b68aed .av-special-heading-tag .heading-char{\nfont-size:25px;\n}\n.av-special-heading.av-m7rt6-4214c22f3fe393629832416fe6b68aed .av-subheading{\nfont-size:15px;\n}\n<\/style>\n<div  class='av-special-heading av-m7rt6-4214c22f3fe393629832416fe6b68aed av-special-heading-h5 blockquote modern-quote  avia-builder-el-8  el_after_av_button  el_before_av_codeblock '><h5 class='av-special-heading-tag '  itemprop=\"headline\"  >ou contactez-nous pour conna\u00eetre les disponibilit\u00e9s et les prix<\/h5><div class=\"special-heading-border\"><div class=\"special-heading-inner-border\"><\/div><\/div><\/div><br \/>\n<br \/>\n\n<style type=\"text\/css\" data-created_by=\"avia_inline_auto\" id=\"style-css-av-bg3x5-df3a650f619b4aa25bb8cbc485860c69\">\n#top .av_textblock_section.av-bg3x5-df3a650f619b4aa25bb8cbc485860c69 .avia_textblock{\nfont-size:10px;\n}\n<\/style>\n<section  class='av_textblock_section av-bg3x5-df3a650f619b4aa25bb8cbc485860c69 '   itemscope=\"itemscope\" itemtype=\"https:\/\/schema.org\/CreativeWork\" ><div class='avia_textblock'  itemprop=\"text\" ><p>En soumettant ce formulaire, vous acceptez notre <a href=\"https:\/\/www.bizas.gr\/fr\/politique-de-confidentialite\/\" target=\"_blank\" rel=\"noopener\">Politique de Confidentialit\u00e9<\/a>.<\/p>\n<\/div><\/section><\/p><\/div><\/div><!--close column table wrapper. Autoclose: 1 -->\n","protected":false},"excerpt":{"rendered":"<p>Ce studio comprend une kitchenette pratique avec un r\u00e9frig\u00e9rateur, des ustensiles de cuisine et une bouilloire \u00e9lectrique. Il dispose de la climatisation, d&rsquo;une armoire et d&rsquo;une salle de bains privative avec douche. La terrasse offre une vue apaisante sur le jardin et le logement comprend un lit pour un s\u00e9jour confortable.  <\/p>\n","protected":false},"author":1,"featured_media":509,"comment_status":"open","ping_status":"closed","template":"","meta":{"footnotes":""},"tags":[],"portfolio_entries":[19],"class_list":["post-513","portfolio","type-portfolio","status-publish","has-post-thumbnail","hentry","portfolio_entries-hebergements"],"yoast_head":"<!-- This site is optimized with the Yoast SEO plugin v27.5 - https:\/\/yoast.com\/product\/yoast-seo-wordpress\/ -->\n<title>Studio pour Deux avec Terrasse - Paros H\u00e9bergement Bizas Chambres d\u2019h\u00f4te<\/title>\n<meta name=\"description\" content=\"Profitez d&#039;un s\u00e9jour confortable dans notre studio pour 2 personnes chez Bizas Accommodation, \u00e9quip\u00e9 d&#039;une kitchenette, d&#039;un lit double, d&#039;une salle de bain priv\u00e9e, de la climatisation et d&#039;un balcon offrant une vue paisible sur le jardin et les montagnes.\" \/>\n<meta name=\"robots\" content=\"index, follow, max-snippet:-1, max-image-preview:large, max-video-preview:-1\" \/>\n<link rel=\"canonical\" href=\"https:\/\/www.bizas.gr\/fr\/accommodation-item\/studio-avec-terrasse\/\" \/>\n<meta property=\"og:locale\" content=\"fr_FR\" \/>\n<meta property=\"og:type\" content=\"article\" \/>\n<meta property=\"og:title\" content=\"Studio pour Deux avec Terrasse - Paros H\u00e9bergement Bizas Chambres d\u2019h\u00f4te\" \/>\n<meta property=\"og:description\" content=\"Profitez d&#039;un s\u00e9jour confortable dans notre studio pour 2 personnes chez Bizas Accommodation, \u00e9quip\u00e9 d&#039;une kitchenette, d&#039;un lit double, d&#039;une salle de bain priv\u00e9e, de la climatisation et d&#039;un balcon offrant une vue paisible sur le jardin et les montagnes.\" \/>\n<meta property=\"og:url\" content=\"https:\/\/www.bizas.gr\/fr\/accommodation-item\/studio-avec-terrasse\/\" \/>\n<meta property=\"og:site_name\" content=\"Paros H\u00e9bergement Bizas Chambres d\u2019h\u00f4te\" \/>\n<meta property=\"article:publisher\" content=\"https:\/\/www.facebook.com\/bizas.accommodation\" \/>\n<meta property=\"article:modified_time\" content=\"2025-12-13T15:43:11+00:00\" \/>\n<meta property=\"og:image\" content=\"https:\/\/www.bizas.gr\/wp-content\/uploads\/2025\/12\/studio-with-terrace-2.jpg\" \/>\n\t<meta property=\"og:image:width\" content=\"1024\" \/>\n\t<meta property=\"og:image:height\" content=\"577\" \/>\n\t<meta property=\"og:image:type\" content=\"image\/jpeg\" \/>\n<meta name=\"twitter:card\" content=\"summary_large_image\" \/>\n<meta name=\"twitter:label1\" content=\"Dur\u00e9e de lecture estim\u00e9e\" \/>\n\t<meta name=\"twitter:data1\" content=\"16 minutes\" \/>\n<script type=\"application\/ld+json\" class=\"yoast-schema-graph\">{\"@context\":\"https:\\\/\\\/schema.org\",\"@graph\":[{\"@type\":\"WebPage\",\"@id\":\"https:\\\/\\\/www.bizas.gr\\\/fr\\\/accommodation-item\\\/studio-avec-terrasse\\\/\",\"url\":\"https:\\\/\\\/www.bizas.gr\\\/fr\\\/accommodation-item\\\/studio-avec-terrasse\\\/\",\"name\":\"Studio pour Deux avec Terrasse - Paros H\u00e9bergement Bizas Chambres d\u2019h\u00f4te\",\"isPartOf\":{\"@id\":\"https:\\\/\\\/www.bizas.gr\\\/fr\\\/#website\"},\"primaryImageOfPage\":{\"@id\":\"https:\\\/\\\/www.bizas.gr\\\/fr\\\/accommodation-item\\\/studio-avec-terrasse\\\/#primaryimage\"},\"image\":{\"@id\":\"https:\\\/\\\/www.bizas.gr\\\/fr\\\/accommodation-item\\\/studio-avec-terrasse\\\/#primaryimage\"},\"thumbnailUrl\":\"https:\\\/\\\/www.bizas.gr\\\/wp-content\\\/uploads\\\/2025\\\/12\\\/studio-with-terrace-2.jpg\",\"datePublished\":\"2025-12-08T16:18:39+00:00\",\"dateModified\":\"2025-12-13T15:43:11+00:00\",\"description\":\"Profitez d'un s\u00e9jour confortable dans notre studio pour 2 personnes chez Bizas Accommodation, \u00e9quip\u00e9 d'une kitchenette, d'un lit double, d'une salle de bain priv\u00e9e, de la climatisation et d'un balcon offrant une vue paisible sur le jardin et les montagnes.\",\"breadcrumb\":{\"@id\":\"https:\\\/\\\/www.bizas.gr\\\/fr\\\/accommodation-item\\\/studio-avec-terrasse\\\/#breadcrumb\"},\"inLanguage\":\"fr-FR\",\"potentialAction\":[{\"@type\":\"ReadAction\",\"target\":[\"https:\\\/\\\/www.bizas.gr\\\/fr\\\/accommodation-item\\\/studio-avec-terrasse\\\/\"]}]},{\"@type\":\"ImageObject\",\"inLanguage\":\"fr-FR\",\"@id\":\"https:\\\/\\\/www.bizas.gr\\\/fr\\\/accommodation-item\\\/studio-avec-terrasse\\\/#primaryimage\",\"url\":\"https:\\\/\\\/www.bizas.gr\\\/wp-content\\\/uploads\\\/2025\\\/12\\\/studio-with-terrace-2.jpg\",\"contentUrl\":\"https:\\\/\\\/www.bizas.gr\\\/wp-content\\\/uploads\\\/2025\\\/12\\\/studio-with-terrace-2.jpg\",\"width\":1024,\"height\":577,\"caption\":\"Studio avec Terrasse\"},{\"@type\":\"BreadcrumbList\",\"@id\":\"https:\\\/\\\/www.bizas.gr\\\/fr\\\/accommodation-item\\\/studio-avec-terrasse\\\/#breadcrumb\",\"itemListElement\":[{\"@type\":\"ListItem\",\"position\":1,\"name\":\"Home\",\"item\":\"https:\\\/\\\/www.bizas.gr\\\/fr\\\/accueil\\\/\"},{\"@type\":\"ListItem\",\"position\":2,\"name\":\"Studio pour Deux avec Terrasse\"}]},{\"@type\":\"WebSite\",\"@id\":\"https:\\\/\\\/www.bizas.gr\\\/fr\\\/#website\",\"url\":\"https:\\\/\\\/www.bizas.gr\\\/fr\\\/\",\"name\":\"Bizas Accommodation Paros\",\"description\":\"Studios &amp; Appartements Paros Bizas \u00e0 Parikia\",\"publisher\":{\"@id\":\"https:\\\/\\\/www.bizas.gr\\\/fr\\\/#organization\"},\"potentialAction\":[{\"@type\":\"SearchAction\",\"target\":{\"@type\":\"EntryPoint\",\"urlTemplate\":\"https:\\\/\\\/www.bizas.gr\\\/fr\\\/?s={search_term_string}\"},\"query-input\":{\"@type\":\"PropertyValueSpecification\",\"valueRequired\":true,\"valueName\":\"search_term_string\"}}],\"inLanguage\":\"fr-FR\"},{\"@type\":\"Organization\",\"@id\":\"https:\\\/\\\/www.bizas.gr\\\/fr\\\/#organization\",\"name\":\"Bizas Accommodation Paros\",\"url\":\"https:\\\/\\\/www.bizas.gr\\\/fr\\\/\",\"logo\":{\"@type\":\"ImageObject\",\"inLanguage\":\"fr-FR\",\"@id\":\"https:\\\/\\\/www.bizas.gr\\\/fr\\\/#\\\/schema\\\/logo\\\/image\\\/\",\"url\":\"https:\\\/\\\/dev.bizas.gr\\\/wp-content\\\/uploads\\\/2025\\\/11\\\/bizas-apartments-paros.png\",\"contentUrl\":\"https:\\\/\\\/dev.bizas.gr\\\/wp-content\\\/uploads\\\/2025\\\/11\\\/bizas-apartments-paros.png\",\"width\":436,\"height\":115,\"caption\":\"Bizas Accommodation Paros\"},\"image\":{\"@id\":\"https:\\\/\\\/www.bizas.gr\\\/fr\\\/#\\\/schema\\\/logo\\\/image\\\/\"},\"sameAs\":[\"https:\\\/\\\/www.facebook.com\\\/bizas.accommodation\",\"https:\\\/\\\/www.instagram.com\\\/bizas.accommodation\\\/\"]}]}<\/script>\n<!-- \/ Yoast SEO plugin. -->","yoast_head_json":{"title":"Studio pour Deux avec Terrasse - Paros H\u00e9bergement Bizas Chambres d\u2019h\u00f4te","description":"Profitez d'un s\u00e9jour confortable dans notre studio pour 2 personnes chez Bizas Accommodation, \u00e9quip\u00e9 d'une kitchenette, d'un lit double, d'une salle de bain priv\u00e9e, de la climatisation et d'un balcon offrant une vue paisible sur le jardin et les montagnes.","robots":{"index":"index","follow":"follow","max-snippet":"max-snippet:-1","max-image-preview":"max-image-preview:large","max-video-preview":"max-video-preview:-1"},"canonical":"https:\/\/www.bizas.gr\/fr\/accommodation-item\/studio-avec-terrasse\/","og_locale":"fr_FR","og_type":"article","og_title":"Studio pour Deux avec Terrasse - Paros H\u00e9bergement Bizas Chambres d\u2019h\u00f4te","og_description":"Profitez d'un s\u00e9jour confortable dans notre studio pour 2 personnes chez Bizas Accommodation, \u00e9quip\u00e9 d'une kitchenette, d'un lit double, d'une salle de bain priv\u00e9e, de la climatisation et d'un balcon offrant une vue paisible sur le jardin et les montagnes.","og_url":"https:\/\/www.bizas.gr\/fr\/accommodation-item\/studio-avec-terrasse\/","og_site_name":"Paros H\u00e9bergement Bizas Chambres d\u2019h\u00f4te","article_publisher":"https:\/\/www.facebook.com\/bizas.accommodation","article_modified_time":"2025-12-13T15:43:11+00:00","og_image":[{"width":1024,"height":577,"url":"https:\/\/www.bizas.gr\/wp-content\/uploads\/2025\/12\/studio-with-terrace-2.jpg","type":"image\/jpeg"}],"twitter_card":"summary_large_image","twitter_misc":{"Dur\u00e9e de lecture estim\u00e9e":"16 minutes"},"schema":{"@context":"https:\/\/schema.org","@graph":[{"@type":"WebPage","@id":"https:\/\/www.bizas.gr\/fr\/accommodation-item\/studio-avec-terrasse\/","url":"https:\/\/www.bizas.gr\/fr\/accommodation-item\/studio-avec-terrasse\/","name":"Studio pour Deux avec Terrasse - Paros H\u00e9bergement Bizas Chambres d\u2019h\u00f4te","isPartOf":{"@id":"https:\/\/www.bizas.gr\/fr\/#website"},"primaryImageOfPage":{"@id":"https:\/\/www.bizas.gr\/fr\/accommodation-item\/studio-avec-terrasse\/#primaryimage"},"image":{"@id":"https:\/\/www.bizas.gr\/fr\/accommodation-item\/studio-avec-terrasse\/#primaryimage"},"thumbnailUrl":"https:\/\/www.bizas.gr\/wp-content\/uploads\/2025\/12\/studio-with-terrace-2.jpg","datePublished":"2025-12-08T16:18:39+00:00","dateModified":"2025-12-13T15:43:11+00:00","description":"Profitez d'un s\u00e9jour confortable dans notre studio pour 2 personnes chez Bizas Accommodation, \u00e9quip\u00e9 d'une kitchenette, d'un lit double, d'une salle de bain priv\u00e9e, de la climatisation et d'un balcon offrant une vue paisible sur le jardin et les montagnes.","breadcrumb":{"@id":"https:\/\/www.bizas.gr\/fr\/accommodation-item\/studio-avec-terrasse\/#breadcrumb"},"inLanguage":"fr-FR","potentialAction":[{"@type":"ReadAction","target":["https:\/\/www.bizas.gr\/fr\/accommodation-item\/studio-avec-terrasse\/"]}]},{"@type":"ImageObject","inLanguage":"fr-FR","@id":"https:\/\/www.bizas.gr\/fr\/accommodation-item\/studio-avec-terrasse\/#primaryimage","url":"https:\/\/www.bizas.gr\/wp-content\/uploads\/2025\/12\/studio-with-terrace-2.jpg","contentUrl":"https:\/\/www.bizas.gr\/wp-content\/uploads\/2025\/12\/studio-with-terrace-2.jpg","width":1024,"height":577,"caption":"Studio avec Terrasse"},{"@type":"BreadcrumbList","@id":"https:\/\/www.bizas.gr\/fr\/accommodation-item\/studio-avec-terrasse\/#breadcrumb","itemListElement":[{"@type":"ListItem","position":1,"name":"Home","item":"https:\/\/www.bizas.gr\/fr\/accueil\/"},{"@type":"ListItem","position":2,"name":"Studio pour Deux avec Terrasse"}]},{"@type":"WebSite","@id":"https:\/\/www.bizas.gr\/fr\/#website","url":"https:\/\/www.bizas.gr\/fr\/","name":"Bizas Accommodation Paros","description":"Studios &amp; Appartements Paros Bizas \u00e0 Parikia","publisher":{"@id":"https:\/\/www.bizas.gr\/fr\/#organization"},"potentialAction":[{"@type":"SearchAction","target":{"@type":"EntryPoint","urlTemplate":"https:\/\/www.bizas.gr\/fr\/?s={search_term_string}"},"query-input":{"@type":"PropertyValueSpecification","valueRequired":true,"valueName":"search_term_string"}}],"inLanguage":"fr-FR"},{"@type":"Organization","@id":"https:\/\/www.bizas.gr\/fr\/#organization","name":"Bizas Accommodation Paros","url":"https:\/\/www.bizas.gr\/fr\/","logo":{"@type":"ImageObject","inLanguage":"fr-FR","@id":"https:\/\/www.bizas.gr\/fr\/#\/schema\/logo\/image\/","url":"https:\/\/dev.bizas.gr\/wp-content\/uploads\/2025\/11\/bizas-apartments-paros.png","contentUrl":"https:\/\/dev.bizas.gr\/wp-content\/uploads\/2025\/11\/bizas-apartments-paros.png","width":436,"height":115,"caption":"Bizas Accommodation Paros"},"image":{"@id":"https:\/\/www.bizas.gr\/fr\/#\/schema\/logo\/image\/"},"sameAs":["https:\/\/www.facebook.com\/bizas.accommodation","https:\/\/www.instagram.com\/bizas.accommodation\/"]}]}},"_links":{"self":[{"href":"https:\/\/www.bizas.gr\/fr\/wp-json\/wp\/v2\/portfolio\/513","targetHints":{"allow":["GET"]}}],"collection":[{"href":"https:\/\/www.bizas.gr\/fr\/wp-json\/wp\/v2\/portfolio"}],"about":[{"href":"https:\/\/www.bizas.gr\/fr\/wp-json\/wp\/v2\/types\/portfolio"}],"author":[{"embeddable":true,"href":"https:\/\/www.bizas.gr\/fr\/wp-json\/wp\/v2\/users\/1"}],"replies":[{"embeddable":true,"href":"https:\/\/www.bizas.gr\/fr\/wp-json\/wp\/v2\/comments?post=513"}],"version-history":[{"count":10,"href":"https:\/\/www.bizas.gr\/fr\/wp-json\/wp\/v2\/portfolio\/513\/revisions"}],"predecessor-version":[{"id":939,"href":"https:\/\/www.bizas.gr\/fr\/wp-json\/wp\/v2\/portfolio\/513\/revisions\/939"}],"wp:featuredmedia":[{"embeddable":true,"href":"https:\/\/www.bizas.gr\/fr\/wp-json\/wp\/v2\/media\/509"}],"wp:attachment":[{"href":"https:\/\/www.bizas.gr\/fr\/wp-json\/wp\/v2\/media?parent=513"}],"wp:term":[{"taxonomy":"post_tag","embeddable":true,"href":"https:\/\/www.bizas.gr\/fr\/wp-json\/wp\/v2\/tags?post=513"},{"taxonomy":"portfolio_entries","embeddable":true,"href":"https:\/\/www.bizas.gr\/fr\/wp-json\/wp\/v2\/portfolio_entries?post=513"}],"curies":[{"name":"wp","href":"https:\/\/api.w.org\/{rel}","templated":true}]}}