{"id":458,"date":"2025-11-23T20:33:11","date_gmt":"2025-11-23T18:33:11","guid":{"rendered":"https:\/\/dev.bizas.gr\/parikia-paros\/archeologie\/"},"modified":"2025-12-14T12:50:58","modified_gmt":"2025-12-14T10:50:58","slug":"archeologie","status":"publish","type":"page","link":"https:\/\/www.bizas.gr\/fr\/parikia-paros\/archeologie\/","title":{"rendered":"Arch\u00e9ologie"},"content":{"rendered":"<div id='av_section_1'  class='avia-section av-p48n-1a9bc0cee9c5dce02b9ce4ddcc0cf617 main_color avia-section-small avia-no-shadow  avia-builder-el-0  el_before_av_layout_row  avia-builder-el-first  avia-bg-style-scroll container_wrap fullsize'  ><div class='container av-section-cont-open' ><main  role=\"main\" itemprop=\"mainContentOfPage\"  class='template-page content  av-content-full alpha units'><div class='post-entry post-entry-type-page post-entry-458'><div class='entry-content-wrapper clearfix'>\n\n<style type=\"text\/css\" data-created_by=\"avia_inline_auto\" id=\"style-css-av-migl35xu-72585bd6c59890f049221e3c4cc38faa\">\n#top .av-special-heading.av-migl35xu-72585bd6c59890f049221e3c4cc38faa{\npadding-bottom:10px;\n}\nbody .av-special-heading.av-migl35xu-72585bd6c59890f049221e3c4cc38faa .av-special-heading-tag .heading-char{\nfont-size:25px;\n}\n.av-special-heading.av-migl35xu-72585bd6c59890f049221e3c4cc38faa .av-subheading{\nfont-size:15px;\n}\n<\/style>\n<div  class='av-special-heading av-migl35xu-72585bd6c59890f049221e3c4cc38faa av-special-heading-h2 blockquote modern-quote modern-centered  avia-builder-el-1  avia-builder-el-no-sibling '><div class='av-subheading av-subheading_above'><p>L&rsquo;histoire ancienne de Parikia est tr\u00e8s pr\u00e9sente dans la vie quotidienne !<\/p>\n<\/div><h2 class='av-special-heading-tag '  itemprop=\"headline\"  >Un paradis pour les amateurs d\u2019antiquit\u00e9s<\/h2><div class=\"special-heading-border\"><div class=\"special-heading-inner-border\"><\/div><\/div><\/div>\n\n<\/div><\/div><\/main><!-- close content main element --><\/div><\/div><div id='av-layout-grid-1'  class='av-layout-grid-container av-78msf-7cd0f67fb8150a8b785627151f90fe13 entry-content-wrapper main_color av-border-top-bottom av-border-cells av-flex-cells  avia-builder-el-2  el_after_av_section  el_before_av_layout_row  grid-row-not-first  container_wrap fullsize'  >\n<div class='flex_cell av-6uwnj-6bb46578778f51c83fa6cec9892bc3bb av-gridrow-cell av_one_third no_margin  avia-builder-el-3  el_before_av_cell_one_third  avia-builder-el-first '  ><div class='flex_cell_inner'><p>\n<style type=\"text\/css\" data-created_by=\"avia_inline_auto\" id=\"style-css-av-miegzrmb-a5c24da91e6be2209dc4ff1f921f389b\">\n.avia-image-container.av-miegzrmb-a5c24da91e6be2209dc4ff1f921f389b img.avia_image{\nbox-shadow:none;\n}\n.avia-image-container.av-miegzrmb-a5c24da91e6be2209dc4ff1f921f389b .av-image-caption-overlay-center{\ncolor:#ffffff;\n}\n<\/style>\n<div  class='avia-image-container av-miegzrmb-a5c24da91e6be2209dc4ff1f921f389b av-styling- av-img-linked avia-align-center  avia-builder-el-4  el_before_av_textblock  avia-builder-el-first '   itemprop=\"image\" itemscope=\"itemscope\" itemtype=\"https:\/\/schema.org\/ImageObject\" ><div class=\"avia-image-container-inner\"><div class=\"avia-image-overlay-wrap\"><a href=\"https:\/\/www.bizas.gr\/wp-content\/uploads\/2025\/11\/Ancient-Cemetery.jpg\" data-srcset=\"https:\/\/www.bizas.gr\/wp-content\/uploads\/2025\/11\/Ancient-Cemetery.jpg 598w, https:\/\/www.bizas.gr\/wp-content\/uploads\/2025\/11\/Ancient-Cemetery-300x223.jpg 300w\" data-sizes=\"(max-width: 598px) 100vw, 598px\" class='avia_image '  aria-label='Ancien cimeti\u00e8re \u00e0 Parikia, Paros'><img decoding=\"async\" loading=\"lazy\" class='wp-image-446 avia-img-lazy-loading-446 avia_image ' src=\"https:\/\/www.bizas.gr\/wp-content\/uploads\/2025\/11\/Ancient-Cemetery.jpg\" alt='Ancien cimeti\u00e8re \u00e0 Parikia, Paros' title='Ancien cimeti\u00e8re \u00e0 Parikia, Paros'  height=\"444\" width=\"598\"  itemprop=\"thumbnailUrl\" srcset=\"https:\/\/www.bizas.gr\/wp-content\/uploads\/2025\/11\/Ancient-Cemetery.jpg 598w, https:\/\/www.bizas.gr\/wp-content\/uploads\/2025\/11\/Ancient-Cemetery-300x223.jpg 300w\" sizes=\"auto, (max-width: 598px) 100vw, 598px\" \/><\/a><\/div><\/div><\/div><br \/>\n<section  class='av_textblock_section av-mieh03s6-832f7b48131927723a13d5adb4c6355a '   itemscope=\"itemscope\" itemtype=\"https:\/\/schema.org\/CreativeWork\" ><div class='avia_textblock'  itemprop=\"text\" ><p><strong>Cimeti\u00e8re antique<\/strong><br \/>\nPr\u00e8s du port de Parikia.<br \/>Vestiges datant de la p\u00e9riode g\u00e9om\u00e9trique (VIIIe si\u00e8cle av. J.-C.) \u00e0 la p\u00e9riode romaine (IIe si\u00e8cle).<\/p>\n<\/div><\/section><\/p>\n<\/div><\/div><div class='flex_cell av-67lub-6dffb5a1987a46f1875ee5711b1ec91d av-gridrow-cell av_one_third no_margin  avia-builder-el-6  el_after_av_cell_one_third  el_before_av_cell_one_third '  ><div class='flex_cell_inner'><p>\n<style type=\"text\/css\" data-created_by=\"avia_inline_auto\" id=\"style-css-av-migk9vgn-8c655896d4f29ba70430c3bd947a1db9\">\n.avia-image-container.av-migk9vgn-8c655896d4f29ba70430c3bd947a1db9 img.avia_image{\nbox-shadow:none;\n}\n.avia-image-container.av-migk9vgn-8c655896d4f29ba70430c3bd947a1db9 .av-image-caption-overlay-center{\ncolor:#ffffff;\n}\n<\/style>\n<div  class='avia-image-container av-migk9vgn-8c655896d4f29ba70430c3bd947a1db9 av-styling- av-img-linked avia-align-center  avia-builder-el-7  el_before_av_textblock  avia-builder-el-first '   itemprop=\"image\" itemscope=\"itemscope\" itemtype=\"https:\/\/schema.org\/ImageObject\" ><div class=\"avia-image-container-inner\"><div class=\"avia-image-overlay-wrap\"><a href=\"https:\/\/www.bizas.gr\/wp-content\/uploads\/2025\/11\/The-Sanctuary-of-Asklepios-Parikia.jpg\" data-srcset=\"https:\/\/www.bizas.gr\/wp-content\/uploads\/2025\/11\/The-Sanctuary-of-Asklepios-Parikia.jpg 598w, https:\/\/www.bizas.gr\/wp-content\/uploads\/2025\/11\/The-Sanctuary-of-Asklepios-Parikia-300x223.jpg 300w\" data-sizes=\"(max-width: 598px) 100vw, 598px\" class='avia_image '  aria-label='Le sanctuaire d&#039;Ascl\u00e9pios Parikia'><img decoding=\"async\" loading=\"lazy\" class='wp-image-447 avia-img-lazy-loading-447 avia_image ' src=\"https:\/\/www.bizas.gr\/wp-content\/uploads\/2025\/11\/The-Sanctuary-of-Asklepios-Parikia.jpg\" alt='Le sanctuaire d&#039;Ascl\u00e9pios Parikia' title='Le sanctuaire d&#039;Ascl\u00e9pios Parikia'  height=\"444\" width=\"598\"  itemprop=\"thumbnailUrl\" srcset=\"https:\/\/www.bizas.gr\/wp-content\/uploads\/2025\/11\/The-Sanctuary-of-Asklepios-Parikia.jpg 598w, https:\/\/www.bizas.gr\/wp-content\/uploads\/2025\/11\/The-Sanctuary-of-Asklepios-Parikia-300x223.jpg 300w\" sizes=\"auto, (max-width: 598px) 100vw, 598px\" \/><\/a><\/div><\/div><\/div><br \/>\n<section  class='av_textblock_section av-migk908f-c513e849bd2afe34adec0b6e91d3dd88 '   itemscope=\"itemscope\" itemtype=\"https:\/\/schema.org\/CreativeWork\" ><div class='avia_textblock'  itemprop=\"text\" ><p><strong>Le sanctuaire D&rsquo;Ascl\u00e9pios<\/strong><br \/>Au sud de Parikia, ce monument d\u00e9di\u00e9 \u00e0 Ascl\u00e9pios, dieu de la m\u00e9decine, date de la p\u00e9riode classique (IVe si\u00e8cle avant J.-C.). On peut y observer des morceaux de colonnes doriques en marbre antique de Paros; ainsi que les vestiges d\u2019un autre temple, d\u00e9di\u00e9 \u00e0 la Pythie d\u2019Apollon.<\/p>\n<\/div><\/section><\/p>\n<\/div><\/div>\n<style type=\"text\/css\" data-created_by=\"avia_inline_auto\" id=\"style-css-av-24dv-f958141730ac771f124a2848042e9355\">\n.flex_cell.av-24dv-f958141730ac771f124a2848042e9355{\nvertical-align:top;\n}\n<\/style>\n<div class='flex_cell av-24dv-f958141730ac771f124a2848042e9355 av-gridrow-cell av_one_third no_margin  avia-builder-el-9  el_after_av_cell_one_third  avia-builder-el-last  content-align-top'  ><div class='flex_cell_inner'><p>\n<style type=\"text\/css\" data-created_by=\"avia_inline_auto\" id=\"style-css-av-migkb6p3-02382f75e866c26f079d0e6800e5df89\">\n.avia-image-container.av-migkb6p3-02382f75e866c26f079d0e6800e5df89 img.avia_image{\nbox-shadow:none;\n}\n.avia-image-container.av-migkb6p3-02382f75e866c26f079d0e6800e5df89 .av-image-caption-overlay-center{\ncolor:#ffffff;\n}\n<\/style>\n<div  class='avia-image-container av-migkb6p3-02382f75e866c26f079d0e6800e5df89 av-styling- av-img-linked avia-align-center  avia-builder-el-10  el_before_av_textblock  avia-builder-el-first '   itemprop=\"image\" itemscope=\"itemscope\" itemtype=\"https:\/\/schema.org\/ImageObject\" ><div class=\"avia-image-container-inner\"><div class=\"avia-image-overlay-wrap\"><a href=\"https:\/\/www.bizas.gr\/wp-content\/uploads\/2025\/11\/venitian-kastro-parikia.jpg\" data-srcset=\"https:\/\/www.bizas.gr\/wp-content\/uploads\/2025\/11\/venitian-kastro-parikia.jpg 598w, https:\/\/www.bizas.gr\/wp-content\/uploads\/2025\/11\/venitian-kastro-parikia-300x223.jpg 300w\" data-sizes=\"(max-width: 598px) 100vw, 598px\" class='avia_image '  aria-label='La citadelle Franque \u00e0 Parikia'><img decoding=\"async\" loading=\"lazy\" class='wp-image-448 avia-img-lazy-loading-448 avia_image ' src=\"https:\/\/www.bizas.gr\/wp-content\/uploads\/2025\/11\/venitian-kastro-parikia.jpg\" alt='La citadelle Franque \u00e0 Parikia' title='La citadelle Franque \u00e0 Parikia'  height=\"444\" width=\"598\"  itemprop=\"thumbnailUrl\" srcset=\"https:\/\/www.bizas.gr\/wp-content\/uploads\/2025\/11\/venitian-kastro-parikia.jpg 598w, https:\/\/www.bizas.gr\/wp-content\/uploads\/2025\/11\/venitian-kastro-parikia-300x223.jpg 300w\" sizes=\"auto, (max-width: 598px) 100vw, 598px\" \/><\/a><\/div><\/div><\/div><br \/>\n<section  class='av_textblock_section av-migkcfi0-df1e27279b14c8491f150a66825dfffc '   itemscope=\"itemscope\" itemtype=\"https:\/\/schema.org\/CreativeWork\" ><div class='avia_textblock'  itemprop=\"text\" ><p>Le \u00ab\u00a0Kastro\u00a0\u00bb<br \/>\nAu c\u0153ur de la vieille-ville, la citadelle franque construite en 1260 par le Duc de Naxos \u00e0 partir de pierres provenant d&rsquo;anciens temples et d&rsquo;autres structures. Sur la photo ci-dessus, vous pouvez voir le mur de garde nord-est.<\/p>\n<\/div><\/section><\/p>\n<\/div><\/div><\/div><div id='av-layout-grid-2'  class='av-layout-grid-container av-57nxr-9ad5a8972fe2a4c54401d0f147bddfc1 entry-content-wrapper main_color av-border-top-bottom av-border-cells av-flex-cells  avia-builder-el-12  el_after_av_layout_row  el_before_av_layout_row  grid-row-not-first  container_wrap fullsize'  >\n<div class='flex_cell av-49hzz-2339f746b8b032015c8e05fbfd30cda8 av-gridrow-cell av_one_third no_margin  avia-builder-el-13  el_before_av_cell_one_third  avia-builder-el-first '  ><div class='flex_cell_inner'><p>\n<style type=\"text\/css\" data-created_by=\"avia_inline_auto\" id=\"style-css-av-migkd7ap-fd9fb68c1a11940135d118582413fbc9\">\n.avia-image-container.av-migkd7ap-fd9fb68c1a11940135d118582413fbc9 img.avia_image{\nbox-shadow:none;\n}\n.avia-image-container.av-migkd7ap-fd9fb68c1a11940135d118582413fbc9 .av-image-caption-overlay-center{\ncolor:#ffffff;\n}\n<\/style>\n<div  class='avia-image-container av-migkd7ap-fd9fb68c1a11940135d118582413fbc9 av-styling- av-img-linked avia-align-center  avia-builder-el-14  el_before_av_textblock  avia-builder-el-first '   itemprop=\"image\" itemscope=\"itemscope\" itemtype=\"https:\/\/schema.org\/ImageObject\" ><div class=\"avia-image-container-inner\"><div class=\"avia-image-overlay-wrap\"><a href=\"https:\/\/www.bizas.gr\/wp-content\/uploads\/2025\/11\/Temple-of-Athina-Parikia.jpg\" data-srcset=\"https:\/\/www.bizas.gr\/wp-content\/uploads\/2025\/11\/Temple-of-Athina-Parikia.jpg 598w, https:\/\/www.bizas.gr\/wp-content\/uploads\/2025\/11\/Temple-of-Athina-Parikia-300x223.jpg 300w\" data-sizes=\"(max-width: 598px) 100vw, 598px\" class='avia_image '  aria-label='Temple d&#039;Ath\u00e9na Parikia'><img decoding=\"async\" loading=\"lazy\" class='wp-image-449 avia-img-lazy-loading-449 avia_image ' src=\"https:\/\/www.bizas.gr\/wp-content\/uploads\/2025\/11\/Temple-of-Athina-Parikia.jpg\" alt='Temple d&#039;Ath\u00e9na Parikia' title='Temple d&#039;Ath\u00e9na Parikia'  height=\"444\" width=\"598\"  itemprop=\"thumbnailUrl\" srcset=\"https:\/\/www.bizas.gr\/wp-content\/uploads\/2025\/11\/Temple-of-Athina-Parikia.jpg 598w, https:\/\/www.bizas.gr\/wp-content\/uploads\/2025\/11\/Temple-of-Athina-Parikia-300x223.jpg 300w\" sizes=\"auto, (max-width: 598px) 100vw, 598px\" \/><\/a><\/div><\/div><\/div><br \/>\n<section  class='av_textblock_section av-migkea8n-4838032064424faea08624c9708f0196 '   itemscope=\"itemscope\" itemtype=\"https:\/\/schema.org\/CreativeWork\" ><div class='avia_textblock'  itemprop=\"text\" ><h4>Le temple d&rsquo;Ath\u00e9na<\/h4>\n<p>Les fondation du temple d\u00e9di\u00e9 \u00e0 Ath\u00e9na font partie de l&rsquo;\u00e9glise post-byzantine Agios Konstantinos, situ\u00e9e au plus haut du \u201cKastro\u201d. A ses pieds se trouvent des vestiges de l&rsquo;habitat pr\u00e9historique sur l&rsquo;\u00eele.<\/p>\n<\/div><\/section><\/p>\n<\/div><\/div><div class='flex_cell av-42gg7-2fa769805ab39f43b03846cc82553491 av-gridrow-cell av_one_third no_margin  avia-builder-el-16  el_after_av_cell_one_third  el_before_av_cell_one_third '  ><div class='flex_cell_inner'><p>\n<style type=\"text\/css\" data-created_by=\"avia_inline_auto\" id=\"style-css-av-3b81r-1fccbde4918e0e25e4b05b0cebbf0de6\">\n.avia-image-container.av-3b81r-1fccbde4918e0e25e4b05b0cebbf0de6 img.avia_image{\nbox-shadow:none;\n}\n.avia-image-container.av-3b81r-1fccbde4918e0e25e4b05b0cebbf0de6 .av-image-caption-overlay-center{\ncolor:#ffffff;\n}\n<\/style>\n<div  class='avia-image-container av-3b81r-1fccbde4918e0e25e4b05b0cebbf0de6 av-styling- av-img-linked avia-align-center  avia-builder-el-17  el_before_av_textblock  avia-builder-el-first '   itemprop=\"image\" itemscope=\"itemscope\" itemtype=\"https:\/\/schema.org\/ImageObject\" ><div class=\"avia-image-container-inner\"><div class=\"avia-image-overlay-wrap\"><a href=\"https:\/\/www.bizas.gr\/wp-content\/uploads\/2025\/11\/Hellenistic-House-Parikia.jpg\" data-srcset=\"https:\/\/www.bizas.gr\/wp-content\/uploads\/2025\/11\/Hellenistic-House-Parikia.jpg 598w, https:\/\/www.bizas.gr\/wp-content\/uploads\/2025\/11\/Hellenistic-House-Parikia-300x223.jpg 300w\" data-sizes=\"(max-width: 598px) 100vw, 598px\" class='avia_image '  aria-label='Maison hell\u00e9nistique Parikia'><img decoding=\"async\" loading=\"lazy\" class='wp-image-450 avia-img-lazy-loading-450 avia_image ' src=\"https:\/\/www.bizas.gr\/wp-content\/uploads\/2025\/11\/Hellenistic-House-Parikia.jpg\" alt='Maison hell\u00e9nistique Parikia' title='Maison hell\u00e9nistique Parikia'  height=\"444\" width=\"598\"  itemprop=\"thumbnailUrl\" srcset=\"https:\/\/www.bizas.gr\/wp-content\/uploads\/2025\/11\/Hellenistic-House-Parikia.jpg 598w, https:\/\/www.bizas.gr\/wp-content\/uploads\/2025\/11\/Hellenistic-House-Parikia-300x223.jpg 300w\" sizes=\"auto, (max-width: 598px) 100vw, 598px\" \/><\/a><\/div><\/div><\/div><br \/>\n<section  class='av_textblock_section av-2n5az-f7ea02cc1a7946bfc471d46011171c89 '   itemscope=\"itemscope\" itemtype=\"https:\/\/schema.org\/CreativeWork\" ><div class='avia_textblock'  itemprop=\"text\" ><h4>La maison Hell\u00e9nistique<\/h4>\n<p>Derri\u00e8re le mus\u00e9e arch\u00e9ologique se trouvent les restes de 3 maisons de l&rsquo;\u00e9poque hell\u00e9nistique avec notamment une mosa\u00efque datant du IIIe si\u00e8cle av. JC.<\/p>\n<\/div><\/section><\/p>\n<\/div><\/div>\n<style type=\"text\/css\" data-created_by=\"avia_inline_auto\" id=\"style-css-av-2cz3n-9dc33ff36598b9d90b325a7e58912b29\">\n.flex_cell.av-2cz3n-9dc33ff36598b9d90b325a7e58912b29{\nvertical-align:top;\n}\n<\/style>\n<div class='flex_cell av-2cz3n-9dc33ff36598b9d90b325a7e58912b29 av-gridrow-cell av_one_third no_margin  avia-builder-el-19  el_after_av_cell_one_third  avia-builder-el-last  content-align-top'  ><div class='flex_cell_inner'><p>\n<style type=\"text\/css\" data-created_by=\"avia_inline_auto\" id=\"style-css-av-1bgen-3e21ec5c63903e9de5b875ba5e54c98b\">\n.avia-image-container.av-1bgen-3e21ec5c63903e9de5b875ba5e54c98b img.avia_image{\nbox-shadow:none;\n}\n.avia-image-container.av-1bgen-3e21ec5c63903e9de5b875ba5e54c98b .av-image-caption-overlay-center{\ncolor:#ffffff;\n}\n<\/style>\n<div  class='avia-image-container av-1bgen-3e21ec5c63903e9de5b875ba5e54c98b av-styling- av-img-linked avia-align-center  avia-builder-el-20  el_before_av_textblock  avia-builder-el-first '   itemprop=\"image\" itemscope=\"itemscope\" itemtype=\"https:\/\/schema.org\/ImageObject\" ><div class=\"avia-image-container-inner\"><div class=\"avia-image-overlay-wrap\"><a href=\"https:\/\/www.bizas.gr\/wp-content\/uploads\/2025\/11\/open-air-sanctuary-parikia.jpg\" data-srcset=\"https:\/\/www.bizas.gr\/wp-content\/uploads\/2025\/11\/open-air-sanctuary-parikia.jpg 598w, https:\/\/www.bizas.gr\/wp-content\/uploads\/2025\/11\/open-air-sanctuary-parikia-300x223.jpg 300w\" data-sizes=\"(max-width: 598px) 100vw, 598px\" class='avia_image '  aria-label='Le sanctuaire d&#039;Apollon d\u00e9lien'><img decoding=\"async\" loading=\"lazy\" class='wp-image-451 avia-img-lazy-loading-451 avia_image ' src=\"https:\/\/www.bizas.gr\/wp-content\/uploads\/2025\/11\/open-air-sanctuary-parikia.jpg\" alt='Sanctuaire en plein air Secteur d&#039;Aghios Pantelleimon Parikia Paros' title='Le sanctuaire d&#039;Apollon d\u00e9lien'  height=\"444\" width=\"598\"  itemprop=\"thumbnailUrl\" srcset=\"https:\/\/www.bizas.gr\/wp-content\/uploads\/2025\/11\/open-air-sanctuary-parikia.jpg 598w, https:\/\/www.bizas.gr\/wp-content\/uploads\/2025\/11\/open-air-sanctuary-parikia-300x223.jpg 300w\" sizes=\"auto, (max-width: 598px) 100vw, 598px\" \/><\/a><\/div><\/div><\/div><br \/>\n<section  class='av_textblock_section av-ukzz-a35d77c9b51e4986319ea35e29be1b5f '   itemscope=\"itemscope\" itemtype=\"https:\/\/schema.org\/CreativeWork\" ><div class='avia_textblock'  itemprop=\"text\" ><h4>Le sanctuaire d&rsquo;Apollon d\u00e9lien<\/h4>\n<p>Situ\u00e9 \u00e0 l&rsquo;est du mus\u00e9e arch\u00e9ologique dans le secteur de l\u2019\u00a0\u00bbArchilocheion\u201d, une statue monumentale d&rsquo;Art\u00e9mis y fut d\u00e9couverte, elle se trouve aujourd&rsquo;hui dans le mus\u00e9e.<\/p>\n<\/div><\/section><\/p>\n<\/div><\/div><\/div><div id='av-layout-grid-3'  class='av-layout-grid-container av-4ugbj-fd83ac4c0eb4bb114bd78cc3d32e6fd1 entry-content-wrapper main_color av-border-top-bottom av-border-cells av-flex-cells  avia-builder-el-22  el_after_av_layout_row  el_before_av_layout_row  grid-row-not-first  container_wrap fullsize'  >\n<div class='flex_cell av-4eimr-e5c22af6df6d0439d4d1d1b1cc541e76 av-gridrow-cell av_one_third no_margin  avia-builder-el-23  el_before_av_cell_one_third  avia-builder-el-first '  ><div class='flex_cell_inner'><p>\n<style type=\"text\/css\" data-created_by=\"avia_inline_auto\" id=\"style-css-av-migknag1-d4e2e5c94ea498f11d4f1d853c50473a\">\n.avia-image-container.av-migknag1-d4e2e5c94ea498f11d4f1d853c50473a img.avia_image{\nbox-shadow:none;\n}\n.avia-image-container.av-migknag1-d4e2e5c94ea498f11d4f1d853c50473a .av-image-caption-overlay-center{\ncolor:#ffffff;\n}\n<\/style>\n<div  class='avia-image-container av-migknag1-d4e2e5c94ea498f11d4f1d853c50473a av-styling- av-img-linked avia-align-center  avia-builder-el-24  el_before_av_textblock  avia-builder-el-first '   itemprop=\"image\" itemscope=\"itemscope\" itemtype=\"https:\/\/schema.org\/ImageObject\" ><div class=\"avia-image-container-inner\"><div class=\"avia-image-overlay-wrap\"><a href=\"https:\/\/www.bizas.gr\/wp-content\/uploads\/2025\/11\/three-churches-parikia.jpg\" data-srcset=\"https:\/\/www.bizas.gr\/wp-content\/uploads\/2025\/11\/three-churches-parikia.jpg 598w, https:\/\/www.bizas.gr\/wp-content\/uploads\/2025\/11\/three-churches-parikia-300x223.jpg 300w\" data-sizes=\"(max-width: 598px) 100vw, 598px\" class='avia_image '  aria-label='Trois \u00e9glises Parikia'><img decoding=\"async\" loading=\"lazy\" class='wp-image-452 avia-img-lazy-loading-452 avia_image ' src=\"https:\/\/www.bizas.gr\/wp-content\/uploads\/2025\/11\/three-churches-parikia.jpg\" alt='Trois \u00e9glises Parikia' title='Trois \u00e9glises Parikia'  height=\"444\" width=\"598\"  itemprop=\"thumbnailUrl\" srcset=\"https:\/\/www.bizas.gr\/wp-content\/uploads\/2025\/11\/three-churches-parikia.jpg 598w, https:\/\/www.bizas.gr\/wp-content\/uploads\/2025\/11\/three-churches-parikia-300x223.jpg 300w\" sizes=\"auto, (max-width: 598px) 100vw, 598px\" \/><\/a><\/div><\/div><\/div><br \/>\n<section  class='av_textblock_section av-migkqibb-9d6dacf31e3f57d82c31c7ab496e3294 '   itemscope=\"itemscope\" itemtype=\"https:\/\/schema.org\/CreativeWork\" ><div class='avia_textblock'  itemprop=\"text\" ><h4>Tris Eklisies (Les \u00ab\u00a0trois \u00e9glises\u00a0\u00bb)<\/h4>\n<p>Sur la route entre Parikia et Naoussa, vous arriverez au site de Tris Ekklisies, qui signifie \u00ab Trois \u00c9glises \u00bb. Une basilique pal\u00e9ochr\u00e9tienne datant des VIe-VIIe si\u00e8cles apr\u00e8s J.-C. a \u00e9t\u00e9 mise au jour sous les vestiges d&rsquo;\u00e9glises du XVIIe si\u00e8cle, dont la construction int\u00e9grait des mat\u00e9riaux anciens.<\/p>\n<\/div><\/section><\/p>\n<\/div><\/div><div class='flex_cell av-ev6j-c9c3e88629f11f509a54b0ad06f86575 av-gridrow-cell av_one_third no_margin  avia-builder-el-26  el_after_av_cell_one_third  el_before_av_cell_one_third '  ><div class='flex_cell_inner'><p>\n<style type=\"text\/css\" data-created_by=\"avia_inline_auto\" id=\"style-css-av-migkqvmp-270f477d7a98112cadb0bd4444a55d90\">\n.avia-image-container.av-migkqvmp-270f477d7a98112cadb0bd4444a55d90 img.avia_image{\nbox-shadow:none;\n}\n.avia-image-container.av-migkqvmp-270f477d7a98112cadb0bd4444a55d90 .av-image-caption-overlay-center{\ncolor:#ffffff;\n}\n<\/style>\n<div  class='avia-image-container av-migkqvmp-270f477d7a98112cadb0bd4444a55d90 av-styling- av-img-linked avia-align-center  avia-builder-el-27  el_before_av_textblock  avia-builder-el-first '   itemprop=\"image\" itemscope=\"itemscope\" itemtype=\"https:\/\/schema.org\/ImageObject\" ><div class=\"avia-image-container-inner\"><div class=\"avia-image-overlay-wrap\"><a href=\"https:\/\/www.bizas.gr\/wp-content\/uploads\/2025\/11\/Ancient-Pottery-Workshop-Parikia.jpg\" data-srcset=\"https:\/\/www.bizas.gr\/wp-content\/uploads\/2025\/11\/Ancient-Pottery-Workshop-Parikia.jpg 598w, https:\/\/www.bizas.gr\/wp-content\/uploads\/2025\/11\/Ancient-Pottery-Workshop-Parikia-300x223.jpg 300w\" data-sizes=\"(max-width: 598px) 100vw, 598px\" class='avia_image '  aria-label='Atelier de poterie antique Parikia'><img decoding=\"async\" loading=\"lazy\" class='wp-image-453 avia-img-lazy-loading-453 avia_image ' src=\"https:\/\/www.bizas.gr\/wp-content\/uploads\/2025\/11\/Ancient-Pottery-Workshop-Parikia.jpg\" alt='Atelier de poterie antique Parikia' title='Atelier de poterie antique Parikia'  height=\"444\" width=\"598\"  itemprop=\"thumbnailUrl\" srcset=\"https:\/\/www.bizas.gr\/wp-content\/uploads\/2025\/11\/Ancient-Pottery-Workshop-Parikia.jpg 598w, https:\/\/www.bizas.gr\/wp-content\/uploads\/2025\/11\/Ancient-Pottery-Workshop-Parikia-300x223.jpg 300w\" sizes=\"auto, (max-width: 598px) 100vw, 598px\" \/><\/a><\/div><\/div><\/div><br \/>\n<section  class='av_textblock_section av-migktaw3-17fdda0122fdfdf32604bf8c3528415b '   itemscope=\"itemscope\" itemtype=\"https:\/\/schema.org\/CreativeWork\" ><div class='avia_textblock'  itemprop=\"text\" ><h4>Atelier de poterie antique<\/h4>\n<p>Pr\u00e8s du p\u00e9riph\u00e9rique, un ancien atelier de potier o\u00f9 vous pourrez y voir des fours \u00e0 c\u00e9ramique datant du VI\u00e8me si\u00e8cle avant J.C.<\/p>\n<\/div><\/section><\/p>\n<\/div><\/div>\n<style type=\"text\/css\" data-created_by=\"avia_inline_auto\" id=\"style-css-av-36mb3-f7a1f7856b6919a94712f293327ab070\">\n.flex_cell.av-36mb3-f7a1f7856b6919a94712f293327ab070{\nvertical-align:top;\n}\n<\/style>\n<div class='flex_cell av-36mb3-f7a1f7856b6919a94712f293327ab070 av-gridrow-cell av_one_third no_margin  avia-builder-el-29  el_after_av_cell_one_third  avia-builder-el-last  content-align-top'  ><div class='flex_cell_inner'><p>\n<style type=\"text\/css\" data-created_by=\"avia_inline_auto\" id=\"style-css-av-migktm8r-37dfe950d6a487237f2daf0b820d751d\">\n.avia-image-container.av-migktm8r-37dfe950d6a487237f2daf0b820d751d img.avia_image{\nbox-shadow:none;\n}\n.avia-image-container.av-migktm8r-37dfe950d6a487237f2daf0b820d751d .av-image-caption-overlay-center{\ncolor:#ffffff;\n}\n<\/style>\n<div  class='avia-image-container av-migktm8r-37dfe950d6a487237f2daf0b820d751d av-styling- av-img-linked avia-align-center  avia-builder-el-30  el_before_av_textblock  avia-builder-el-first '   itemprop=\"image\" itemscope=\"itemscope\" itemtype=\"https:\/\/schema.org\/ImageObject\" ><div class=\"avia-image-container-inner\"><div class=\"avia-image-overlay-wrap\"><a href=\"https:\/\/www.bizas.gr\/wp-content\/uploads\/2025\/11\/Running-figure-of-Artemis.jpg\" data-srcset=\"https:\/\/www.bizas.gr\/wp-content\/uploads\/2025\/11\/Running-figure-of-Artemis.jpg 598w, https:\/\/www.bizas.gr\/wp-content\/uploads\/2025\/11\/Running-figure-of-Artemis-300x223.jpg 300w\" data-sizes=\"(max-width: 598px) 100vw, 598px\" class='avia_image '  aria-label='Statue courante d&#039;Art\u00e9mis, Paros'><img decoding=\"async\" fetchpriority=\"high\" class='wp-image-454 avia-img-lazy-loading-not-454 avia_image ' src=\"https:\/\/www.bizas.gr\/wp-content\/uploads\/2025\/11\/Running-figure-of-Artemis.jpg\" alt='Statue courante d&#039;Art\u00e9mis, Paros' title='Statue courante d&#039;Art\u00e9mis, Paros'  height=\"444\" width=\"598\"  itemprop=\"thumbnailUrl\" srcset=\"https:\/\/www.bizas.gr\/wp-content\/uploads\/2025\/11\/Running-figure-of-Artemis.jpg 598w, https:\/\/www.bizas.gr\/wp-content\/uploads\/2025\/11\/Running-figure-of-Artemis-300x223.jpg 300w\" sizes=\"(max-width: 598px) 100vw, 598px\" \/><\/a><\/div><\/div><\/div><br \/>\n<section  class='av_textblock_section av-migkukap-0396e85dd089077dfd711f17973b4341 '   itemscope=\"itemscope\" itemtype=\"https:\/\/schema.org\/CreativeWork\" ><div class='avia_textblock'  itemprop=\"text\" ><h4>Statue d&rsquo;Art\u00e9mis<\/h4>\n<p>Dans le mus\u00e9e arch\u00e9ologique, une statue d&rsquo;Art\u00e9mis en marbre de Paros produite par des ateliers pariens au IVe si\u00e8cle av. JC.<\/p>\n<\/div><\/section><\/p>\n<\/div><\/div><\/div><div id='av-layout-grid-4'  class='av-layout-grid-container av-2lff7-f03b2008c0eca66331616c1501bd57ec entry-content-wrapper main_color av-border-top-bottom av-border-cells av-flex-cells  avia-builder-el-32  el_after_av_layout_row  avia-builder-el-last  grid-row-not-first  container_wrap fullsize'  >\n<div class='flex_cell av-22xg7-b7febfc311f685fb45d830cf8606d9d3 av-gridrow-cell av_one_third no_margin  avia-builder-el-33  el_before_av_cell_one_third  avia-builder-el-first '  ><div class='flex_cell_inner'><p>\n<style type=\"text\/css\" data-created_by=\"avia_inline_auto\" id=\"style-css-av-migkuy8r-bf2e4bb3e03e21f81212e35652a7e083\">\n.avia-image-container.av-migkuy8r-bf2e4bb3e03e21f81212e35652a7e083 img.avia_image{\nbox-shadow:none;\n}\n.avia-image-container.av-migkuy8r-bf2e4bb3e03e21f81212e35652a7e083 .av-image-caption-overlay-center{\ncolor:#ffffff;\n}\n<\/style>\n<div  class='avia-image-container av-migkuy8r-bf2e4bb3e03e21f81212e35652a7e083 av-styling- av-img-linked avia-align-center  avia-builder-el-34  el_before_av_textblock  avia-builder-el-first '   itemprop=\"image\" itemscope=\"itemscope\" itemtype=\"https:\/\/schema.org\/ImageObject\" ><div class=\"avia-image-container-inner\"><div class=\"avia-image-overlay-wrap\"><a href=\"https:\/\/www.bizas.gr\/wp-content\/uploads\/2025\/11\/The-Fat-Lady-of-Saliagos.jpg\" data-srcset=\"https:\/\/www.bizas.gr\/wp-content\/uploads\/2025\/11\/The-Fat-Lady-of-Saliagos.jpg 598w, https:\/\/www.bizas.gr\/wp-content\/uploads\/2025\/11\/The-Fat-Lady-of-Saliagos-300x223.jpg 300w\" data-sizes=\"(max-width: 598px) 100vw, 598px\" class='avia_image '  aria-label='La grosse dame de Saliagos Antiparos'><img decoding=\"async\" loading=\"lazy\" class='wp-image-455 avia-img-lazy-loading-455 avia_image ' src=\"https:\/\/www.bizas.gr\/wp-content\/uploads\/2025\/11\/The-Fat-Lady-of-Saliagos.jpg\" alt='La grosse dame de Saliagos Antiparos' title='La grosse dame de Saliagos Antiparos'  height=\"444\" width=\"598\"  itemprop=\"thumbnailUrl\" srcset=\"https:\/\/www.bizas.gr\/wp-content\/uploads\/2025\/11\/The-Fat-Lady-of-Saliagos.jpg 598w, https:\/\/www.bizas.gr\/wp-content\/uploads\/2025\/11\/The-Fat-Lady-of-Saliagos-300x223.jpg 300w\" sizes=\"auto, (max-width: 598px) 100vw, 598px\" \/><\/a><\/div><\/div><\/div><br \/>\n<section  class='av_textblock_section av-migkw2ih-72182d9b733527c6c23be67c53e49295 '   itemscope=\"itemscope\" itemtype=\"https:\/\/schema.org\/CreativeWork\" ><div class='avia_textblock'  itemprop=\"text\" ><h4>La \u00ab\u00a0Grosse Dame\u00a0\u00bb de Saliagos<\/h4>\n<p>5000 avant J.-C. Petite figurine provenant de l&rsquo;\u00eelot de Saliagos, situ\u00e9 entre Paros et Antiparos. Il s&rsquo;agit de la plus ancienne statuette en marbre d\u00e9couverte dans les Cyclades, repr\u00e9sentant une femme enceinte ; \u00e0 cette \u00e9poque, la fertilit\u00e9 et la maternit\u00e9 \u00e9taient v\u00e9n\u00e9r\u00e9es.<\/p>\n<\/div><\/section><\/p>\n<\/div><\/div><div class='flex_cell av-1k2o3-3a7e0f83c649dd7570000a303e6b81ef av-gridrow-cell av_one_third no_margin  avia-builder-el-36  el_after_av_cell_one_third  el_before_av_cell_one_third '  ><div class='flex_cell_inner'><p>\n<style type=\"text\/css\" data-created_by=\"avia_inline_auto\" id=\"style-css-av-migkwivo-bb37170e5de9e5eea9b529ab002a24a9\">\n.avia-image-container.av-migkwivo-bb37170e5de9e5eea9b529ab002a24a9 img.avia_image{\nbox-shadow:none;\n}\n.avia-image-container.av-migkwivo-bb37170e5de9e5eea9b529ab002a24a9 .av-image-caption-overlay-center{\ncolor:#ffffff;\n}\n<\/style>\n<div  class='avia-image-container av-migkwivo-bb37170e5de9e5eea9b529ab002a24a9 av-styling- av-img-linked avia-align-center  avia-builder-el-37  el_before_av_textblock  avia-builder-el-first '   itemprop=\"image\" itemscope=\"itemscope\" itemtype=\"https:\/\/schema.org\/ImageObject\" ><div class=\"avia-image-container-inner\"><div class=\"avia-image-overlay-wrap\"><a href=\"https:\/\/www.bizas.gr\/wp-content\/uploads\/2025\/11\/the-parian-chronicle.jpg\" data-srcset=\"https:\/\/www.bizas.gr\/wp-content\/uploads\/2025\/11\/the-parian-chronicle.jpg 598w, https:\/\/www.bizas.gr\/wp-content\/uploads\/2025\/11\/the-parian-chronicle-300x223.jpg 300w\" data-sizes=\"(max-width: 598px) 100vw, 598px\" class='avia_image '  aria-label='Chronique d&#039;Archiloque de Paros'><img decoding=\"async\" loading=\"lazy\" class='wp-image-456 avia-img-lazy-loading-456 avia_image ' src=\"https:\/\/www.bizas.gr\/wp-content\/uploads\/2025\/11\/the-parian-chronicle.jpg\" alt='Chronique d&#039;Archiloque de Paros' title='Chronique d&#039;Archiloque de Paros'  height=\"444\" width=\"598\"  itemprop=\"thumbnailUrl\" srcset=\"https:\/\/www.bizas.gr\/wp-content\/uploads\/2025\/11\/the-parian-chronicle.jpg 598w, https:\/\/www.bizas.gr\/wp-content\/uploads\/2025\/11\/the-parian-chronicle-300x223.jpg 300w\" sizes=\"auto, (max-width: 598px) 100vw, 598px\" \/><\/a><\/div><\/div><\/div><br \/>\n<section  class='av_textblock_section av-migkx5gx-87ac1b1edcc0fc83b4fa575e2c4c20ce '   itemscope=\"itemscope\" itemtype=\"https:\/\/schema.org\/CreativeWork\" ><div class='avia_textblock'  itemprop=\"text\" ><h4>La \u00ab\u00a0chronique de Paros\u00a0\u00bb<\/h4>\n<p>L&rsquo;une des trois plaques retra\u00e7ant 1 300 ans d&rsquo;histoire de Paros (de 1583 \u00e0 284 avant J.-C.) en 130 vers. Elle \u00e9voque des personnages c\u00e9l\u00e8bres, les conditions m\u00e9t\u00e9orologiques et g\u00e9ologiques qui ont influenc\u00e9 la vie quotidienne, la structure sociale de l&rsquo;\u00e9poque, etc.<\/p>\n<\/div><\/section><\/p>\n<\/div><\/div>\n<style type=\"text\/css\" data-created_by=\"avia_inline_auto\" id=\"style-css-av-yt5r-c0a2c3f8afcc53f8ea0f0d5fe1257fe3\">\n.flex_cell.av-yt5r-c0a2c3f8afcc53f8ea0f0d5fe1257fe3{\nvertical-align:top;\n}\n<\/style>\n<div class='flex_cell av-yt5r-c0a2c3f8afcc53f8ea0f0d5fe1257fe3 av-gridrow-cell av_one_third no_margin  avia-builder-el-39  el_after_av_cell_one_third  avia-builder-el-last  content-align-top'  ><div class='flex_cell_inner'><p>\n<style type=\"text\/css\" data-created_by=\"avia_inline_auto\" id=\"style-css-av-migkxm5h-46d3397fb0f8a1e8c8ae63d13a120cbf\">\n.avia-image-container.av-migkxm5h-46d3397fb0f8a1e8c8ae63d13a120cbf img.avia_image{\nbox-shadow:none;\n}\n.avia-image-container.av-migkxm5h-46d3397fb0f8a1e8c8ae63d13a120cbf .av-image-caption-overlay-center{\ncolor:#ffffff;\n}\n<\/style>\n<div  class='avia-image-container av-migkxm5h-46d3397fb0f8a1e8c8ae63d13a120cbf av-styling- av-img-linked avia-align-center  avia-builder-el-40  el_before_av_textblock  avia-builder-el-first '   itemprop=\"image\" itemscope=\"itemscope\" itemtype=\"https:\/\/schema.org\/ImageObject\" ><div class=\"avia-image-container-inner\"><div class=\"avia-image-overlay-wrap\"><a href=\"https:\/\/www.bizas.gr\/wp-content\/uploads\/2025\/11\/Tear-Vases-archaeological-Museum-Parikia.jpg\" data-srcset=\"https:\/\/www.bizas.gr\/wp-content\/uploads\/2025\/11\/Tear-Vases-archaeological-Museum-Parikia.jpg 598w, https:\/\/www.bizas.gr\/wp-content\/uploads\/2025\/11\/Tear-Vases-archaeological-Museum-Parikia-300x223.jpg 300w\" data-sizes=\"(max-width: 598px) 100vw, 598px\" class='avia_image '  aria-label='Vases \u00e0 larmes au mus\u00e9e arch\u00e9ologique de Parikia'><img decoding=\"async\" loading=\"lazy\" class='wp-image-457 avia-img-lazy-loading-457 avia_image ' src=\"https:\/\/www.bizas.gr\/wp-content\/uploads\/2025\/11\/Tear-Vases-archaeological-Museum-Parikia.jpg\" alt='Vases \u00e0 larmes au mus\u00e9e arch\u00e9ologique de Parikia' title='Vases \u00e0 larmes au mus\u00e9e arch\u00e9ologique de Parikia'  height=\"444\" width=\"598\"  itemprop=\"thumbnailUrl\" srcset=\"https:\/\/www.bizas.gr\/wp-content\/uploads\/2025\/11\/Tear-Vases-archaeological-Museum-Parikia.jpg 598w, https:\/\/www.bizas.gr\/wp-content\/uploads\/2025\/11\/Tear-Vases-archaeological-Museum-Parikia-300x223.jpg 300w\" sizes=\"auto, (max-width: 598px) 100vw, 598px\" \/><\/a><\/div><\/div><\/div><br \/>\n<section  class='av_textblock_section av-migkya08-f0e8653be24da3d3d2a6603ea6c1bb14 '   itemscope=\"itemscope\" itemtype=\"https:\/\/schema.org\/CreativeWork\" ><div class='avia_textblock'  itemprop=\"text\" ><h4>Vases \u00e0 larmes<\/h4>\n<p>Des offrandes fun\u00e9raires, probablement en verre et provenant d&rsquo;\u00c9gypte, \u00e9taient plac\u00e9es dans les tombes, o\u00f9 les amis et les proches du d\u00e9funt venaient verser leurs larmes. Expos\u00e9es au mus\u00e9e arch\u00e9ologique de Paros, \u00e0 Parikia.<\/p>\n<\/div><\/section><\/p>\n<\/div><\/div><\/div><\/p>\n","protected":false},"excerpt":{"rendered":"","protected":false},"author":1,"featured_media":450,"parent":442,"menu_order":0,"comment_status":"closed","ping_status":"closed","template":"","meta":{"footnotes":""},"class_list":["post-458","page","type-page","status-publish","has-post-thumbnail","hentry"],"yoast_head":"<!-- This site is optimized with the Yoast SEO plugin v27.5 - https:\/\/yoast.com\/product\/yoast-seo-wordpress\/ -->\n<title>Arch\u00e9ologie - Paros H\u00e9bergement Bizas Chambres d\u2019h\u00f4te<\/title>\n<meta name=\"robots\" content=\"index, follow, max-snippet:-1, max-image-preview:large, max-video-preview:-1\" \/>\n<link rel=\"canonical\" href=\"https:\/\/www.bizas.gr\/fr\/parikia-paros\/archeologie\/\" \/>\n<meta property=\"og:locale\" content=\"fr_FR\" \/>\n<meta property=\"og:type\" content=\"article\" \/>\n<meta property=\"og:title\" content=\"Arch\u00e9ologie - Paros H\u00e9bergement Bizas Chambres d\u2019h\u00f4te\" \/>\n<meta property=\"og:url\" content=\"https:\/\/www.bizas.gr\/fr\/parikia-paros\/archeologie\/\" \/>\n<meta property=\"og:site_name\" content=\"Paros H\u00e9bergement Bizas Chambres d\u2019h\u00f4te\" \/>\n<meta property=\"article:publisher\" content=\"https:\/\/www.facebook.com\/bizas.accommodation\" \/>\n<meta property=\"article:modified_time\" content=\"2025-12-14T10:50:58+00:00\" \/>\n<meta property=\"og:image\" content=\"https:\/\/www.bizas.gr\/wp-content\/uploads\/2025\/11\/Hellenistic-House-Parikia.jpg\" \/>\n\t<meta property=\"og:image:width\" content=\"598\" \/>\n\t<meta property=\"og:image:height\" content=\"444\" \/>\n\t<meta property=\"og:image:type\" content=\"image\/jpeg\" \/>\n<meta name=\"twitter:card\" content=\"summary_large_image\" \/>\n<meta name=\"twitter:label1\" content=\"Dur\u00e9e de lecture estim\u00e9e\" \/>\n\t<meta name=\"twitter:data1\" content=\"43 minutes\" \/>\n<script type=\"application\/ld+json\" class=\"yoast-schema-graph\">{\"@context\":\"https:\\\/\\\/schema.org\",\"@graph\":[{\"@type\":\"WebPage\",\"@id\":\"https:\\\/\\\/www.bizas.gr\\\/fr\\\/parikia-paros\\\/archeologie\\\/\",\"url\":\"https:\\\/\\\/www.bizas.gr\\\/fr\\\/parikia-paros\\\/archeologie\\\/\",\"name\":\"Arch\u00e9ologie - Paros H\u00e9bergement Bizas Chambres d\u2019h\u00f4te\",\"isPartOf\":{\"@id\":\"https:\\\/\\\/www.bizas.gr\\\/fr\\\/#website\"},\"primaryImageOfPage\":{\"@id\":\"https:\\\/\\\/www.bizas.gr\\\/fr\\\/parikia-paros\\\/archeologie\\\/#primaryimage\"},\"image\":{\"@id\":\"https:\\\/\\\/www.bizas.gr\\\/fr\\\/parikia-paros\\\/archeologie\\\/#primaryimage\"},\"thumbnailUrl\":\"https:\\\/\\\/www.bizas.gr\\\/wp-content\\\/uploads\\\/2025\\\/11\\\/Hellenistic-House-Parikia.jpg\",\"datePublished\":\"2025-11-23T18:33:11+00:00\",\"dateModified\":\"2025-12-14T10:50:58+00:00\",\"breadcrumb\":{\"@id\":\"https:\\\/\\\/www.bizas.gr\\\/fr\\\/parikia-paros\\\/archeologie\\\/#breadcrumb\"},\"inLanguage\":\"fr-FR\",\"potentialAction\":[{\"@type\":\"ReadAction\",\"target\":[\"https:\\\/\\\/www.bizas.gr\\\/fr\\\/parikia-paros\\\/archeologie\\\/\"]}]},{\"@type\":\"ImageObject\",\"inLanguage\":\"fr-FR\",\"@id\":\"https:\\\/\\\/www.bizas.gr\\\/fr\\\/parikia-paros\\\/archeologie\\\/#primaryimage\",\"url\":\"https:\\\/\\\/www.bizas.gr\\\/wp-content\\\/uploads\\\/2025\\\/11\\\/Hellenistic-House-Parikia.jpg\",\"contentUrl\":\"https:\\\/\\\/www.bizas.gr\\\/wp-content\\\/uploads\\\/2025\\\/11\\\/Hellenistic-House-Parikia.jpg\",\"width\":598,\"height\":444,\"caption\":\"Maison hell\u00e9nistique Parikia\"},{\"@type\":\"BreadcrumbList\",\"@id\":\"https:\\\/\\\/www.bizas.gr\\\/fr\\\/parikia-paros\\\/archeologie\\\/#breadcrumb\",\"itemListElement\":[{\"@type\":\"ListItem\",\"position\":1,\"name\":\"Home\",\"item\":\"https:\\\/\\\/www.bizas.gr\\\/fr\\\/accueil\\\/\"},{\"@type\":\"ListItem\",\"position\":2,\"name\":\"Parikia, Paros\",\"item\":\"https:\\\/\\\/www.bizas.gr\\\/fr\\\/parikia-paros\\\/\"},{\"@type\":\"ListItem\",\"position\":3,\"name\":\"Arch\u00e9ologie\"}]},{\"@type\":\"WebSite\",\"@id\":\"https:\\\/\\\/www.bizas.gr\\\/fr\\\/#website\",\"url\":\"https:\\\/\\\/www.bizas.gr\\\/fr\\\/\",\"name\":\"Bizas Accommodation Paros\",\"description\":\"Studios &amp; Appartements Paros Bizas \u00e0 Parikia\",\"publisher\":{\"@id\":\"https:\\\/\\\/www.bizas.gr\\\/fr\\\/#organization\"},\"potentialAction\":[{\"@type\":\"SearchAction\",\"target\":{\"@type\":\"EntryPoint\",\"urlTemplate\":\"https:\\\/\\\/www.bizas.gr\\\/fr\\\/?s={search_term_string}\"},\"query-input\":{\"@type\":\"PropertyValueSpecification\",\"valueRequired\":true,\"valueName\":\"search_term_string\"}}],\"inLanguage\":\"fr-FR\"},{\"@type\":\"Organization\",\"@id\":\"https:\\\/\\\/www.bizas.gr\\\/fr\\\/#organization\",\"name\":\"Bizas Accommodation Paros\",\"url\":\"https:\\\/\\\/www.bizas.gr\\\/fr\\\/\",\"logo\":{\"@type\":\"ImageObject\",\"inLanguage\":\"fr-FR\",\"@id\":\"https:\\\/\\\/www.bizas.gr\\\/fr\\\/#\\\/schema\\\/logo\\\/image\\\/\",\"url\":\"https:\\\/\\\/dev.bizas.gr\\\/wp-content\\\/uploads\\\/2025\\\/11\\\/bizas-apartments-paros.png\",\"contentUrl\":\"https:\\\/\\\/dev.bizas.gr\\\/wp-content\\\/uploads\\\/2025\\\/11\\\/bizas-apartments-paros.png\",\"width\":436,\"height\":115,\"caption\":\"Bizas Accommodation Paros\"},\"image\":{\"@id\":\"https:\\\/\\\/www.bizas.gr\\\/fr\\\/#\\\/schema\\\/logo\\\/image\\\/\"},\"sameAs\":[\"https:\\\/\\\/www.facebook.com\\\/bizas.accommodation\",\"https:\\\/\\\/www.instagram.com\\\/bizas.accommodation\\\/\"]}]}<\/script>\n<!-- \/ Yoast SEO plugin. -->","yoast_head_json":{"title":"Arch\u00e9ologie - Paros H\u00e9bergement Bizas Chambres d\u2019h\u00f4te","robots":{"index":"index","follow":"follow","max-snippet":"max-snippet:-1","max-image-preview":"max-image-preview:large","max-video-preview":"max-video-preview:-1"},"canonical":"https:\/\/www.bizas.gr\/fr\/parikia-paros\/archeologie\/","og_locale":"fr_FR","og_type":"article","og_title":"Arch\u00e9ologie - Paros H\u00e9bergement Bizas Chambres d\u2019h\u00f4te","og_url":"https:\/\/www.bizas.gr\/fr\/parikia-paros\/archeologie\/","og_site_name":"Paros H\u00e9bergement Bizas Chambres d\u2019h\u00f4te","article_publisher":"https:\/\/www.facebook.com\/bizas.accommodation","article_modified_time":"2025-12-14T10:50:58+00:00","og_image":[{"width":598,"height":444,"url":"https:\/\/www.bizas.gr\/wp-content\/uploads\/2025\/11\/Hellenistic-House-Parikia.jpg","type":"image\/jpeg"}],"twitter_card":"summary_large_image","twitter_misc":{"Dur\u00e9e de lecture estim\u00e9e":"43 minutes"},"schema":{"@context":"https:\/\/schema.org","@graph":[{"@type":"WebPage","@id":"https:\/\/www.bizas.gr\/fr\/parikia-paros\/archeologie\/","url":"https:\/\/www.bizas.gr\/fr\/parikia-paros\/archeologie\/","name":"Arch\u00e9ologie - Paros H\u00e9bergement Bizas Chambres d\u2019h\u00f4te","isPartOf":{"@id":"https:\/\/www.bizas.gr\/fr\/#website"},"primaryImageOfPage":{"@id":"https:\/\/www.bizas.gr\/fr\/parikia-paros\/archeologie\/#primaryimage"},"image":{"@id":"https:\/\/www.bizas.gr\/fr\/parikia-paros\/archeologie\/#primaryimage"},"thumbnailUrl":"https:\/\/www.bizas.gr\/wp-content\/uploads\/2025\/11\/Hellenistic-House-Parikia.jpg","datePublished":"2025-11-23T18:33:11+00:00","dateModified":"2025-12-14T10:50:58+00:00","breadcrumb":{"@id":"https:\/\/www.bizas.gr\/fr\/parikia-paros\/archeologie\/#breadcrumb"},"inLanguage":"fr-FR","potentialAction":[{"@type":"ReadAction","target":["https:\/\/www.bizas.gr\/fr\/parikia-paros\/archeologie\/"]}]},{"@type":"ImageObject","inLanguage":"fr-FR","@id":"https:\/\/www.bizas.gr\/fr\/parikia-paros\/archeologie\/#primaryimage","url":"https:\/\/www.bizas.gr\/wp-content\/uploads\/2025\/11\/Hellenistic-House-Parikia.jpg","contentUrl":"https:\/\/www.bizas.gr\/wp-content\/uploads\/2025\/11\/Hellenistic-House-Parikia.jpg","width":598,"height":444,"caption":"Maison hell\u00e9nistique Parikia"},{"@type":"BreadcrumbList","@id":"https:\/\/www.bizas.gr\/fr\/parikia-paros\/archeologie\/#breadcrumb","itemListElement":[{"@type":"ListItem","position":1,"name":"Home","item":"https:\/\/www.bizas.gr\/fr\/accueil\/"},{"@type":"ListItem","position":2,"name":"Parikia, Paros","item":"https:\/\/www.bizas.gr\/fr\/parikia-paros\/"},{"@type":"ListItem","position":3,"name":"Arch\u00e9ologie"}]},{"@type":"WebSite","@id":"https:\/\/www.bizas.gr\/fr\/#website","url":"https:\/\/www.bizas.gr\/fr\/","name":"Bizas Accommodation Paros","description":"Studios &amp; Appartements Paros Bizas \u00e0 Parikia","publisher":{"@id":"https:\/\/www.bizas.gr\/fr\/#organization"},"potentialAction":[{"@type":"SearchAction","target":{"@type":"EntryPoint","urlTemplate":"https:\/\/www.bizas.gr\/fr\/?s={search_term_string}"},"query-input":{"@type":"PropertyValueSpecification","valueRequired":true,"valueName":"search_term_string"}}],"inLanguage":"fr-FR"},{"@type":"Organization","@id":"https:\/\/www.bizas.gr\/fr\/#organization","name":"Bizas Accommodation Paros","url":"https:\/\/www.bizas.gr\/fr\/","logo":{"@type":"ImageObject","inLanguage":"fr-FR","@id":"https:\/\/www.bizas.gr\/fr\/#\/schema\/logo\/image\/","url":"https:\/\/dev.bizas.gr\/wp-content\/uploads\/2025\/11\/bizas-apartments-paros.png","contentUrl":"https:\/\/dev.bizas.gr\/wp-content\/uploads\/2025\/11\/bizas-apartments-paros.png","width":436,"height":115,"caption":"Bizas Accommodation Paros"},"image":{"@id":"https:\/\/www.bizas.gr\/fr\/#\/schema\/logo\/image\/"},"sameAs":["https:\/\/www.facebook.com\/bizas.accommodation","https:\/\/www.instagram.com\/bizas.accommodation\/"]}]}},"_links":{"self":[{"href":"https:\/\/www.bizas.gr\/fr\/wp-json\/wp\/v2\/pages\/458","targetHints":{"allow":["GET"]}}],"collection":[{"href":"https:\/\/www.bizas.gr\/fr\/wp-json\/wp\/v2\/pages"}],"about":[{"href":"https:\/\/www.bizas.gr\/fr\/wp-json\/wp\/v2\/types\/page"}],"author":[{"embeddable":true,"href":"https:\/\/www.bizas.gr\/fr\/wp-json\/wp\/v2\/users\/1"}],"replies":[{"embeddable":true,"href":"https:\/\/www.bizas.gr\/fr\/wp-json\/wp\/v2\/comments?post=458"}],"version-history":[{"count":6,"href":"https:\/\/www.bizas.gr\/fr\/wp-json\/wp\/v2\/pages\/458\/revisions"}],"predecessor-version":[{"id":963,"href":"https:\/\/www.bizas.gr\/fr\/wp-json\/wp\/v2\/pages\/458\/revisions\/963"}],"up":[{"embeddable":true,"href":"https:\/\/www.bizas.gr\/fr\/wp-json\/wp\/v2\/pages\/442"}],"wp:featuredmedia":[{"embeddable":true,"href":"https:\/\/www.bizas.gr\/fr\/wp-json\/wp\/v2\/media\/450"}],"wp:attachment":[{"href":"https:\/\/www.bizas.gr\/fr\/wp-json\/wp\/v2\/media?parent=458"}],"curies":[{"name":"wp","href":"https:\/\/api.w.org\/{rel}","templated":true}]}}