{"id":442,"date":"2025-11-23T18:49:56","date_gmt":"2025-11-23T16:49:56","guid":{"rendered":"https:\/\/dev.bizas.gr\/parikia-paros\/"},"modified":"2025-12-14T12:49:56","modified_gmt":"2025-12-14T10:49:56","slug":"parikia-paros","status":"publish","type":"page","link":"https:\/\/www.bizas.gr\/fr\/parikia-paros\/","title":{"rendered":"Parikia, Paros"},"content":{"rendered":"<div  class='flex_column av-yvma-d839984c3681f08375f9fa0abcfd19b8 av_one_full  avia-builder-el-0  avia-builder-el-no-sibling  first flex_column_div  '     ><p>\n<style type=\"text\/css\" data-created_by=\"avia_inline_auto\" id=\"style-css-av-mic38i9m-9a0edf76eec5629235d5e53e30763890\">\n#top .av-special-heading.av-mic38i9m-9a0edf76eec5629235d5e53e30763890{\npadding-bottom:10px;\n}\nbody .av-special-heading.av-mic38i9m-9a0edf76eec5629235d5e53e30763890 .av-special-heading-tag .heading-char{\nfont-size:25px;\n}\n.av-special-heading.av-mic38i9m-9a0edf76eec5629235d5e53e30763890 .av-subheading{\nfont-size:15px;\n}\n<\/style>\n<div  class='av-special-heading av-mic38i9m-9a0edf76eec5629235d5e53e30763890 av-special-heading-h2  avia-builder-el-1  el_before_av_slideshow  avia-builder-el-first '><h2 class='av-special-heading-tag '  itemprop=\"headline\"  >Parikia, une ville charg\u00e9e d\u2019Histoire<\/h2><div class=\"special-heading-border\"><div class=\"special-heading-inner-border\"><\/div><\/div><\/div><br \/>\n<div  class='avia-slideshow av-midbunfu-f0a7966fbd7cd9e7c2980c5a8ef089ad avia-slideshow-featured_large av_slideshow avia-slide-slider  avia-builder-el-2  el_after_av_heading  el_before_av_textblock  av-slideshow-ui av-control-minimal av-nav-arrows-visible av-slideshow-manual av-loop-once av-loop-manual-endless av-default-height-applied avia-slideshow-1' data-slideshow-options=\"{&quot;animation&quot;:&quot;slide&quot;,&quot;autoplay&quot;:false,&quot;loop_autoplay&quot;:&quot;once&quot;,&quot;interval&quot;:5,&quot;loop_manual&quot;:&quot;manual-endless&quot;,&quot;autoplay_stopper&quot;:false,&quot;noNavigation&quot;:false,&quot;bg_slider&quot;:false,&quot;keep_padding&quot;:false,&quot;hoverpause&quot;:false,&quot;show_slide_delay&quot;:0}\"  itemprop=\"image\" itemscope=\"itemscope\" itemtype=\"https:\/\/schema.org\/ImageObject\" ><ul class='avia-slideshow-inner ' style='padding-bottom: 42%;'><li  class='avia-slideshow-slide av-midbunfu-f0a7966fbd7cd9e7c2980c5a8ef089ad__0  slide-1 slide-odd'><div data-rel='slideshow-1' class='avia-slide-wrap '   ><img decoding=\"async\" loading=\"lazy\" class=\"wp-image-428 avia-img-lazy-loading-428\"  src=\"https:\/\/www.bizas.gr\/wp-content\/uploads\/2025\/11\/parikia-paros-2-1500x630.jpg\" width=\"1500\" height=\"630\" title='Parikia, \u00eele de Paros, une ville charg\u00e9e d&#039;histoire' alt='Parikia, \u00eele de Paros, une ville charg\u00e9e d&#039;histoire'  itemprop=\"thumbnailUrl\"   \/><\/div><\/li><li  class='avia-slideshow-slide av-midbunfu-f0a7966fbd7cd9e7c2980c5a8ef089ad__1  slide-2 slide-even'><div data-rel='slideshow-1' class='avia-slide-wrap '   ><img decoding=\"async\" loading=\"lazy\" class=\"wp-image-429 avia-img-lazy-loading-429\"  src=\"https:\/\/www.bizas.gr\/wp-content\/uploads\/2025\/11\/kato-yalos-boudaraki-parikia.jpg\" width=\"1500\" height=\"630\" title='Kato Yialos Boudaraki Parikia Paros' alt='Kato Yialos Boudaraki Parikia Paros'  itemprop=\"thumbnailUrl\" srcset=\"https:\/\/www.bizas.gr\/wp-content\/uploads\/2025\/11\/kato-yalos-boudaraki-parikia.jpg 1500w, https:\/\/www.bizas.gr\/wp-content\/uploads\/2025\/11\/kato-yalos-boudaraki-parikia-300x126.jpg 300w, https:\/\/www.bizas.gr\/wp-content\/uploads\/2025\/11\/kato-yalos-boudaraki-parikia-1030x433.jpg 1030w, https:\/\/www.bizas.gr\/wp-content\/uploads\/2025\/11\/kato-yalos-boudaraki-parikia-768x323.jpg 768w, https:\/\/www.bizas.gr\/wp-content\/uploads\/2025\/11\/kato-yalos-boudaraki-parikia-705x296.jpg 705w\" sizes=\"auto, (max-width: 1500px) 100vw, 1500px\" \/><\/div><\/li><li  class='avia-slideshow-slide av-midbunfu-f0a7966fbd7cd9e7c2980c5a8ef089ad__2  slide-3 slide-odd'><div data-rel='slideshow-1' class='avia-slide-wrap '   ><img decoding=\"async\" loading=\"lazy\" class=\"wp-image-430 avia-img-lazy-loading-430\"  src=\"https:\/\/www.bizas.gr\/wp-content\/uploads\/2025\/11\/livadia-parikia.jpg\" width=\"1500\" height=\"630\" title='Livadia Parikia Paros' alt='Livadia Parikia Paros'  itemprop=\"thumbnailUrl\" srcset=\"https:\/\/www.bizas.gr\/wp-content\/uploads\/2025\/11\/livadia-parikia.jpg 1500w, https:\/\/www.bizas.gr\/wp-content\/uploads\/2025\/11\/livadia-parikia-300x126.jpg 300w, https:\/\/www.bizas.gr\/wp-content\/uploads\/2025\/11\/livadia-parikia-1030x433.jpg 1030w, https:\/\/www.bizas.gr\/wp-content\/uploads\/2025\/11\/livadia-parikia-768x323.jpg 768w, https:\/\/www.bizas.gr\/wp-content\/uploads\/2025\/11\/livadia-parikia-705x296.jpg 705w\" sizes=\"auto, (max-width: 1500px) 100vw, 1500px\" \/><\/div><\/li><li  class='avia-slideshow-slide av-midbunfu-f0a7966fbd7cd9e7c2980c5a8ef089ad__3  slide-4 slide-even'><div data-rel='slideshow-1' class='avia-slide-wrap '   ><img decoding=\"async\" loading=\"lazy\" class=\"wp-image-431 avia-img-lazy-loading-431\"  src=\"https:\/\/www.bizas.gr\/wp-content\/uploads\/2025\/11\/Agios-Fokas-parikia.jpg\" width=\"1500\" height=\"630\" title='Agios Fokas Parikia Paros' alt='Agios Fokas Parikia Paros'  itemprop=\"thumbnailUrl\" srcset=\"https:\/\/www.bizas.gr\/wp-content\/uploads\/2025\/11\/Agios-Fokas-parikia.jpg 1500w, https:\/\/www.bizas.gr\/wp-content\/uploads\/2025\/11\/Agios-Fokas-parikia-300x126.jpg 300w, https:\/\/www.bizas.gr\/wp-content\/uploads\/2025\/11\/Agios-Fokas-parikia-1030x433.jpg 1030w, https:\/\/www.bizas.gr\/wp-content\/uploads\/2025\/11\/Agios-Fokas-parikia-768x323.jpg 768w, https:\/\/www.bizas.gr\/wp-content\/uploads\/2025\/11\/Agios-Fokas-parikia-705x296.jpg 705w\" sizes=\"auto, (max-width: 1500px) 100vw, 1500px\" \/><\/div><\/li><\/ul><div class='avia-slideshow-arrows avia-slideshow-controls' ><a href='#prev' class='prev-slide  avia-svg-icon avia-font-svg_entypo-fontello' data-av_svg_icon='left-open-big' data-av_iconset='svg_entypo-fontello' tabindex='-1' title=\"Pr\u00e9c\u00e9dent\"><svg version=\"1.1\" xmlns=\"http:\/\/www.w3.org\/2000\/svg\" width=\"15\" height=\"32\" viewBox=\"0 0 15 32\" preserveAspectRatio=\"xMidYMid meet\" aria-labelledby='av-svg-title-1' aria-describedby='av-svg-desc-1' role=\"graphics-symbol\" aria-hidden=\"true\">\n<title id='av-svg-title-1'>Pr\u00e9c\u00e9dent<\/title>\n<desc id='av-svg-desc-1'>Pr\u00e9c\u00e9dent<\/desc>\n<path d=\"M14.464 27.84q0.832 0.832 0 1.536-0.832 0.832-1.536 0l-12.544-12.608q-0.768-0.768 0-1.6l12.544-12.608q0.704-0.832 1.536 0 0.832 0.704 0 1.536l-11.456 11.904z\"><\/path>\n<\/svg><span class='avia_hidden_link_text'>Pr\u00e9c\u00e9dent<\/span><\/a><a href='#next' class='next-slide  avia-svg-icon avia-font-svg_entypo-fontello' data-av_svg_icon='right-open-big' data-av_iconset='svg_entypo-fontello' tabindex='-1' title=\"Suivant\"><svg version=\"1.1\" xmlns=\"http:\/\/www.w3.org\/2000\/svg\" width=\"15\" height=\"32\" viewBox=\"0 0 15 32\" preserveAspectRatio=\"xMidYMid meet\" aria-labelledby='av-svg-title-2' aria-describedby='av-svg-desc-2' role=\"graphics-symbol\" aria-hidden=\"true\">\n<title id='av-svg-title-2'>Suivant<\/title>\n<desc id='av-svg-desc-2'>Suivant<\/desc>\n<path d=\"M0.416 27.84l11.456-11.84-11.456-11.904q-0.832-0.832 0-1.536 0.832-0.832 1.536 0l12.544 12.608q0.768 0.832 0 1.6l-12.544 12.608q-0.704 0.832-1.536 0-0.832-0.704 0-1.536z\"><\/path>\n<\/svg><span class='avia_hidden_link_text'>Suivant<\/span><\/a><\/div><div class='avia-slideshow-dots avia-slideshow-controls'><a href='#1' class='goto-slide active' >1<\/a><a href='#2' class='goto-slide ' >2<\/a><a href='#3' class='goto-slide ' >3<\/a><a href='#4' class='goto-slide ' >4<\/a><\/div><\/div><br \/>\n<section  class='av_textblock_section av-mic37uxv-a23b19609c7602dbf23e167c570fbbf2 '   itemscope=\"itemscope\" itemtype=\"https:\/\/schema.org\/CreativeWork\" ><div class='avia_textblock'  itemprop=\"text\" ><p><strong>Parikia, Paros, Gr\u00e8ce<\/strong> \u2014 on y a retrouv\u00e9 des<strong> traces d\u2019habitats datant de la pr\u00e9histoire<\/strong>. Le c\u0153ur de la cit\u00e9 actuelle, <strong>la forteresse ou \u00ab kastro \u00bb, fut b\u00e2ti par les V\u00e9nitiens au 13e si\u00e8cle en r\u00e9utilisant des parties d\u2019un temple antique d\u00e9di\u00e9 \u00e0 D\u00e9m\u00e9ter<\/strong>, la d\u00e9esse des moissons. \u00c0 la p\u00e9riode franque, la ville se construit autour du Kastro en un labyrinthe de ruelles con\u00e7u pour se prot\u00e9ger du vent et d\u00e9sorienter les pirates. La rue principale, l\u2019\u00ab Agora \u00bb ou rue du march\u00e9, o\u00f9 les paysans des alentours venaient vendre leur production, est encore aujourd\u2019hui la rue commer\u00e7ante de Parikia.   <\/p>\n<p>Le monument le plus important de l\u2019\u00eele de Paros est l\u2019\u00ab \u00e9glise aux cent portes \u00bb, Panagia Ekatontapyliani, une basilique byzantine importante, d\u00e9di\u00e9e \u00e0 la Vierge et s\u2019apparentant \u00e0 celle de Sainte-Sophie \u00e0 Istanbul.<br \/>La l\u00e9gende veut qu\u2019elle ait \u00e9t\u00e9 ordonn\u00e9e par Ste H\u00e9l\u00e8ne qui avait trouv\u00e9 refuge \u00e0 Paros lors d\u2019une temp\u00eate et aurait promis de faire construire ici une \u00e9glise magnifique, qui fut r\u00e9alis\u00e9e sous le r\u00e8gne de son fils, l\u2019empereur Constantin, au 4\u00e8me si\u00e8cle apr\u00e8s J.C.<br \/>De nombreuses autres l\u00e9gendes entourent le myst\u00e8re de cette magnifique \u00e9glise, d\u00e9cor\u00e9e avec le c\u00e9l\u00e8bre marbre de Paros (qui donna naissance entre autres \u00e0 la V\u00e9nus de Milo et la Victoire de Samothrace), une visite s\u2019impose !<\/p>\n<\/div><\/section><br \/>\n<div  class='avia-slideshow av-eutja-8f076cd68096fb1ae4cc117bdb5d5b95 avia-slideshow-featured_large av_slideshow avia-slide-slider  avia-builder-el-4  el_after_av_textblock  el_before_av_textblock  av-slideshow-ui av-control-minimal av-nav-arrows-visible av-slideshow-manual av-loop-once av-loop-manual-endless av-default-height-applied avia-slideshow-2' data-slideshow-options=\"{&quot;animation&quot;:&quot;slide&quot;,&quot;autoplay&quot;:false,&quot;loop_autoplay&quot;:&quot;once&quot;,&quot;interval&quot;:5,&quot;loop_manual&quot;:&quot;manual-endless&quot;,&quot;autoplay_stopper&quot;:false,&quot;noNavigation&quot;:false,&quot;bg_slider&quot;:false,&quot;keep_padding&quot;:false,&quot;hoverpause&quot;:false,&quot;show_slide_delay&quot;:0}\"  itemprop=\"image\" itemscope=\"itemscope\" itemtype=\"https:\/\/schema.org\/ImageObject\" ><ul class='avia-slideshow-inner ' style='padding-bottom: 61.5234375%;'><li  class='avia-slideshow-slide av-eutja-8f076cd68096fb1ae4cc117bdb5d5b95__0  slide-1 slide-odd'><div data-rel='slideshow-2' class='avia-slide-wrap '   ><img decoding=\"async\" loading=\"lazy\" class=\"wp-image-432 avia-img-lazy-loading-432\"  src=\"https:\/\/www.bizas.gr\/wp-content\/uploads\/2025\/11\/parikia-paros-4-1024x630.jpg\" width=\"1024\" height=\"630\" title='Parikia Paros' alt='Parikia Paros'  itemprop=\"thumbnailUrl\"   \/><\/div><\/li><li  class='avia-slideshow-slide av-eutja-8f076cd68096fb1ae4cc117bdb5d5b95__1  slide-2 slide-even'><div data-rel='slideshow-2' class='avia-slide-wrap '   ><img decoding=\"async\" loading=\"lazy\" class=\"wp-image-433 avia-img-lazy-loading-433\"  src=\"https:\/\/www.bizas.gr\/wp-content\/uploads\/2025\/11\/parikia-paros-5-1024x630.jpg\" width=\"1024\" height=\"630\" title='Marina, Parikia Paros' alt='Marina, Parikia Paros'  itemprop=\"thumbnailUrl\"   \/><\/div><\/li><li  class='avia-slideshow-slide av-eutja-8f076cd68096fb1ae4cc117bdb5d5b95__2  slide-3 slide-odd'><div data-rel='slideshow-2' class='avia-slide-wrap '   ><img decoding=\"async\" loading=\"lazy\" class=\"wp-image-434 avia-img-lazy-loading-434\"  src=\"https:\/\/www.bizas.gr\/wp-content\/uploads\/2025\/11\/parikia-paros-8-1200x630.jpg\" width=\"1200\" height=\"630\" title='Baie de Parikia, Paros' alt='Baie de Parikia, Paros'  itemprop=\"thumbnailUrl\"   \/><\/div><\/li><li  class='avia-slideshow-slide av-eutja-8f076cd68096fb1ae4cc117bdb5d5b95__3  slide-4 slide-even'><div data-rel='slideshow-2' class='avia-slide-wrap '   ><img decoding=\"async\" loading=\"lazy\" class=\"wp-image-435 avia-img-lazy-loading-435\"  src=\"https:\/\/www.bizas.gr\/wp-content\/uploads\/2025\/11\/image4.jpg\" width=\"730\" height=\"380\" title='\u00c9glise aux cent portes, Ekatontapyliani' alt='\u00c9glise aux cent portes, Ekatontapyliani'  itemprop=\"thumbnailUrl\" srcset=\"https:\/\/www.bizas.gr\/wp-content\/uploads\/2025\/11\/image4.jpg 730w, https:\/\/www.bizas.gr\/wp-content\/uploads\/2025\/11\/image4-300x156.jpg 300w, https:\/\/www.bizas.gr\/wp-content\/uploads\/2025\/11\/image4-705x367.jpg 705w\" sizes=\"auto, (max-width: 730px) 100vw, 730px\" \/><\/div><\/li><li  class='avia-slideshow-slide av-eutja-8f076cd68096fb1ae4cc117bdb5d5b95__4  slide-5 slide-odd'><div data-rel='slideshow-2' class='avia-slide-wrap '   ><img decoding=\"async\" loading=\"lazy\" class=\"wp-image-436 avia-img-lazy-loading-436\"  src=\"https:\/\/www.bizas.gr\/wp-content\/uploads\/2025\/11\/parikia-paros-10-1200x630.jpg\" width=\"1200\" height=\"630\" title='Livadia, Parikia Paros' alt='Livadia, Parikia Paros'  itemprop=\"thumbnailUrl\"   \/><\/div><\/li><li  class='avia-slideshow-slide av-eutja-8f076cd68096fb1ae4cc117bdb5d5b95__5  slide-6 slide-even'><div data-rel='slideshow-2' class='avia-slide-wrap '   ><img decoding=\"async\" loading=\"lazy\" class=\"wp-image-437 avia-img-lazy-loading-437\"  src=\"https:\/\/www.bizas.gr\/wp-content\/uploads\/2025\/11\/parikia-paros-9.jpg\" width=\"598\" height=\"444\" title='Castro V\u00e9nitien, Parikia Paros' alt='Castro V\u00e9nitien, Parikia Paros'  itemprop=\"thumbnailUrl\" srcset=\"https:\/\/www.bizas.gr\/wp-content\/uploads\/2025\/11\/parikia-paros-9.jpg 598w, https:\/\/www.bizas.gr\/wp-content\/uploads\/2025\/11\/parikia-paros-9-300x223.jpg 300w\" sizes=\"auto, (max-width: 598px) 100vw, 598px\" \/><\/div><\/li><\/ul><div class='avia-slideshow-arrows avia-slideshow-controls' ><a href='#prev' class='prev-slide  avia-svg-icon avia-font-svg_entypo-fontello' data-av_svg_icon='left-open-big' data-av_iconset='svg_entypo-fontello' tabindex='-1' title=\"Pr\u00e9c\u00e9dent\"><svg version=\"1.1\" xmlns=\"http:\/\/www.w3.org\/2000\/svg\" width=\"15\" height=\"32\" viewBox=\"0 0 15 32\" preserveAspectRatio=\"xMidYMid meet\" aria-labelledby='av-svg-title-3' aria-describedby='av-svg-desc-3' role=\"graphics-symbol\" aria-hidden=\"true\">\n<title id='av-svg-title-3'>Pr\u00e9c\u00e9dent<\/title>\n<desc id='av-svg-desc-3'>Pr\u00e9c\u00e9dent<\/desc>\n<path d=\"M14.464 27.84q0.832 0.832 0 1.536-0.832 0.832-1.536 0l-12.544-12.608q-0.768-0.768 0-1.6l12.544-12.608q0.704-0.832 1.536 0 0.832 0.704 0 1.536l-11.456 11.904z\"><\/path>\n<\/svg><span class='avia_hidden_link_text'>Pr\u00e9c\u00e9dent<\/span><\/a><a href='#next' class='next-slide  avia-svg-icon avia-font-svg_entypo-fontello' data-av_svg_icon='right-open-big' data-av_iconset='svg_entypo-fontello' tabindex='-1' title=\"Suivant\"><svg version=\"1.1\" xmlns=\"http:\/\/www.w3.org\/2000\/svg\" width=\"15\" height=\"32\" viewBox=\"0 0 15 32\" preserveAspectRatio=\"xMidYMid meet\" aria-labelledby='av-svg-title-4' aria-describedby='av-svg-desc-4' role=\"graphics-symbol\" aria-hidden=\"true\">\n<title id='av-svg-title-4'>Suivant<\/title>\n<desc id='av-svg-desc-4'>Suivant<\/desc>\n<path d=\"M0.416 27.84l11.456-11.84-11.456-11.904q-0.832-0.832 0-1.536 0.832-0.832 1.536 0l12.544 12.608q0.768 0.832 0 1.6l-12.544 12.608q-0.704 0.832-1.536 0-0.832-0.704 0-1.536z\"><\/path>\n<\/svg><span class='avia_hidden_link_text'>Suivant<\/span><\/a><\/div><div class='avia-slideshow-dots avia-slideshow-controls'><a href='#1' class='goto-slide active' >1<\/a><a href='#2' class='goto-slide ' >2<\/a><a href='#3' class='goto-slide ' >3<\/a><a href='#4' class='goto-slide ' >4<\/a><a href='#5' class='goto-slide ' >5<\/a><a href='#6' class='goto-slide ' >6<\/a><\/div><\/div><br \/>\n<section  class='av_textblock_section av-mieequ3n-721877dc98c647eb8d7b8d242f54deb4 '   itemscope=\"itemscope\" itemtype=\"https:\/\/schema.org\/CreativeWork\" ><div class='avia_textblock'  itemprop=\"text\" ><p>De nos jours, Parikia est un port anim\u00e9 l\u2019\u00e9t\u00e9 comme l\u2019hiver.<br \/>\nLa jolie petite \u00e9glise d\u2019Agias Fokas, qui garde l\u2019entr\u00e9e de la baie de Parikia, constitue un excellent but de promenade autour de l\u2019un des plus grands ports naturels en mer \u00c9gee. Vous longerez les plages de Livadia, de Krios, de Marcello ainsi que de nombreuses petites criques peu fr\u00e9quent\u00e9es baign\u00e9es par des panoramas extraordinaires.<br \/>Il y a de quoi satisfaire les amateurs de sports: le club nautique de paros (NOP) propose des cours de voile et un grand terrain de beach-volley; \u00e0 Pounda vous pouvez pratiquer la plong\u00e9e, la planche \u00e0 voile et le kite surf; Sur la route d\u2019Agia Irini se trouve un club de tennis o\u00f9 sont dispens\u00e9s des cours de tous niveaux et de nombreuses activit\u00e9s sont propos\u00e9es au gymnasium de Parikia, des cours de self-d\u00e9fense au yoga.<br \/>Vous pouvez aussi tout simplement vous relaxer en terrasse avec une bi\u00e8re fra\u00eeche tout en appr\u00e9ciant les charmes de cette d\u00e9licieuse petite ville des Cyclades.<\/p>\n<\/div><\/section><br \/>\n<div  class='avia-slideshow av-7qfze-452554ed7b9f8478711b2e7bb016110b avia-slideshow-featured_large av_slideshow avia-slide-slider  avia-builder-el-6  el_after_av_textblock  avia-builder-el-last  av-slideshow-ui av-control-minimal av-nav-arrows-visible av-slideshow-manual av-loop-once av-loop-manual-endless av-default-height-applied avia-slideshow-3' data-slideshow-options=\"{&quot;animation&quot;:&quot;slide&quot;,&quot;autoplay&quot;:false,&quot;loop_autoplay&quot;:&quot;once&quot;,&quot;interval&quot;:5,&quot;loop_manual&quot;:&quot;manual-endless&quot;,&quot;autoplay_stopper&quot;:false,&quot;noNavigation&quot;:false,&quot;bg_slider&quot;:false,&quot;keep_padding&quot;:false,&quot;hoverpause&quot;:false,&quot;show_slide_delay&quot;:0}\"  itemprop=\"image\" itemscope=\"itemscope\" itemtype=\"https:\/\/schema.org\/ImageObject\" ><ul class='avia-slideshow-inner ' style='padding-bottom: 42%;'><li  class='avia-slideshow-slide av-7qfze-452554ed7b9f8478711b2e7bb016110b__0  slide-1 slide-odd'><div data-rel='slideshow-3' class='avia-slide-wrap '   ><img decoding=\"async\" loading=\"lazy\" class=\"wp-image-438 avia-img-lazy-loading-438\"  src=\"https:\/\/www.bizas.gr\/wp-content\/uploads\/2025\/11\/parikia-paros-11-1500x630.jpg\" width=\"1500\" height=\"630\" title='Livadia, Parikia Paros' alt='Livadia, Parikia Paros'  itemprop=\"thumbnailUrl\"   \/><\/div><\/li><li  class='avia-slideshow-slide av-7qfze-452554ed7b9f8478711b2e7bb016110b__1  slide-2 slide-even'><div data-rel='slideshow-3' class='avia-slide-wrap '   ><img decoding=\"async\" loading=\"lazy\" class=\"wp-image-439 avia-img-lazy-loading-439\"  src=\"https:\/\/www.bizas.gr\/wp-content\/uploads\/2025\/11\/parikia-paros-12-1500x630.jpg\" width=\"1500\" height=\"630\" title='Plage Delphini, Parikia Paros' alt='Plage Delphini, Parikia Paros'  itemprop=\"thumbnailUrl\"   \/><\/div><\/li><li  class='avia-slideshow-slide av-7qfze-452554ed7b9f8478711b2e7bb016110b__2  slide-3 slide-odd'><div data-rel='slideshow-3' class='avia-slide-wrap '   ><img decoding=\"async\" loading=\"lazy\" class=\"wp-image-440 avia-img-lazy-loading-440\"  src=\"https:\/\/www.bizas.gr\/wp-content\/uploads\/2025\/11\/parikia-paros-1-1500x630.jpg\" width=\"1500\" height=\"630\" title='Parikia, \u00eele de Paros, une ville charg\u00e9e d&#039;histoire' alt='Parikia, \u00eele de Paros, une ville charg\u00e9e d&#039;histoire'  itemprop=\"thumbnailUrl\"   \/><\/div><\/li><li  class='avia-slideshow-slide av-7qfze-452554ed7b9f8478711b2e7bb016110b__3  slide-4 slide-even'><div data-rel='slideshow-3' class='avia-slide-wrap '   ><img decoding=\"async\" loading=\"lazy\" class=\"wp-image-441 avia-img-lazy-loading-441\"  src=\"https:\/\/www.bizas.gr\/wp-content\/uploads\/2025\/11\/parikia-paros-6-1500x630.jpg\" width=\"1500\" height=\"630\" title='Plage de Farangas, Paros' alt='Plage de Farangas, Paros'  itemprop=\"thumbnailUrl\"   \/><\/div><\/li><\/ul><div class='avia-slideshow-arrows avia-slideshow-controls' ><a href='#prev' class='prev-slide  avia-svg-icon avia-font-svg_entypo-fontello' data-av_svg_icon='left-open-big' data-av_iconset='svg_entypo-fontello' tabindex='-1' title=\"Pr\u00e9c\u00e9dent\"><svg version=\"1.1\" xmlns=\"http:\/\/www.w3.org\/2000\/svg\" width=\"15\" height=\"32\" viewBox=\"0 0 15 32\" preserveAspectRatio=\"xMidYMid meet\" aria-labelledby='av-svg-title-5' aria-describedby='av-svg-desc-5' role=\"graphics-symbol\" aria-hidden=\"true\">\n<title id='av-svg-title-5'>Pr\u00e9c\u00e9dent<\/title>\n<desc id='av-svg-desc-5'>Pr\u00e9c\u00e9dent<\/desc>\n<path d=\"M14.464 27.84q0.832 0.832 0 1.536-0.832 0.832-1.536 0l-12.544-12.608q-0.768-0.768 0-1.6l12.544-12.608q0.704-0.832 1.536 0 0.832 0.704 0 1.536l-11.456 11.904z\"><\/path>\n<\/svg><span class='avia_hidden_link_text'>Pr\u00e9c\u00e9dent<\/span><\/a><a href='#next' class='next-slide  avia-svg-icon avia-font-svg_entypo-fontello' data-av_svg_icon='right-open-big' data-av_iconset='svg_entypo-fontello' tabindex='-1' title=\"Suivant\"><svg version=\"1.1\" xmlns=\"http:\/\/www.w3.org\/2000\/svg\" width=\"15\" height=\"32\" viewBox=\"0 0 15 32\" preserveAspectRatio=\"xMidYMid meet\" aria-labelledby='av-svg-title-6' aria-describedby='av-svg-desc-6' role=\"graphics-symbol\" aria-hidden=\"true\">\n<title id='av-svg-title-6'>Suivant<\/title>\n<desc id='av-svg-desc-6'>Suivant<\/desc>\n<path d=\"M0.416 27.84l11.456-11.84-11.456-11.904q-0.832-0.832 0-1.536 0.832-0.832 1.536 0l12.544 12.608q0.768 0.832 0 1.6l-12.544 12.608q-0.704 0.832-1.536 0-0.832-0.704 0-1.536z\"><\/path>\n<\/svg><span class='avia_hidden_link_text'>Suivant<\/span><\/a><\/div><div class='avia-slideshow-dots avia-slideshow-controls'><a href='#1' class='goto-slide active' >1<\/a><a href='#2' class='goto-slide ' >2<\/a><a href='#3' class='goto-slide ' >3<\/a><a href='#4' class='goto-slide ' >4<\/a><\/div><\/div><\/p><\/div>\n","protected":false},"excerpt":{"rendered":"","protected":false},"author":1,"featured_media":448,"parent":0,"menu_order":0,"comment_status":"closed","ping_status":"closed","template":"","meta":{"footnotes":""},"class_list":["post-442","page","type-page","status-publish","has-post-thumbnail","hentry"],"yoast_head":"<!-- This site is optimized with the Yoast SEO plugin v27.5 - https:\/\/yoast.com\/product\/yoast-seo-wordpress\/ -->\n<title>Parikia, Paros - Paros H\u00e9bergement Bizas Chambres d\u2019h\u00f4te<\/title>\n<meta name=\"robots\" content=\"index, follow, max-snippet:-1, max-image-preview:large, max-video-preview:-1\" \/>\n<link rel=\"canonical\" href=\"https:\/\/www.bizas.gr\/fr\/parikia-paros\/\" \/>\n<meta property=\"og:locale\" content=\"fr_FR\" \/>\n<meta property=\"og:type\" content=\"article\" \/>\n<meta property=\"og:title\" content=\"Parikia, Paros - Paros H\u00e9bergement Bizas Chambres d\u2019h\u00f4te\" \/>\n<meta property=\"og:url\" content=\"https:\/\/www.bizas.gr\/fr\/parikia-paros\/\" \/>\n<meta property=\"og:site_name\" content=\"Paros H\u00e9bergement Bizas Chambres d\u2019h\u00f4te\" \/>\n<meta property=\"article:publisher\" content=\"https:\/\/www.facebook.com\/bizas.accommodation\" \/>\n<meta property=\"article:modified_time\" content=\"2025-12-14T10:49:56+00:00\" \/>\n<meta property=\"og:image\" content=\"https:\/\/www.bizas.gr\/wp-content\/uploads\/2025\/11\/venitian-kastro-parikia.jpg\" \/>\n\t<meta property=\"og:image:width\" content=\"598\" \/>\n\t<meta property=\"og:image:height\" content=\"444\" \/>\n\t<meta property=\"og:image:type\" content=\"image\/jpeg\" \/>\n<meta name=\"twitter:card\" content=\"summary_large_image\" \/>\n<meta name=\"twitter:label1\" content=\"Dur\u00e9e de lecture estim\u00e9e\" \/>\n\t<meta name=\"twitter:data1\" content=\"16 minutes\" \/>\n<script type=\"application\/ld+json\" class=\"yoast-schema-graph\">{\"@context\":\"https:\\\/\\\/schema.org\",\"@graph\":[{\"@type\":\"WebPage\",\"@id\":\"https:\\\/\\\/www.bizas.gr\\\/fr\\\/parikia-paros\\\/\",\"url\":\"https:\\\/\\\/www.bizas.gr\\\/fr\\\/parikia-paros\\\/\",\"name\":\"Parikia, Paros - Paros H\u00e9bergement Bizas Chambres d\u2019h\u00f4te\",\"isPartOf\":{\"@id\":\"https:\\\/\\\/www.bizas.gr\\\/fr\\\/#website\"},\"primaryImageOfPage\":{\"@id\":\"https:\\\/\\\/www.bizas.gr\\\/fr\\\/parikia-paros\\\/#primaryimage\"},\"image\":{\"@id\":\"https:\\\/\\\/www.bizas.gr\\\/fr\\\/parikia-paros\\\/#primaryimage\"},\"thumbnailUrl\":\"https:\\\/\\\/www.bizas.gr\\\/wp-content\\\/uploads\\\/2025\\\/11\\\/venitian-kastro-parikia.jpg\",\"datePublished\":\"2025-11-23T16:49:56+00:00\",\"dateModified\":\"2025-12-14T10:49:56+00:00\",\"breadcrumb\":{\"@id\":\"https:\\\/\\\/www.bizas.gr\\\/fr\\\/parikia-paros\\\/#breadcrumb\"},\"inLanguage\":\"fr-FR\",\"potentialAction\":[{\"@type\":\"ReadAction\",\"target\":[\"https:\\\/\\\/www.bizas.gr\\\/fr\\\/parikia-paros\\\/\"]}]},{\"@type\":\"ImageObject\",\"inLanguage\":\"fr-FR\",\"@id\":\"https:\\\/\\\/www.bizas.gr\\\/fr\\\/parikia-paros\\\/#primaryimage\",\"url\":\"https:\\\/\\\/www.bizas.gr\\\/wp-content\\\/uploads\\\/2025\\\/11\\\/venitian-kastro-parikia.jpg\",\"contentUrl\":\"https:\\\/\\\/www.bizas.gr\\\/wp-content\\\/uploads\\\/2025\\\/11\\\/venitian-kastro-parikia.jpg\",\"width\":598,\"height\":444,\"caption\":\"La citadelle Franque \u00e0 Parikia\"},{\"@type\":\"BreadcrumbList\",\"@id\":\"https:\\\/\\\/www.bizas.gr\\\/fr\\\/parikia-paros\\\/#breadcrumb\",\"itemListElement\":[{\"@type\":\"ListItem\",\"position\":1,\"name\":\"Home\",\"item\":\"https:\\\/\\\/www.bizas.gr\\\/fr\\\/accueil\\\/\"},{\"@type\":\"ListItem\",\"position\":2,\"name\":\"Parikia, Paros\"}]},{\"@type\":\"WebSite\",\"@id\":\"https:\\\/\\\/www.bizas.gr\\\/fr\\\/#website\",\"url\":\"https:\\\/\\\/www.bizas.gr\\\/fr\\\/\",\"name\":\"Bizas Accommodation Paros\",\"description\":\"Studios &amp; Appartements Paros Bizas \u00e0 Parikia\",\"publisher\":{\"@id\":\"https:\\\/\\\/www.bizas.gr\\\/fr\\\/#organization\"},\"potentialAction\":[{\"@type\":\"SearchAction\",\"target\":{\"@type\":\"EntryPoint\",\"urlTemplate\":\"https:\\\/\\\/www.bizas.gr\\\/fr\\\/?s={search_term_string}\"},\"query-input\":{\"@type\":\"PropertyValueSpecification\",\"valueRequired\":true,\"valueName\":\"search_term_string\"}}],\"inLanguage\":\"fr-FR\"},{\"@type\":\"Organization\",\"@id\":\"https:\\\/\\\/www.bizas.gr\\\/fr\\\/#organization\",\"name\":\"Bizas Accommodation Paros\",\"url\":\"https:\\\/\\\/www.bizas.gr\\\/fr\\\/\",\"logo\":{\"@type\":\"ImageObject\",\"inLanguage\":\"fr-FR\",\"@id\":\"https:\\\/\\\/www.bizas.gr\\\/fr\\\/#\\\/schema\\\/logo\\\/image\\\/\",\"url\":\"https:\\\/\\\/dev.bizas.gr\\\/wp-content\\\/uploads\\\/2025\\\/11\\\/bizas-apartments-paros.png\",\"contentUrl\":\"https:\\\/\\\/dev.bizas.gr\\\/wp-content\\\/uploads\\\/2025\\\/11\\\/bizas-apartments-paros.png\",\"width\":436,\"height\":115,\"caption\":\"Bizas Accommodation Paros\"},\"image\":{\"@id\":\"https:\\\/\\\/www.bizas.gr\\\/fr\\\/#\\\/schema\\\/logo\\\/image\\\/\"},\"sameAs\":[\"https:\\\/\\\/www.facebook.com\\\/bizas.accommodation\",\"https:\\\/\\\/www.instagram.com\\\/bizas.accommodation\\\/\"]}]}<\/script>\n<!-- \/ Yoast SEO plugin. -->","yoast_head_json":{"title":"Parikia, Paros - Paros H\u00e9bergement Bizas Chambres d\u2019h\u00f4te","robots":{"index":"index","follow":"follow","max-snippet":"max-snippet:-1","max-image-preview":"max-image-preview:large","max-video-preview":"max-video-preview:-1"},"canonical":"https:\/\/www.bizas.gr\/fr\/parikia-paros\/","og_locale":"fr_FR","og_type":"article","og_title":"Parikia, Paros - Paros H\u00e9bergement Bizas Chambres d\u2019h\u00f4te","og_url":"https:\/\/www.bizas.gr\/fr\/parikia-paros\/","og_site_name":"Paros H\u00e9bergement Bizas Chambres d\u2019h\u00f4te","article_publisher":"https:\/\/www.facebook.com\/bizas.accommodation","article_modified_time":"2025-12-14T10:49:56+00:00","og_image":[{"width":598,"height":444,"url":"https:\/\/www.bizas.gr\/wp-content\/uploads\/2025\/11\/venitian-kastro-parikia.jpg","type":"image\/jpeg"}],"twitter_card":"summary_large_image","twitter_misc":{"Dur\u00e9e de lecture estim\u00e9e":"16 minutes"},"schema":{"@context":"https:\/\/schema.org","@graph":[{"@type":"WebPage","@id":"https:\/\/www.bizas.gr\/fr\/parikia-paros\/","url":"https:\/\/www.bizas.gr\/fr\/parikia-paros\/","name":"Parikia, Paros - Paros H\u00e9bergement Bizas Chambres d\u2019h\u00f4te","isPartOf":{"@id":"https:\/\/www.bizas.gr\/fr\/#website"},"primaryImageOfPage":{"@id":"https:\/\/www.bizas.gr\/fr\/parikia-paros\/#primaryimage"},"image":{"@id":"https:\/\/www.bizas.gr\/fr\/parikia-paros\/#primaryimage"},"thumbnailUrl":"https:\/\/www.bizas.gr\/wp-content\/uploads\/2025\/11\/venitian-kastro-parikia.jpg","datePublished":"2025-11-23T16:49:56+00:00","dateModified":"2025-12-14T10:49:56+00:00","breadcrumb":{"@id":"https:\/\/www.bizas.gr\/fr\/parikia-paros\/#breadcrumb"},"inLanguage":"fr-FR","potentialAction":[{"@type":"ReadAction","target":["https:\/\/www.bizas.gr\/fr\/parikia-paros\/"]}]},{"@type":"ImageObject","inLanguage":"fr-FR","@id":"https:\/\/www.bizas.gr\/fr\/parikia-paros\/#primaryimage","url":"https:\/\/www.bizas.gr\/wp-content\/uploads\/2025\/11\/venitian-kastro-parikia.jpg","contentUrl":"https:\/\/www.bizas.gr\/wp-content\/uploads\/2025\/11\/venitian-kastro-parikia.jpg","width":598,"height":444,"caption":"La citadelle Franque \u00e0 Parikia"},{"@type":"BreadcrumbList","@id":"https:\/\/www.bizas.gr\/fr\/parikia-paros\/#breadcrumb","itemListElement":[{"@type":"ListItem","position":1,"name":"Home","item":"https:\/\/www.bizas.gr\/fr\/accueil\/"},{"@type":"ListItem","position":2,"name":"Parikia, Paros"}]},{"@type":"WebSite","@id":"https:\/\/www.bizas.gr\/fr\/#website","url":"https:\/\/www.bizas.gr\/fr\/","name":"Bizas Accommodation Paros","description":"Studios &amp; Appartements Paros Bizas \u00e0 Parikia","publisher":{"@id":"https:\/\/www.bizas.gr\/fr\/#organization"},"potentialAction":[{"@type":"SearchAction","target":{"@type":"EntryPoint","urlTemplate":"https:\/\/www.bizas.gr\/fr\/?s={search_term_string}"},"query-input":{"@type":"PropertyValueSpecification","valueRequired":true,"valueName":"search_term_string"}}],"inLanguage":"fr-FR"},{"@type":"Organization","@id":"https:\/\/www.bizas.gr\/fr\/#organization","name":"Bizas Accommodation Paros","url":"https:\/\/www.bizas.gr\/fr\/","logo":{"@type":"ImageObject","inLanguage":"fr-FR","@id":"https:\/\/www.bizas.gr\/fr\/#\/schema\/logo\/image\/","url":"https:\/\/dev.bizas.gr\/wp-content\/uploads\/2025\/11\/bizas-apartments-paros.png","contentUrl":"https:\/\/dev.bizas.gr\/wp-content\/uploads\/2025\/11\/bizas-apartments-paros.png","width":436,"height":115,"caption":"Bizas Accommodation Paros"},"image":{"@id":"https:\/\/www.bizas.gr\/fr\/#\/schema\/logo\/image\/"},"sameAs":["https:\/\/www.facebook.com\/bizas.accommodation","https:\/\/www.instagram.com\/bizas.accommodation\/"]}]}},"_links":{"self":[{"href":"https:\/\/www.bizas.gr\/fr\/wp-json\/wp\/v2\/pages\/442","targetHints":{"allow":["GET"]}}],"collection":[{"href":"https:\/\/www.bizas.gr\/fr\/wp-json\/wp\/v2\/pages"}],"about":[{"href":"https:\/\/www.bizas.gr\/fr\/wp-json\/wp\/v2\/types\/page"}],"author":[{"embeddable":true,"href":"https:\/\/www.bizas.gr\/fr\/wp-json\/wp\/v2\/users\/1"}],"replies":[{"embeddable":true,"href":"https:\/\/www.bizas.gr\/fr\/wp-json\/wp\/v2\/comments?post=442"}],"version-history":[{"count":15,"href":"https:\/\/www.bizas.gr\/fr\/wp-json\/wp\/v2\/pages\/442\/revisions"}],"predecessor-version":[{"id":957,"href":"https:\/\/www.bizas.gr\/fr\/wp-json\/wp\/v2\/pages\/442\/revisions\/957"}],"wp:featuredmedia":[{"embeddable":true,"href":"https:\/\/www.bizas.gr\/fr\/wp-json\/wp\/v2\/media\/448"}],"wp:attachment":[{"href":"https:\/\/www.bizas.gr\/fr\/wp-json\/wp\/v2\/media?parent=442"}],"curies":[{"name":"wp","href":"https:\/\/api.w.org\/{rel}","templated":true}]}}