{"id":422,"date":"2025-11-23T17:34:22","date_gmt":"2025-11-23T15:34:22","guid":{"rendered":"https:\/\/dev.bizas.gr\/nos-chambres\/"},"modified":"2025-12-14T12:51:54","modified_gmt":"2025-12-14T10:51:54","slug":"nos-chambres","status":"publish","type":"page","link":"https:\/\/www.bizas.gr\/fr\/nos-chambres\/","title":{"rendered":"Nos Chambres"},"content":{"rendered":"<div  class='flex_column av-11i7h-b9dd103eb624fd5edccd1a2e2f733613 av_one_full  avia-builder-el-0  avia-builder-el-no-sibling  first flex_column_div  '     ><p>\n<style type=\"text\/css\" data-created_by=\"avia_inline_auto\" id=\"style-css-av-mic163gt-654fd6c1ca03896ced565325a526c6c8\">\n#top .av-special-heading.av-mic163gt-654fd6c1ca03896ced565325a526c6c8{\npadding-bottom:10px;\n}\nbody .av-special-heading.av-mic163gt-654fd6c1ca03896ced565325a526c6c8 .av-special-heading-tag .heading-char{\nfont-size:25px;\n}\n.av-special-heading.av-mic163gt-654fd6c1ca03896ced565325a526c6c8 .av-subheading{\nfont-size:15px;\n}\n<\/style>\n<div  class='av-special-heading av-mic163gt-654fd6c1ca03896ced565325a526c6c8 av-special-heading-h2 blockquote classic-quote  avia-builder-el-1  el_before_av_textblock  avia-builder-el-first '><h2 class='av-special-heading-tag '  itemprop=\"headline\"  >Votre s\u00e9jour paisible \u00e0 Parikia<\/h2><div class=\"special-heading-border\"><div class=\"special-heading-inner-border\"><\/div><\/div><\/div><br \/>\n<section  class='av_textblock_section av-mic17vd8-b3c29c370c51983608dda9c5a81dd684 '   itemscope=\"itemscope\" itemtype=\"https:\/\/schema.org\/CreativeWork\" ><div class='avia_textblock'  itemprop=\"text\" ><p data-start=\"197\" data-end=\"442\">Nich\u00e9es dans des jardins luxuriants, les Chambres d&rsquo;h\u00f4te Bizas offrent une atmosph\u00e8re calme et rurale \u00e0 quelques minutes du c\u0153ur de Parikia. Les chambres du premier \u00e9tage b\u00e9n\u00e9ficient de magnifiques vues sur la montagne ou la mer, tandis que celles du rez-de-chauss\u00e9e s&rsquo;ouvrent directement sur le jardin fleuri. <\/p>\n<p data-start=\"444\" data-end=\"652\">Tous les h\u00e9bergements comprennent une salle de bain priv\u00e9e, la climatisation, une TV, un r\u00e9frig\u00e9rateur, le WiFi et, dans certains cas, des \u00e9quipements de cuisine de base. Les clients peuvent \u00e9galement se d\u00e9tendre dans l&rsquo;espace de vie commun ou dans les jardins ombrag\u00e9s. <\/p>\n<p data-start=\"654\" data-end=\"848\">Il est facile de se garer dans les environs calmes, et l&rsquo;arr\u00eat de bus &#8211; \u00e0 seulement 3 minutes &#8211; permet d&rsquo;acc\u00e9der rapidement \u00e0 toute l&rsquo;\u00eele. Le port et les caf\u00e9s, boutiques et plages de Parikia sont accessibles \u00e0 pied. <\/p>\n<p data-start=\"850\" data-end=\"964\">Accueillant des visiteurs depuis des g\u00e9n\u00e9rations, la famille Bizas assure une hospitalit\u00e9 grecque chaleureuse et authentique tout au long de ton s\u00e9jour.<\/p>\n<h3 data-start=\"113\" data-end=\"148\"><strong data-start=\"117\" data-end=\"146\">Nos Options d&rsquo;H\u00e9bergement<\/strong><\/h3>\n<p data-start=\"149\" data-end=\"272\">Choisis parmi sept types de chambres et de studios, offrant chacun confort, simplicit\u00e9 et vues sur la mer, les collines ou les jardins de Paros.<\/p>\n<\/div><\/section><br \/>\n<div  id=\"av-sc-portfolio-1\"  class=' grid-sort-container isotope   no_margin-container with-excerpt-container grid-total-odd grid-col-3 grid-links-' data-portfolio-id='1'><div data-ajax-id='630' class=' grid-entry flex_column isotope-item all_sort no_margin post-entry post-entry-630 grid-entry-overview grid-loop-1 grid-parity-odd  hebergements_sort  av_one_third first default_av_fullwidth '><article class='main_color inner-entry'  itemscope=\"itemscope\" itemtype=\"https:\/\/schema.org\/CreativeWork\" ><a href=\"https:\/\/www.bizas.gr\/fr\/accommodation-item\/studio-pour-deux-personnes-avec-vue-sur-la-montagne\/\" title='Studio pour deux personnes avec vue sur la montagne'  data-rel='grid-1' class='grid-image avia-hover-fx'> <img decoding=\"async\" loading=\"lazy\" width=\"495\" height=\"400\" src=\"https:\/\/www.bizas.gr\/wp-content\/uploads\/2025\/11\/studio-with-mountain-view1-495x400.jpg\" class=\"wp-image-635 avia-img-lazy-loading-635 attachment-portfolio size-portfolio wp-post-image\" alt=\"Studio pour 2 personnes avec vue sur la montagne\" \/><\/a><div class='grid-content'><div class='avia-arrow'><\/div><header class=\"entry-content-header\" aria-label=\"Portfolio : Studio pour deux personnes avec vue sur la montagne\"><h3 class='grid-entry-title entry-title '  itemprop=\"headline\" ><a href='https:\/\/www.bizas.gr\/fr\/accommodation-item\/studio-pour-deux-personnes-avec-vue-sur-la-montagne\/' title='Studio pour deux personnes avec vue sur la montagne'>Studio pour deux personnes avec vue sur la montagne<\/a><\/h3><\/header><div class='grid-entry-excerpt entry-content'  itemprop=\"text\" >Un studio confortable dot\u00e9 d'une kitchenette pratique, de la climatisation, d'une salle de bain priv\u00e9e avec douche et d'un lit double confortable. Le balcon offre une vue paisible sur le jardin et les montagnes, cr\u00e9ant une atmosph\u00e8re relaxante pour votre s\u00e9jour. <\/div><\/div><footer class=\"entry-footer\"><\/footer><\/article><\/div><div data-ajax-id='644' class=' grid-entry flex_column isotope-item all_sort no_margin post-entry post-entry-644 grid-entry-overview grid-loop-2 grid-parity-even  hebergements_sort  av_one_third  default_av_fullwidth '><article class='main_color inner-entry'  itemscope=\"itemscope\" itemtype=\"https:\/\/schema.org\/CreativeWork\" ><a href=\"https:\/\/www.bizas.gr\/fr\/accommodation-item\/studio-triple-standard-1\/\" title='Studio triple standard 1'  data-rel='grid-1' class='grid-image avia-hover-fx'> <img decoding=\"async\" loading=\"lazy\" width=\"495\" height=\"400\" src=\"https:\/\/www.bizas.gr\/wp-content\/uploads\/2025\/11\/bizas-paros-triple-room-2-495x400.jpg\" class=\"wp-image-646 avia-img-lazy-loading-646 attachment-portfolio size-portfolio wp-post-image\" alt=\"Triple Studio Paros Bizas accommodation\" \/><\/a><div class='grid-content'><div class='avia-arrow'><\/div><header class=\"entry-content-header\" aria-label=\"Portfolio : Studio triple standard 1\"><h3 class='grid-entry-title entry-title '  itemprop=\"headline\" ><a href='https:\/\/www.bizas.gr\/fr\/accommodation-item\/studio-triple-standard-1\/' title='Studio triple standard 1'>Studio triple standard 1<\/a><\/h3><\/header><div class='grid-entry-excerpt entry-content'  itemprop=\"text\" >Ce studio dispose d'une kitchenette pratique avec un r\u00e9frig\u00e9rateur, des ustensiles de cuisine et une bouilloire \u00e9lectrique, id\u00e9ale pour pr\u00e9parer des repas simples. Il comprend la climatisation, une armoire et une salle de bains privative avec douche. Le balcon donne sur le jardin et l'unit\u00e9 dispose de deux lits pour un s\u00e9jour confortable.  <\/div><\/div><footer class=\"entry-footer\"><\/footer><\/article><\/div><div data-ajax-id='653' class=' grid-entry flex_column isotope-item all_sort no_margin post-entry post-entry-653 grid-entry-overview grid-loop-3 grid-parity-odd  hebergements_sort  av_one_third  default_av_fullwidth '><article class='main_color inner-entry'  itemscope=\"itemscope\" itemtype=\"https:\/\/schema.org\/CreativeWork\" ><a href=\"https:\/\/www.bizas.gr\/fr\/accommodation-item\/chambre-triple-avec-vue-sur-la-mer\/\" title='Triple Room with Sea View'  data-rel='grid-1' class='grid-image avia-hover-fx'> <img decoding=\"async\" loading=\"lazy\" width=\"495\" height=\"400\" src=\"https:\/\/www.bizas.gr\/wp-content\/uploads\/2025\/11\/sea-view-triple-room-5-495x400.jpg\" class=\"wp-image-654 avia-img-lazy-loading-654 attachment-portfolio size-portfolio wp-post-image\" alt=\"Chambre avec vue sur la mer pour trois personnes - H\u00e9bergement \u00e0 Paros Bizas\" srcset=\"https:\/\/www.bizas.gr\/wp-content\/uploads\/2025\/11\/sea-view-triple-room-5-495x400.jpg 495w, https:\/\/www.bizas.gr\/wp-content\/uploads\/2025\/11\/sea-view-triple-room-5-845x684.jpg 845w\" sizes=\"auto, (max-width: 495px) 100vw, 495px\" \/><\/a><div class='grid-content'><div class='avia-arrow'><\/div><header class=\"entry-content-header\" aria-label=\"Portfolio : Triple Room with Sea View\"><h3 class='grid-entry-title entry-title '  itemprop=\"headline\" ><a href='https:\/\/www.bizas.gr\/fr\/accommodation-item\/chambre-triple-avec-vue-sur-la-mer\/' title='Triple Room with Sea View'>Triple Room with Sea View<\/a><\/h3><\/header><div class='grid-entry-excerpt entry-content'  itemprop=\"text\" >Cette chambre triple lumineuse comprend la climatisation, une armoire et une salle de bain priv\u00e9e avec douche. Le balcon offre une vue magnifique sur la mer et la chambre dispose de deux lits pour un s\u00e9jour confortable. <\/div><\/div><footer class=\"entry-footer\"><\/footer><\/article><\/div><div data-ajax-id='667' class=' grid-entry flex_column isotope-item all_sort no_margin post-entry post-entry-667 grid-entry-overview grid-loop-4 grid-parity-even  hebergements_sort  av_one_third first default_av_fullwidth '><article class='main_color inner-entry'  itemscope=\"itemscope\" itemtype=\"https:\/\/schema.org\/CreativeWork\" ><a href=\"https:\/\/www.bizas.gr\/fr\/accommodation-item\/studio-pour-deux-personnes-avec-vue-sur-le-jardin\/\" title='Studio for two with Garden View'  data-rel='grid-1' class='grid-image avia-hover-fx'> <img decoding=\"async\" loading=\"lazy\" width=\"495\" height=\"400\" src=\"https:\/\/www.bizas.gr\/wp-content\/uploads\/2025\/11\/Studio-with-Garden-View-5-495x400.jpg\" class=\"wp-image-672 avia-img-lazy-loading-672 attachment-portfolio size-portfolio wp-post-image\" alt=\"Studio avec vue sur le jardin \u00e0 Paros pour deux personnes\" \/><\/a><div class='grid-content'><div class='avia-arrow'><\/div><header class=\"entry-content-header\" aria-label=\"Portfolio : Studio for two with Garden View\"><h3 class='grid-entry-title entry-title '  itemprop=\"headline\" ><a href='https:\/\/www.bizas.gr\/fr\/accommodation-item\/studio-pour-deux-personnes-avec-vue-sur-le-jardin\/' title='Studio for two with Garden View'>Studio for two with Garden View<\/a><\/h3><\/header><div class='grid-entry-excerpt entry-content'  itemprop=\"text\" >Ce studio confortable comprend une kitchenette \u00e9quip\u00e9e d'un r\u00e9frig\u00e9rateur, d'ustensiles de cuisine et d'une bouilloire \u00e9lectrique pour pr\u00e9parer des repas simples. Il dispose de la climatisation, d'une armoire et d'une salle de bains privative avec douche. La terrasse offre une vue directe sur le jardin paisible et le logement comprend un lit.  <\/div><\/div><footer class=\"entry-footer\"><\/footer><\/article><\/div><div data-ajax-id='611' class=' grid-entry flex_column isotope-item all_sort no_margin post-entry post-entry-611 grid-entry-overview grid-loop-5 grid-parity-odd  hebergements_sort  av_one_third  default_av_fullwidth '><article class='main_color inner-entry'  itemscope=\"itemscope\" itemtype=\"https:\/\/schema.org\/CreativeWork\" ><a href=\"https:\/\/www.bizas.gr\/fr\/accommodation-item\/studio-triple-standard-2\/\" title='Studio triple standard 2'  data-rel='grid-1' class='grid-image avia-hover-fx'> <img decoding=\"async\" loading=\"lazy\" width=\"495\" height=\"400\" src=\"https:\/\/www.bizas.gr\/wp-content\/uploads\/2025\/11\/Standard-Triple-Studio-2-4-495x400.jpg\" class=\"wp-image-608 avia-img-lazy-loading-608 attachment-portfolio size-portfolio wp-post-image\" alt=\"Bizas Paros h\u00e9bergement Studio triple standard\" \/><\/a><div class='grid-content'><div class='avia-arrow'><\/div><header class=\"entry-content-header\" aria-label=\"Portfolio : Studio triple standard 2\"><h3 class='grid-entry-title entry-title '  itemprop=\"headline\" ><a href='https:\/\/www.bizas.gr\/fr\/accommodation-item\/studio-triple-standard-2\/' title='Studio triple standard 2'>Studio triple standard 2<\/a><\/h3><\/header><div class='grid-entry-excerpt entry-content'  itemprop=\"text\" >Meals can be prepared in the well-equipped kitchenette, which includes a refrigerator, kitchenware, and an electric kettle. It features air conditioning, a wardrobe, and a private bathroom with a shower. The terrace opens to relaxing garden views, and the unit includes two beds for a comfortable stay.  <\/div><\/div><footer class=\"entry-footer\"><\/footer><\/article><\/div><div data-ajax-id='602' class=' grid-entry flex_column isotope-item all_sort no_margin post-entry post-entry-602 grid-entry-overview grid-loop-6 grid-parity-even  hebergements_sort  av_one_third  default_av_fullwidth '><article class='main_color inner-entry'  itemscope=\"itemscope\" itemtype=\"https:\/\/schema.org\/CreativeWork\" ><a href=\"https:\/\/www.bizas.gr\/fr\/accommodation-item\/chambre-triple-avec-vue-sur-le-jardin\/\" title='Chambre triple avec vue sur le jardin'  data-rel='grid-1' class='grid-image avia-hover-fx'> <img decoding=\"async\" loading=\"lazy\" width=\"495\" height=\"400\" src=\"https:\/\/www.bizas.gr\/wp-content\/uploads\/2025\/12\/triple-room-with-garden-view-5-495x400.jpg\" class=\"wp-image-598 avia-img-lazy-loading-598 attachment-portfolio size-portfolio wp-post-image\" alt=\"Chambre triple avec vue sur le jardin\" \/><\/a><div class='grid-content'><div class='avia-arrow'><\/div><header class=\"entry-content-header\" aria-label=\"Portfolio : Chambre triple avec vue sur le jardin\"><h3 class='grid-entry-title entry-title '  itemprop=\"headline\" ><a href='https:\/\/www.bizas.gr\/fr\/accommodation-item\/chambre-triple-avec-vue-sur-le-jardin\/' title='Chambre triple avec vue sur le jardin'>Chambre triple avec vue sur le jardin<\/a><\/h3><\/header><div class='grid-entry-excerpt entry-content'  itemprop=\"text\" >Cette chambre triple dispose de la climatisation, d'une armoire et d'une salle de bain priv\u00e9e avec douche. La terrasse donne sur le jardin paisible et la chambre comprend deux lits pour un s\u00e9jour confortable. <\/div><\/div><footer class=\"entry-footer\"><\/footer><\/article><\/div><div data-ajax-id='513' class=' grid-entry flex_column isotope-item all_sort no_margin post-entry post-entry-513 grid-entry-overview grid-loop-7 grid-parity-odd  post-entry-last  hebergements_sort  av_one_third first default_av_fullwidth '><article class='main_color inner-entry'  itemscope=\"itemscope\" itemtype=\"https:\/\/schema.org\/CreativeWork\" ><a href=\"https:\/\/www.bizas.gr\/fr\/accommodation-item\/studio-avec-terrasse\/\" title='Studio pour Deux avec Terrasse'  data-rel='grid-1' class='grid-image avia-hover-fx'> <img decoding=\"async\" loading=\"lazy\" width=\"495\" height=\"400\" src=\"https:\/\/www.bizas.gr\/wp-content\/uploads\/2025\/12\/studio-with-terrace-2-495x400.jpg\" class=\"wp-image-509 avia-img-lazy-loading-509 attachment-portfolio size-portfolio wp-post-image\" alt=\"Studio avec Terrasse\" \/><\/a><div class='grid-content'><div class='avia-arrow'><\/div><header class=\"entry-content-header\" aria-label=\"Portfolio : Studio pour Deux avec Terrasse\"><h3 class='grid-entry-title entry-title '  itemprop=\"headline\" ><a href='https:\/\/www.bizas.gr\/fr\/accommodation-item\/studio-avec-terrasse\/' title='Studio pour Deux avec Terrasse'>Studio pour Deux avec Terrasse<\/a><\/h3><\/header><div class='grid-entry-excerpt entry-content'  itemprop=\"text\" >Ce studio comprend une kitchenette pratique avec un r\u00e9frig\u00e9rateur, des ustensiles de cuisine et une bouilloire \u00e9lectrique. Il dispose de la climatisation, d'une armoire et d'une salle de bains privative avec douche. La terrasse offre une vue apaisante sur le jardin et le logement comprend un lit pour un s\u00e9jour confortable.  <\/div><\/div><footer class=\"entry-footer\"><\/footer><\/article><\/div><\/div><\/p><\/div>\n","protected":false},"excerpt":{"rendered":"","protected":false},"author":1,"featured_media":964,"parent":0,"menu_order":0,"comment_status":"closed","ping_status":"closed","template":"","meta":{"footnotes":""},"class_list":["post-422","page","type-page","status-publish","has-post-thumbnail","hentry"],"yoast_head":"<!-- This site is optimized with the Yoast SEO plugin v27.5 - https:\/\/yoast.com\/product\/yoast-seo-wordpress\/ -->\n<title>Nos Chambres - Paros H\u00e9bergement Bizas Chambres d\u2019h\u00f4te<\/title>\n<meta name=\"robots\" content=\"index, follow, max-snippet:-1, max-image-preview:large, max-video-preview:-1\" \/>\n<link rel=\"canonical\" href=\"https:\/\/www.bizas.gr\/fr\/nos-chambres\/\" \/>\n<meta property=\"og:locale\" content=\"fr_FR\" \/>\n<meta property=\"og:type\" content=\"article\" \/>\n<meta property=\"og:title\" content=\"Nos Chambres - Paros H\u00e9bergement Bizas Chambres d\u2019h\u00f4te\" \/>\n<meta property=\"og:url\" content=\"https:\/\/www.bizas.gr\/fr\/nos-chambres\/\" \/>\n<meta property=\"og:site_name\" content=\"Paros H\u00e9bergement Bizas Chambres d\u2019h\u00f4te\" \/>\n<meta property=\"article:publisher\" content=\"https:\/\/www.facebook.com\/bizas.accommodation\" \/>\n<meta property=\"article:modified_time\" content=\"2025-12-14T10:51:54+00:00\" \/>\n<meta property=\"og:image\" content=\"https:\/\/www.bizas.gr\/wp-content\/uploads\/2025\/12\/bizas-accommodation-double-room-m.jpg\" \/>\n\t<meta property=\"og:image:width\" content=\"1500\" \/>\n\t<meta property=\"og:image:height\" content=\"1500\" \/>\n\t<meta property=\"og:image:type\" content=\"image\/jpeg\" \/>\n<meta name=\"twitter:card\" content=\"summary_large_image\" \/>\n<meta name=\"twitter:label1\" content=\"Dur\u00e9e de lecture estim\u00e9e\" \/>\n\t<meta name=\"twitter:data1\" content=\"6 minutes\" \/>\n<script type=\"application\/ld+json\" class=\"yoast-schema-graph\">{\"@context\":\"https:\\\/\\\/schema.org\",\"@graph\":[{\"@type\":\"WebPage\",\"@id\":\"https:\\\/\\\/www.bizas.gr\\\/fr\\\/nos-chambres\\\/\",\"url\":\"https:\\\/\\\/www.bizas.gr\\\/fr\\\/nos-chambres\\\/\",\"name\":\"Nos Chambres - Paros H\u00e9bergement Bizas Chambres d\u2019h\u00f4te\",\"isPartOf\":{\"@id\":\"https:\\\/\\\/www.bizas.gr\\\/fr\\\/#website\"},\"primaryImageOfPage\":{\"@id\":\"https:\\\/\\\/www.bizas.gr\\\/fr\\\/nos-chambres\\\/#primaryimage\"},\"image\":{\"@id\":\"https:\\\/\\\/www.bizas.gr\\\/fr\\\/nos-chambres\\\/#primaryimage\"},\"thumbnailUrl\":\"https:\\\/\\\/www.bizas.gr\\\/wp-content\\\/uploads\\\/2025\\\/12\\\/bizas-accommodation-double-room-m.jpg\",\"datePublished\":\"2025-11-23T15:34:22+00:00\",\"dateModified\":\"2025-12-14T10:51:54+00:00\",\"breadcrumb\":{\"@id\":\"https:\\\/\\\/www.bizas.gr\\\/fr\\\/nos-chambres\\\/#breadcrumb\"},\"inLanguage\":\"fr-FR\",\"potentialAction\":[{\"@type\":\"ReadAction\",\"target\":[\"https:\\\/\\\/www.bizas.gr\\\/fr\\\/nos-chambres\\\/\"]}]},{\"@type\":\"ImageObject\",\"inLanguage\":\"fr-FR\",\"@id\":\"https:\\\/\\\/www.bizas.gr\\\/fr\\\/nos-chambres\\\/#primaryimage\",\"url\":\"https:\\\/\\\/www.bizas.gr\\\/wp-content\\\/uploads\\\/2025\\\/12\\\/bizas-accommodation-double-room-m.jpg\",\"contentUrl\":\"https:\\\/\\\/www.bizas.gr\\\/wp-content\\\/uploads\\\/2025\\\/12\\\/bizas-accommodation-double-room-m.jpg\",\"width\":1500,\"height\":1500,\"caption\":\"Bizas Accommodation Double-room\"},{\"@type\":\"BreadcrumbList\",\"@id\":\"https:\\\/\\\/www.bizas.gr\\\/fr\\\/nos-chambres\\\/#breadcrumb\",\"itemListElement\":[{\"@type\":\"ListItem\",\"position\":1,\"name\":\"Home\",\"item\":\"https:\\\/\\\/www.bizas.gr\\\/fr\\\/accueil\\\/\"},{\"@type\":\"ListItem\",\"position\":2,\"name\":\"Nos Chambres\"}]},{\"@type\":\"WebSite\",\"@id\":\"https:\\\/\\\/www.bizas.gr\\\/fr\\\/#website\",\"url\":\"https:\\\/\\\/www.bizas.gr\\\/fr\\\/\",\"name\":\"Bizas Accommodation Paros\",\"description\":\"Studios &amp; Appartements Paros Bizas \u00e0 Parikia\",\"publisher\":{\"@id\":\"https:\\\/\\\/www.bizas.gr\\\/fr\\\/#organization\"},\"potentialAction\":[{\"@type\":\"SearchAction\",\"target\":{\"@type\":\"EntryPoint\",\"urlTemplate\":\"https:\\\/\\\/www.bizas.gr\\\/fr\\\/?s={search_term_string}\"},\"query-input\":{\"@type\":\"PropertyValueSpecification\",\"valueRequired\":true,\"valueName\":\"search_term_string\"}}],\"inLanguage\":\"fr-FR\"},{\"@type\":\"Organization\",\"@id\":\"https:\\\/\\\/www.bizas.gr\\\/fr\\\/#organization\",\"name\":\"Bizas Accommodation Paros\",\"url\":\"https:\\\/\\\/www.bizas.gr\\\/fr\\\/\",\"logo\":{\"@type\":\"ImageObject\",\"inLanguage\":\"fr-FR\",\"@id\":\"https:\\\/\\\/www.bizas.gr\\\/fr\\\/#\\\/schema\\\/logo\\\/image\\\/\",\"url\":\"https:\\\/\\\/dev.bizas.gr\\\/wp-content\\\/uploads\\\/2025\\\/11\\\/bizas-apartments-paros.png\",\"contentUrl\":\"https:\\\/\\\/dev.bizas.gr\\\/wp-content\\\/uploads\\\/2025\\\/11\\\/bizas-apartments-paros.png\",\"width\":436,\"height\":115,\"caption\":\"Bizas Accommodation Paros\"},\"image\":{\"@id\":\"https:\\\/\\\/www.bizas.gr\\\/fr\\\/#\\\/schema\\\/logo\\\/image\\\/\"},\"sameAs\":[\"https:\\\/\\\/www.facebook.com\\\/bizas.accommodation\",\"https:\\\/\\\/www.instagram.com\\\/bizas.accommodation\\\/\"]}]}<\/script>\n<!-- \/ Yoast SEO plugin. -->","yoast_head_json":{"title":"Nos Chambres - Paros H\u00e9bergement Bizas Chambres d\u2019h\u00f4te","robots":{"index":"index","follow":"follow","max-snippet":"max-snippet:-1","max-image-preview":"max-image-preview:large","max-video-preview":"max-video-preview:-1"},"canonical":"https:\/\/www.bizas.gr\/fr\/nos-chambres\/","og_locale":"fr_FR","og_type":"article","og_title":"Nos Chambres - Paros H\u00e9bergement Bizas Chambres d\u2019h\u00f4te","og_url":"https:\/\/www.bizas.gr\/fr\/nos-chambres\/","og_site_name":"Paros H\u00e9bergement Bizas Chambres d\u2019h\u00f4te","article_publisher":"https:\/\/www.facebook.com\/bizas.accommodation","article_modified_time":"2025-12-14T10:51:54+00:00","og_image":[{"width":1500,"height":1500,"url":"https:\/\/www.bizas.gr\/wp-content\/uploads\/2025\/12\/bizas-accommodation-double-room-m.jpg","type":"image\/jpeg"}],"twitter_card":"summary_large_image","twitter_misc":{"Dur\u00e9e de lecture estim\u00e9e":"6 minutes"},"schema":{"@context":"https:\/\/schema.org","@graph":[{"@type":"WebPage","@id":"https:\/\/www.bizas.gr\/fr\/nos-chambres\/","url":"https:\/\/www.bizas.gr\/fr\/nos-chambres\/","name":"Nos Chambres - Paros H\u00e9bergement Bizas Chambres d\u2019h\u00f4te","isPartOf":{"@id":"https:\/\/www.bizas.gr\/fr\/#website"},"primaryImageOfPage":{"@id":"https:\/\/www.bizas.gr\/fr\/nos-chambres\/#primaryimage"},"image":{"@id":"https:\/\/www.bizas.gr\/fr\/nos-chambres\/#primaryimage"},"thumbnailUrl":"https:\/\/www.bizas.gr\/wp-content\/uploads\/2025\/12\/bizas-accommodation-double-room-m.jpg","datePublished":"2025-11-23T15:34:22+00:00","dateModified":"2025-12-14T10:51:54+00:00","breadcrumb":{"@id":"https:\/\/www.bizas.gr\/fr\/nos-chambres\/#breadcrumb"},"inLanguage":"fr-FR","potentialAction":[{"@type":"ReadAction","target":["https:\/\/www.bizas.gr\/fr\/nos-chambres\/"]}]},{"@type":"ImageObject","inLanguage":"fr-FR","@id":"https:\/\/www.bizas.gr\/fr\/nos-chambres\/#primaryimage","url":"https:\/\/www.bizas.gr\/wp-content\/uploads\/2025\/12\/bizas-accommodation-double-room-m.jpg","contentUrl":"https:\/\/www.bizas.gr\/wp-content\/uploads\/2025\/12\/bizas-accommodation-double-room-m.jpg","width":1500,"height":1500,"caption":"Bizas Accommodation Double-room"},{"@type":"BreadcrumbList","@id":"https:\/\/www.bizas.gr\/fr\/nos-chambres\/#breadcrumb","itemListElement":[{"@type":"ListItem","position":1,"name":"Home","item":"https:\/\/www.bizas.gr\/fr\/accueil\/"},{"@type":"ListItem","position":2,"name":"Nos Chambres"}]},{"@type":"WebSite","@id":"https:\/\/www.bizas.gr\/fr\/#website","url":"https:\/\/www.bizas.gr\/fr\/","name":"Bizas Accommodation Paros","description":"Studios &amp; Appartements Paros Bizas \u00e0 Parikia","publisher":{"@id":"https:\/\/www.bizas.gr\/fr\/#organization"},"potentialAction":[{"@type":"SearchAction","target":{"@type":"EntryPoint","urlTemplate":"https:\/\/www.bizas.gr\/fr\/?s={search_term_string}"},"query-input":{"@type":"PropertyValueSpecification","valueRequired":true,"valueName":"search_term_string"}}],"inLanguage":"fr-FR"},{"@type":"Organization","@id":"https:\/\/www.bizas.gr\/fr\/#organization","name":"Bizas Accommodation Paros","url":"https:\/\/www.bizas.gr\/fr\/","logo":{"@type":"ImageObject","inLanguage":"fr-FR","@id":"https:\/\/www.bizas.gr\/fr\/#\/schema\/logo\/image\/","url":"https:\/\/dev.bizas.gr\/wp-content\/uploads\/2025\/11\/bizas-apartments-paros.png","contentUrl":"https:\/\/dev.bizas.gr\/wp-content\/uploads\/2025\/11\/bizas-apartments-paros.png","width":436,"height":115,"caption":"Bizas Accommodation Paros"},"image":{"@id":"https:\/\/www.bizas.gr\/fr\/#\/schema\/logo\/image\/"},"sameAs":["https:\/\/www.facebook.com\/bizas.accommodation","https:\/\/www.instagram.com\/bizas.accommodation\/"]}]}},"_links":{"self":[{"href":"https:\/\/www.bizas.gr\/fr\/wp-json\/wp\/v2\/pages\/422","targetHints":{"allow":["GET"]}}],"collection":[{"href":"https:\/\/www.bizas.gr\/fr\/wp-json\/wp\/v2\/pages"}],"about":[{"href":"https:\/\/www.bizas.gr\/fr\/wp-json\/wp\/v2\/types\/page"}],"author":[{"embeddable":true,"href":"https:\/\/www.bizas.gr\/fr\/wp-json\/wp\/v2\/users\/1"}],"replies":[{"embeddable":true,"href":"https:\/\/www.bizas.gr\/fr\/wp-json\/wp\/v2\/comments?post=422"}],"version-history":[{"count":10,"href":"https:\/\/www.bizas.gr\/fr\/wp-json\/wp\/v2\/pages\/422\/revisions"}],"predecessor-version":[{"id":969,"href":"https:\/\/www.bizas.gr\/fr\/wp-json\/wp\/v2\/pages\/422\/revisions\/969"}],"wp:featuredmedia":[{"embeddable":true,"href":"https:\/\/www.bizas.gr\/fr\/wp-json\/wp\/v2\/media\/964"}],"wp:attachment":[{"href":"https:\/\/www.bizas.gr\/fr\/wp-json\/wp\/v2\/media?parent=422"}],"curies":[{"name":"wp","href":"https:\/\/api.w.org\/{rel}","templated":true}]}}